{"id":34850,"date":"2021-12-02T17:53:32","date_gmt":"2021-12-02T15:53:32","guid":{"rendered":"https:\/\/www.libri.de\/?page_id=34850"},"modified":"2026-04-30T10:40:24","modified_gmt":"2026-04-30T08:40:24","slug":"instagram-links","status":"publish","type":"page","link":"https:\/\/www.libri.de\/de\/instagram-links\/","title":{"rendered":"Instagram-Links"},"content":{"rendered":"\r\n<div id=\"header-block_e75c0fe8f13180153369c665f69013fc\" class=\"block-header module type-small bc-libri-blue c-white-imp\">\r\n  <div class=\"container\">\r\n\r\n    <p id=\"breadcrumbs\"><span><span><a href=\"https:\/\/www.libri.de\/de\/\">Start<\/a><\/span><\/span><\/p>    \r\n    \r\n      \r\n      <div class=\"row\">\r\n        <div class=\"col-12 col-md-10 title\">\r\n          <h1 class=\"\">Link-Liste<\/h1>\r\n        <\/div>\r\n\r\n        <div class=\"col-12 col-md-10 text\">\r\n          <p>Hier findet ihr alle Links, auf die wir in unseren Instagram-Posts verweisen.<\/p>\r\n        <\/div>\r\n      <\/div>\r\n\r\n      \r\n  <\/div>\r\n<\/div>\r\n\r\n\n\n\r\n<div id=\"text-block_a49429dab45f5d54c0bdfa27e1cd140c\" class=\"block-text module type-text bc-trans\">\r\n  <div class=\"container\">\r\n\r\n    \r\n      <div class=\"row \">\r\n\r\n        \r\n        <div class=\"col-12 col-md-10\">\r\n\r\n          \r\n          <div class=\"text for-box-js\">\r\n            <p><a href=\"https:\/\/www.libri.de\/de\/magazin\/bookstore-crawl\/\">Libri.Magazin: Auf Schnitzeljagd im Buchrevier<\/a><\/p>\n<p><a href=\"https:\/\/www.libri.de\/de\/magazin\/eisbrecher-titel\/\">Libri.Magazin: Mit Eisbrecher-Titeln Leselust entfachen<\/a><\/p>\n<p><a href=\"https:\/\/www.libri.de\/de\/magazin\/inspired-by-newcomer-das-literatourcafe\/\">Libri.Magazin: &#8222;Inspired by Newcomer: Das Literatourcaf\u00e9&#8220;<\/a><\/p>\n<p><a href=\"https:\/\/www.libri.de\/de\/magazin\/dem-buchhandels-traum-auf-die-spruenge-helfen\/\">Libri.Magazin: Dem Buchhandels-Traum auf die Spr\u00fcnge helfen<\/a><\/p>\n<p><a href=\"https:\/\/www.libri.de\/de\/veranstaltungen\/bookstore-crawl\/\">Campus.Dialog &#8222;Bookstore Crawl&#8220; am 14. April 2026<\/a><\/p>\n<p><a href=\"https:\/\/www.libri.de\/de\/magazin\/shopline-endkundenumfrage\/\">Libri.Shopline punktet bei Endkund*innen \u00bb Ergebnisse der Umfrage<\/a><\/p>\n<p><a href=\"https:\/\/www.libri.de\/de\/veranstaltungen\/libri-campus-live-2026\/#campus-projektgruppe\">Libri.Campus Projektgruppe 2026\/27 &#8222;Buchhandels-Tetris&#8220; \u00bb Zur Bewerbung<\/a><\/p>\n<p><a href=\"https:\/\/www.libri.de\/de\/magazin\/neugierige-vor-libri-campus-live-2026\/\">Libri.Campus Konzeptionsteam im Interview<\/a><\/p>\n<p><a href=\"https:\/\/www.libri.de\/de\/veranstaltungen\/preisverdachtig-2026\/\">\u201ePreisverd\u00e4chtig!\u201c-Praxisseminare vom AKJ \u00bb Programm &amp; Formular<\/a><\/p>\n<p><a href=\"https:\/\/www.libri.de\/de\/veranstaltungen\/libri-campus-live-2026\/\">Libri.Campus live 2026 \u00bb Anmeldung &amp; Programm<\/a><\/p>\n<p><a href=\"https:\/\/www.boersenverein.de\/interessengruppen\/ig-lesefoerderung\/buchfreunde\/\" target=\"_blank\" rel=\"noopener\">BUCHFREUNDE geht in die zweite Runde: Lesestart und -spa\u00df mit Comics<\/a><\/p>\n<p><a href=\"https:\/\/www.libri.de\/de\/fuer-den-handel\/gruendung-und-nachfolge\/\">Gr\u00fcndung &amp; Nachfolge<\/a><\/p>\n<p><a href=\"https:\/\/www.libri.de\/de\/veranstaltungen\/just-the-best-insights-4\/\">Just the Best Insights<\/a><\/p>\n<p><a href=\"https:\/\/www.libri.de\/de\/veranstaltungen\/inspired-by-newcomer-jan-26\/\">Campus.Dialog &#8222;Inspired by Newcomer&#8220; am 15. Januar 2026<\/a><\/p>\n<p><a href=\"https:\/\/www.libri.de\/de\/magazin\/lesetueten-uebergabe-mit-vorleseprogramm\/\">Libri.Magazin: Die gro\u00dfe Leset\u00fcten-\u00dcbergabe! <\/a><\/p>\n<p><a href=\"https:\/\/www.libri.de\/de\/magazin\/weihnachtsgeschaeft-im-buchhandel\/\">Sieben Tipps f\u00fcr ein erfolgreiches Weihnachtsgesch\u00e4ft<\/a><\/p>\n<p><a href=\"https:\/\/support.libri.de\/de\/support\/solutions\/articles\/101000493765-tolino-werbemittel#Weihnachten-mit-tolino\">Weihnachten mit tolino: Stimmungsvolle Social Media-Grafiken<\/a><\/p>\n<p><a href=\"https:\/\/service.kulturpass.de\/help\/de-de\/92-informationen-zum-projektende\">kulturpass.de: Informationen Projektende KulturPass\u00a0<\/a><\/p>\n<p><a href=\"https:\/\/www.libri.de\/de\/magazin\/libri-campus-preis-2025-fuer-proust-woerter-schoenes\/\">Libri.Magazin: Der Libri.Campus-Preis 2025 geht an proust w\u00f6rter &amp; sch\u00f6nes<\/a><\/p>\n<p><a href=\"https:\/\/www.libri.de\/de\/magazin\/gegruendet-buchcafe-sisu-lou\/\">Libri.Magazin: Gegr\u00fcndet Buchcaf\u00e9 SISU LOU<\/a><\/p>\n<p><a href=\"https:\/\/www.libri.de\/de\/magazin\/lesetueten-sommer-so-sieht-er-aus\/\">Libri.Magazin: Mit dem Buchladen Ruthmann durch das Leset\u00fcten-Jahr (Teil II)<\/a><\/p>\n<p><a href=\"https:\/\/www.libri.de\/de\/magazin\/nachfolge-interessierte\/\">Libri.Magazin: Nachfolge-Interessierte finden<\/a><\/p>\n<p><a href=\"https:\/\/www.libri.de\/de\/magazin\/575-lesetueten-bestellt\/\">Libri.Magazin: Julia Freund nimmt uns mit durch ihr Leset\u00fcten-Jahr<\/a><\/p>\n<p><a href=\"https:\/\/www.libri.de\/de\/veranstaltungen\/libri-campus-live-2025\/#libri-campus-preis\">Libri.Campus-Preis<\/a><\/p>\n<p><a href=\"https:\/\/www.libri.de\/de\/fuer-den-handel\/libri-campus\/#campus-fundus\">Campus.Fundus<\/a><\/p>\n<p><a href=\"https:\/\/www.libri.de\/de\/veranstaltungen\/libri-campus-live-2025\/\">Veranstaltungsseite Libri.Campus live<\/a><\/p>\n<p><a href=\"https:\/\/www.libri.de\/de\/veranstaltungen\/libri-campus-live-2025\/\">Der Libri.Campus live 2025<\/a><\/p>\n<p><a href=\"https:\/\/support.libri.de\/de\/support\/solutions\/articles\/101000548316-ostern-2025\">Belieferung rund um Ostern<\/a><\/p>\n<p><a href=\"https:\/\/www.libri.de\/de\/veranstaltungen\/buchhandlung-grunden-oder-ubernehmen-apr-25\/\">Seminar: Buchhandlung gr\u00fcnden oder \u00fcbernehmen<\/a><\/p>\n<p><a href=\"https:\/\/www.libri.de\/de\/veranstaltungen\/libri-campus-live-2025\/\">Jetzt anmelden zum Libri.Campus live 2025!<\/a><\/p>\n<p><a href=\"https:\/\/www.libri.de\/de\/magazin\/gegruendet-buechercafe-kapitel-drei\/\">Libri.Magazin: Gegr\u00fcndet &#8211; das B\u00fcchercaf\u00e9 Kapitel Drei<\/a><\/p>\n<p><a href=\"https:\/\/www.libri.de\/de\/magazin\/praxistaugliche-lesefoerderungskonzepte\/\">L<\/a><a href=\"https:\/\/www.libri.de\/de\/magazin\/praxistaugliche-lesefoerderungskonzepte\/\">ibri.Magazin: Wie macht praxistaugliche Lesef\u00f6rderungskonzepte aus?<\/a><\/p>\n<p><a href=\"https:\/\/www.libri.de\/de\/veranstaltungen\/preisverdaechtig\/\">Registrieren f\u00fcr AKJ-Seminar Preisverd\u00e4chtig!<\/a><\/p>\n<p><a href=\"https:\/\/www.libri.de\/de\/veranstaltungen\/just-the-best-insights-2\/\">Just the Best Insights: Jetzt anmelden!<\/a><\/p>\n<p><a href=\"https:\/\/www.libri.de\/de\/veranstaltungen\/inspired-by-newcomer\/\">Campus.Dialog: Inspired by Newcomer<\/a><\/p>\n<p><a href=\"https:\/\/www.libri.de\/de\/magazin\/aus-eins-mach-zwei-erfolgreich-eine-buchhandlung-uebernehmen\/\">Libri.Magazin: Interview mit Gudula Buzmann<\/a><\/p>\n<p><a href=\"https:\/\/ausbildung-hh-libri.career.softgarden.de\/\">Libri bildet aus<\/a><\/p>\n<p><a href=\"https:\/\/www.libri.de\/de\/magazin\/das-veranstaltungsprogramm-zeichnet-den-drachenwinkel-aus\/\">Libri.Magazin: Die Buchhandlung &#8222;Drachenwinkel&#8220; im Interview<\/a><\/p>\n<p><a href=\"https:\/\/www.libri.de\/de\/veranstaltungen\/\">Seminare &#8222;Buchhandlung gr\u00fcnden oder \u00fcbernehmen&#8220;<\/a><\/p>\n<p><a href=\"https:\/\/support.libri.de\/de\/support\/solutions\/articles\/101000493765-tolino-werbemittel\">Libri.Support:\u00a0tolino-Werbemittel<\/a><\/p>\n<p><a href=\"https:\/\/www.libri.de\/de\/magazin\/153-000-lesetueten-wurden-2024-vergeben\/\">Libri.Magazin: 153.000 Leset\u00fcten vergeben<\/a><\/p>\n<p><a href=\"https:\/\/www.libri.de\/de\/veranstaltungen\/alle-jahre-wieder-onlineshop\/\">Campus.Dialog: Alle Jahre wieder<\/a><\/p>\n<p><a href=\"https:\/\/www.libri.de\/de\/veranstaltungen\/fbm-2024\/\">Libri auf der Frankfurter Buchmesse\u00a0<\/a><\/p>\n<p><a href=\"https:\/\/support.libri.de\/de\/support\/solutions\/articles\/101000531896-f%C3%BCr-weltbild-kund-innen-sicherung-von-weltbild-k%C3%A4ufen\">Libri.Support : F\u00fcr Weltbild Kund*innen: Sicherung von Weltbild K\u00e4ufen<\/a><\/p>\n<p><a href=\"https:\/\/www.libri.de\/de\/veranstaltungen\/young-new-adult\/\">Campus.Dialog: Young oder New Adult? Wie lassen sich Titel zuordnen? <\/a><\/p>\n<p><a href=\"https:\/\/www.libri.de\/de\/veranstaltungen\/buchhandlung-grunden-oder-ubernehmen-sep24\/#anmeldung\">Online-Seminar: Buchhandlung gr\u00fcnden oder \u00fcbernehmen<\/a><\/p>\n<p><a href=\"https:\/\/support.libri.de\/de\/support\/solutions\/articles\/101000493765-tolino-werbemittel\">Libri.Support: tolino-Werbemittel<\/a><\/p>\n<p><a href=\"https:\/\/www.libri.de\/de\/magazin\/erfahrungen-auswerten-und-das-gute-als-struktur-etablieren\/\">Libri.Magazin: Wie gelingt die stimmige Marketingplanung einer Buchhandlung?<\/a><\/p>\n<p><a href=\"https:\/\/www.libri.de\/de\/magazin\/das-sind-die-gewinner-des-libri-campus-preises-2024\/\">Libri.Magazin: Das sind unsere Gewinnerinnen des Libri.Campus-Preises<\/a><\/p>\n<p><a href=\"https:\/\/www.libri.de\/de\/magazin\/campus-dialog-kundenumfragen\/\">Libri.Magazin: Kundenumfragen im Buchhandel? So einfach geht es!<\/a><\/p>\n<p><a href=\"https:\/\/www.libri.de\/de\/veranstaltungen\/kundenumfrage\/\">Campus.Dialog: Einfach mal die Kund*innen fragen<\/a><\/p>\n<p><a href=\"https:\/\/www.libri.de\/de\/magazin\/buchhandelsperspektiven-international-und-europaeisch\/\">Libri.Magazin: Buchhandelsperspektiven &#8211; international und europ\u00e4isch<\/a><\/p>\n<p><a href=\"https:\/\/www.libri.de\/de\/magazin\/die-neuen-tolino-ereader-jetzt-mit-farbdisplay-und-neuer-software\/\">Libri.Magazin: Die neuen tolino-eReader jetzt mit Farbdisplay und neuer Software<\/a><\/p>\n<p><a href=\"https:\/\/www.libri.de\/de\/veranstaltungen\/just-the-best-insights\/\">Jetzt anmelden zu Just the Best Insights &#8211; Buchtrends aus US und UK live pr\u00e4sentiert!<\/a><\/p>\n<p><a href=\"https:\/\/www.libri.de\/de\/magazin\/umgestaltung-buchhandlung\/\">Libri.Magazin: Interview mit den Innenarchitekten Per und Calina Hohberg\u00a0<\/a><\/p>\n<p><a href=\"https:\/\/www.libri.de\/de\/veranstaltungen\/libri-campus-live-2024\/#libri-campus-preis\">Mitmachen beim Libri.Campus-Preis!<\/a><\/p>\n<p><a href=\"https:\/\/www.libri.de\/de\/magazin\/das-war-der-libri-campus-live-2024\/\">Libri.Magazin: Das war der Libri.Campus live 2024!<\/a><\/p>\n<p><a href=\"https:\/\/www.libri.de\/de\/veranstaltungen\/libri-campus-live-2024\/\">Libri.Campus live 2024 <\/a><\/p>\n<p><a href=\"https:\/\/www.libri.de\/de\/magazin\/was-macht-ein-gutes-foto-aus\/\">Libri.Magazin: Was macht ein gutes Foto aus?<\/a><\/p>\n<p><a href=\"https:\/\/www.libri.de\/de\/magazin\/der-libri-campus-2024-und-die-lust-auf-zukunft\/\">Wie ist das Motto des Libri.Campus live 2024 entstanden?<\/a><\/p>\n<p><a href=\"https:\/\/www.libri.de\/de\/magazin\/wie-gelingt-die-perfekte-uebernahme-einer-buchhandlung-frau-hemme\/\">Wie gelingt die perfekte \u00dcbernahme einer Buchhandlung, Frau Hemme? <\/a><\/p>\n<p><a href=\"https:\/\/www.libri.de\/de\/magazin\/im-italienischen-gibt-es-zwei-woerter-fuer-reue\/\">Interview Buchhandlung Langenkamp: Im Italienischen gibt es zwei W\u00f6rter f\u00fcr Reue<\/a><\/p>\n<p><a href=\"https:\/\/www.libri.de\/de\/veranstaltungen\/libri-campus-live-2024\/\">Libri.Campus live 2024<\/a><\/p>\n<p><a href=\"https:\/\/www.libri.de\/de\/veranstaltungen\/leipziger-buchmesse-2024\/\">Libri auf der Buchmesse in Leipzig<\/a><\/p>\n<p><a href=\"https:\/\/www.libri.de\/de\/magazin\/der-einzelhandel-sollte-die-kundinnen-noch-mehr-im-blick-haben\/\">Libri.Magazin: Interview mit Malika Wolf<\/a><\/p>\n<p><a href=\"https:\/\/www.libri.de\/de\/veranstaltungen\/jahresplanung-balance-zwischen-struktur-und-flexibilitaet\/\">Campus.Dialog: Jahresplanung \u2013 Balance zwischen Struktur und Flexibilit\u00e4t<\/a><\/p>\n<p><a href=\"https:\/\/www.libri.de\/de\/veranstaltungen\/buchhandlung-gruenden-uebernehmen-feb24\/\">Buchhandlung gr\u00fcnden oder \u00fcbernehmen<\/a><\/p>\n<p><a href=\"https:\/\/www.libri.de\/de\/veranstaltungen\/social-media-anzeigen\/\">Mit Anzeigen gezielt Reichweite generieren | Libri GmbH<\/a><\/p>\n<p><a href=\"https:\/\/www.libri.de\/de\/veranstaltungen\/frankfurter-buchmesse\/\">Libri auf der Frankfurter Buchmesse<\/a><\/p>\n<p><a href=\"https:\/\/www.libri.de\/de\/magazin\/erfolgreich-buecher-verkaufen-ueber-den-kulturpass\/\">Erfolgreich B\u00fccher verkaufen \u00fcber den KulturPass | Libri GmbH<\/a><\/p>\n<p><a href=\"https:\/\/www.libri.de\/de\/veranstaltungen\/online-seminar-grunden-oder-ubernehmen-okt-23\/\">Online-Seminar &#8222;Gr\u00fcnden oder \u00fcbernehmen&#8220; | Libri GmbH<\/a><\/p>\n<p><a href=\"https:\/\/www.libri.de\/de\/veranstaltungen\/campus-dialog-kulturpass\/\">Campus.Dialog: KulturPass &#8211; Best Practice und Perspektiven<\/a><\/p>\n<p><a href=\"https:\/\/www.libri.de\/de\/magazin\/booktok-interview-sophie-munzberg\/\">Sophie M\u00fcnzberg (TikTok) im Interview<\/a><\/p>\n<p><a href=\"https:\/\/libri-support.de\/englische-buecher-ihr-angebot\/\">KulturPass: Binden Sie englischsprachige B\u00fccher in Ihr Angebot ein!<\/a><\/p>\n<p><a href=\"https:\/\/www.libri.de\/de\/veranstaltungen\/tiktok-zahlen-fuer-den-buchhandel\/\">Campus.Dialog: Zahlen f\u00fcr den Buchhandel<\/a><\/p>\n<p><a href=\"https:\/\/www.libri.de\/de\/magazin\/kulturpass-wissen\/\">Libri.Magazin: KulturPass-Wissen<\/a><\/p>\n<p><a href=\"https:\/\/www.libri.de\/de\/veranstaltungen\/online-seminar-grunden-oder-ubernehmen-juni-23\/\">Online-Seminar: Gr\u00fcnden oder \u00fcbernehmen\u00a0<\/a><\/p>\n<p><a href=\"https:\/\/www.libri.de\/de\/magazin\/schon-als-kind-war-ich-vom-erzaehlen-in-bildern-fasziniert\/\">Joachim Kaps im Interview<\/a><\/p>\n<p><a href=\"https:\/\/www.libri.de\/de\/fuer-den-handel\/libri-campus\/libri-campus-live-2023\/\">Libri.Campus live 2023<\/a><\/p>\n<p><a href=\"https:\/\/www.libri.de\/de\/pressemitteilungen\/\">Pressebereich Libri<\/a><\/p>\n<p><a href=\"https:\/\/www.libri.de\/de\/veranstaltungen\/messe-dialog-lbm23-buchhandlung-grunden\/\">Messe.Dialog: Buchhandlung gr\u00fcnden<\/a><\/p>\n<p><a href=\"https:\/\/www.libri.de\/de\/veranstaltungen\/leipziger-buchmesse\/\">Libri auf der Leipziger Buchmesse<\/a><\/p>\n<p><a href=\"https:\/\/www.libri.de\/de\/magazin\/so-beliefern-wir-sie-rund-um-ostern\/\">So beliefern wir Sie rund um Ostern | Libri GmbH<\/a><\/p>\n<p><a href=\"https:\/\/www.libri.de\/de\/veranstaltungen\/verkaufstraining-april-2023\/\">Verkaufstraining: Begeisterung verspr\u00fchen | Libri GmbH<\/a><\/p>\n<p><a href=\"https:\/\/www.libri.de\/de\/veranstaltungen\/faszination-manga-oder-auch-was-kann-dragon-ball-was-donald-duck-nicht-kann\/\">Campus.Dialog: Faszination Manga<\/a><\/p>\n<p><a href=\"https:\/\/www.libri.de\/de\/veranstaltungen\/online-seminar-gruenden-oder-uebernehmen-mrz-2023\/\">Online-Seminar &#8222;Gr\u00fcnden oder \u00fcbernehmen&#8220; | Libri GmbH<\/a><\/p>\n<p><a href=\"https:\/\/www.libri.de\/de\/veranstaltungen\/libri-campus-live-2023\/\">Libri.Campus live 2023 | Libri GmbH<\/a><\/p>\n<p><a href=\"https:\/\/www.libri.de\/de\/magazin\/den-buchhandel-nahbarer-und-vielfaeltiger-machen\/\">Libri.Magazin: Den Buchhandel nahbarer und vielf\u00e4ltiger machen\u00a0<\/a><\/p>\n<p><a href=\"https:\/\/www.libri.de\/de\/veranstaltungen\/\">Veranstaltungen f\u00fcr Gr\u00fcnder*innen 2023<\/a><\/p>\n<p><a href=\"https:\/\/www.libri.de\/de\/veranstaltungen\/libri-campus-live-2023\/\">Save the date: Libri.Campus live 2023<\/a><\/p>\n<p><a href=\"https:\/\/www.libri.de\/de\/fuer-den-handel\/services\/best-of-manga-die-systemloesung\/\">F\u00fcr den Handel: Best of Manga\u00a0<\/a><\/p>\n<p><a href=\"https:\/\/www.libri.de\/de\/veranstaltungen\/was-macht-ein-gutes-foto-aus\/\">Campus.Dialog: Was macht ein gutes Foto aus?<\/a><\/p>\n<p class=\"order-3\"><a href=\"https:\/\/www.libri.de\/de\/magazin\/schnell-und-intuitiv-kreativ-werden\/\">Schnell und intuitiv kreativ werden<\/a><\/p>\n<p><a href=\"https:\/\/www.libri.de\/de\/magazin\/hinweise-zur-belieferung-rund-um-weihnachten-2\/\" target=\"_blank\" rel=\"noopener\">Hinweise zur Belieferung rund um Weihnachten 2022<\/a><\/p>\n<p class=\"order-3\"><a href=\"https:\/\/www.libri.de\/de\/magazin\/wir-sind-libri-alle-hier-brennen-fuer-ihren-job\/\">Wir sind Libri: \u201eAlle hier brennen f\u00fcr ihren Job!\u201c<\/a><\/p>\n<p><a href=\"https:\/\/www.libri.de\/de\/magazin\/bundesweiter-vorlesetag-am-18-november-2022\/\">790.000 Vorlesende und Zuh\u00f6rende beim bundesweiten Vorlesetag<\/a><\/p>\n<p><a href=\"https:\/\/www.libri.de\/de\/magazin\/booktok-wie-sie-das-phaenomen-fuer-ihre-buchhandlung-nutzen\/\">BookTok f\u00fcr die Buchhandlung<\/a><\/p>\n<p><a href=\"https:\/\/www.libri.de\/de\/veranstaltungen\/booktok\/\">Campus.Dialog: BookTok &#8211; Wo und wie sich junge Menschen f\u00fcr B\u00fccher begeistern!<\/a><\/p>\n<p><a href=\"https:\/\/www.libri.de\/de\/veranstaltungen\/messe-dialog-buchhandlung-gruenden\/\">Messe.Dialog: Buchhandlung gr\u00fcnden<\/a><\/p>\n<p><a href=\"https:\/\/www.libri.de\/de\/veranstaltungen\/frankfurter-buchmesse\/\">Libri auf der Frankfurter Buchmesse<\/a><\/p>\n<p><a href=\"https:\/\/www.libri.de\/de\/veranstaltungen\/lesen-als-lebenskompetenz\/#anmeldung\" target=\"_blank\" rel=\"noopener\">Campus.Dialog: Lesen als Lebenskompetenz\u00a0<\/a><\/p>\n<p class=\"order-3\"><a href=\"https:\/\/www.libri.de\/de\/magazin\/nachhaltiger-bestellen-libri\/\">Mit kleinen Schritten zu einer nachhaltigeren Bestellung bei Libri<\/a><\/p>\n<p><a href=\"https:\/\/www.libri.de\/de\/magazin\/werden-sie-zum-google-unternehmensprofil-profi\/\">Werden Sie zum Google Unternehmensprofil-Profi!<\/a><\/p>\n<p class=\"order-3\"><a href=\"https:\/\/www.libri.de\/de\/magazin\/verpackungsg-info-verlage-buchhandel\/\">Das neue Verpackungsgesetz: Was f\u00fcr Sie als Verlag und Buchhandlung wichtig ist<\/a><\/p>\n<p><a href=\"https:\/\/www.boersenverein.de\/verpackg\/\">B\u00f6rsenblatt-Formular zur \u00dcbermittlung der Registrierung (Verpackg)<\/a><\/p>\n<p><a href=\"https:\/\/www.libri.de\/de\/magazin\/so-beliefern-wir-sie-an-pfingsten\/\">Belieferung \u00fcber Pfingsten<\/a><\/p>\n<p><a href=\"https:\/\/www.libri.de\/de\/fuer-den-handel\/libri-campus\/libri-campus-live-2022\/\">Libri.Campus live 2022 &#8211; Bilder, Videos und Downloads<\/a><\/p>\n<p><a href=\"https:\/\/www.libri.de\/de\/fuer-den-handel\/libri-campus\/libri-campus-live-2022\/\">\u00dcber Wiedersehen, Werte und strahlende Gesichter<\/a><\/p>\n<p class=\"order-3\"><a href=\"https:\/\/www.libri.de\/de\/magazin\/wiedersehen-an-der-hammersmith-road\/\">London Book Fair 2022 &#8211; Wiedersehen an der Hammersmith Road<\/a><\/p>\n<p><a href=\"https:\/\/www.libri.de\/de\/magazin\/libri-campus-live-2022-was-steckt-hinter-dem-motto\/\">Unser Motto zum Libri.Campus live<\/a><\/p>\n<p><a href=\"https:\/\/www.libri.de\/de\/veranstaltungen\/libri-campus-live-2022\/\">Anmeldung &#8211; Libri.Campus live 2022<\/a><\/p>\n<p><a href=\"https:\/\/www.libri.de\/de\/veranstaltungen\/campus-dialog-canva\/\">Campus.Dialog: Kreativ mit Canva<\/a><\/p>\n<p class=\"order-3\"><a href=\"https:\/\/www.libri.de\/de\/magazin\/fuer-ueberraschungen-sorgen-mit-abos-und-postkarten\/\">F\u00fcr \u00dcberraschungen sorgen mit Abos und Postkarten<\/a><\/p>\n<p><a href=\"https:\/\/www.libri.de\/de\/magazin\/im-schlafanzug-durch-die-buchhandlung\/\">Im Schlafanzug durch die Buchhandlung<\/a><\/p>\n<p><a href=\"https:\/\/www.libri.de\/de\/magazin\/wir-sind-libri-die-entwicklung-von-tolino-zu-begleiten-ist-total-interessant\/\">Wir sind Libri: &#8222;Die Entwicklung von tolino zu begleiten, ist total interessant!&#8220;<\/a><\/p>\n<p><a href=\"https:\/\/libri-support.de\/auf-digitale-nachbarschaft\/\">Kampagne &#8211; Auf digitale Nachbarschaft, Videotutorial<\/a><\/p>\n<p><a href=\"https:\/\/www.buchmarktforum.de\/single-post\/sales-award-2021-nominierungen-ab-jetzt\">Sales Award 2021: Jetzt bewerben<\/a><\/p>\n<p class=\"order-3\"><a href=\"https:\/\/www.libri.de\/de\/magazin\/wie-und-wo-sie-erfolgreich-verstaerkung-fuer-ihr-team-finden\/\">Wie und wo Sie erfolgreich Verst\u00e4rkung f\u00fcr Ihr Team finden<\/a><\/p>\n<p><a href=\"https:\/\/www.libri.de\/de\/magazin\/hinweise-zur-belieferung-rund-um-weihnachten\/\" target=\"_blank\" rel=\"noopener\">Hinweise zur Belieferung rund um Weihnachten<\/a><\/p>\n<p><a href=\"https:\/\/libri-support.de\/auf-digitale-nachbarschaft\/\">Kampagne &#8211; Auf digitale Nachbarschaft<\/a><\/p>\n<p class=\"order-3\"><a href=\"https:\/\/www.libri.de\/de\/maurice-friedrichs-und-philipp-dudda-was-ist-die-vision-von-quimus\/\">Maurice Friedrichs und Philipp Dudda: Was ist die Vision von Quimus?<\/a><\/p>\n<p class=\"order-3\"><a href=\"https:\/\/www.libri.de\/de\/schulbuchauftraege-leicht-gemacht-wie-libri-den-buchhandel-im-schulbuchgeschaeft-unterstuetzt\/\">Schulbuchauftr\u00e4ge leicht gemacht \u2013 wie Libri den Buchhandel im Schulbuchgesch\u00e4ft unterst\u00fctzt<\/a><\/p>\n<p class=\"order-3\"><a href=\"https:\/\/www.libri.de\/de\/die-online-reservierung-so-funktioniert-das-neue-libri-shopline-feature\/\">Die Online-Reservierung \u2013 so funktioniert das neue Libri.Shopline-Feature<\/a><\/p>\n<p class=\"order-3\"><a href=\"https:\/\/www.libri.de\/de\/es-geht-weiter-wie-die-buchhandlung-am-ahrtor-dem-hochwasser-trotzt\/\">\u201eEs geht weiter\u201c \u2013 Wie die Buchhandlung am Ahrtor dem Hochwasser trotzt<\/a><\/p>\n<p><a href=\"https:\/\/www.libri.de\/de\/quimus-einfach-handeln\/\">Quimus. Einfach handeln.<\/a><\/p>\n<p class=\"order-3\"><a href=\"https:\/\/www.libri.de\/de\/wir-sind-libri-wirtschaftsinformatik-dual\/\">Wir sind Libri: \u201eDie IT bei Libri ist (fast) \u00fcberall beteiligt\u201c<\/a><\/p>\n<p class=\"order-3\"><a href=\"https:\/\/www.libri.de\/de\/neuerung-des-verpackungsgesetzes\/\">Neuerung des Verpackungsgesetzes \u2013 das m\u00fcssen Sie wissen<\/a><\/p>\n<p class=\"order-3\"><a href=\"https:\/\/www.libri.de\/de\/hinter-den-kulissen-vom-libri-campus-live-2021\/\">Hinter den Kulissen vom Libri.Campus live 2021<\/a><\/p>\n<p><a href=\"https:\/\/www.libri.de\/de\/fuer-den-handel\/libri-campus\/libri-campus-live-2021\/\">Libri.Campus live 2021<\/a><\/p>\n          <\/div>\r\n\r\n          \r\n          \r\n        <\/div>\r\n        \r\n      <\/div>\r\n\r\n    \r\n  <\/div>\r\n<\/div>\r\n\r\n\n\n\r\n<div id=\"box-block_e0539ff785b6e68227030c70e301fe81\" class=\"block-box type-info\">\r\n\r\n  <div class=\"container\">\r\n    <div class=\"box-teaser\">\r\n      <div class=\"icon icon-info\"><\/div>\r\n      <div class=\"text\">\r\n        <p>Mehr \u00fcber uns erfahren!<\/p>\n      <\/div>\r\n              <div>\r\n          <a href=\"https:\/\/www.libri.de\/de\/unternehmen\/\" class=\"link\" target=\"\" >\r\n            <span class=\"title\">Zum Unternehmen<\/span><span class=\"after\"> ><\/span>\r\n          <\/a>\r\n        <\/div>\r\n          <\/div>\r\n  <\/div>\r\n<\/div>\r\n\r\n\n\n\r\n<div id=\"teaser-small-block_a7765ec8fb6643a8464879f5f21eaaef\" class=\"block-teaser-small bc-green-2\">\r\n\r\n  <div class=\"container\">\r\n\r\n    <a href=\"https:\/\/www.libri.de\/de\/kontakt\/\" target=\"\" class=\"d-flex align-items-center justify-content-center flex-column flex-md-row\">\r\n\r\n              <div class=\"icon\">\r\n          <img decoding=\"async\" width=\"24\" height=\"24\" src=\"https:\/\/www.libri.de\/wp-content\/uploads\/2021\/11\/groups_white_24dp.svg\" class=\"attachment-thumbnail size-thumbnail\" alt=\"\" \/>        <\/div>\r\n      \r\n      <div class=\"text\">\r\n        <h3 class=\"title\">Kontakt<\/h3>\r\n              <\/div>\r\n\r\n      <div class=\"teaser-arrow\"><\/div>\r\n\r\n    <\/a>\r\n\r\n  <\/div>\r\n<\/div>\r\n\r\n","protected":false},"excerpt":{"rendered":"","protected":false},"author":10,"featured_media":34901,"parent":0,"menu_order":0,"comment_status":"closed","ping_status":"closed","template":"","meta":{"_acf_changed":false,"footnotes":""},"class_list":["post-34850","page","type-page","status-publish","has-post-thumbnail","hentry"],"acf":[],"yoast_head":"<!-- This site is optimized with the Yoast SEO plugin v27.0 - https:\/\/yoast.com\/product\/yoast-seo-wordpress\/ -->\n<title>Instagram-Links | Libri GmbH<\/title>\n<meta name=\"robots\" content=\"index, follow, max-snippet:-1, max-image-preview:large, max-video-preview:-1\" \/>\n<link rel=\"canonical\" href=\"https:\/\/www.libri.de\/de\/instagram-links\/\" \/>\n<meta property=\"og:locale\" content=\"de_DE\" \/>\n<meta property=\"og:type\" content=\"article\" \/>\n<meta property=\"og:title\" content=\"Instagram-Links | Libri GmbH\" \/>\n<meta property=\"og:url\" content=\"https:\/\/www.libri.de\/de\/instagram-links\/\" \/>\n<meta property=\"og:site_name\" content=\"Libri GmbH\" \/>\n<meta property=\"article:publisher\" content=\"https:\/\/www.facebook.com\/libribarsortiment\" \/>\n<meta property=\"article:modified_time\" content=\"2026-04-30T08:40:24+00:00\" \/>\n<meta property=\"og:image\" content=\"https:\/\/www.libri.de\/wp-content\/uploads\/2021\/12\/Beitragsbild_Libri_korall.jpg\" \/>\n\t<meta property=\"og:image:width\" content=\"1990\" \/>\n\t<meta property=\"og:image:height\" content=\"1100\" \/>\n\t<meta property=\"og:image:type\" content=\"image\/jpeg\" \/>\n<meta name=\"twitter:card\" content=\"summary_large_image\" \/>\n<meta name=\"twitter:label1\" content=\"Gesch\u00e4tzte Lesezeit\" \/>\n\t<meta name=\"twitter:data1\" content=\"1\u00a0Minute\" \/>\n<script type=\"application\/ld+json\" class=\"yoast-schema-graph\">{\"@context\":\"https:\/\/schema.org\",\"@graph\":[{\"@type\":\"WebPage\",\"@id\":\"https:\/\/www.libri.de\/de\/instagram-links\/\",\"url\":\"https:\/\/www.libri.de\/de\/instagram-links\/\",\"name\":\"Instagram-Links | Libri GmbH\",\"isPartOf\":{\"@id\":\"https:\/\/www.libri.de\/fr\/#website\"},\"primaryImageOfPage\":{\"@id\":\"https:\/\/www.libri.de\/de\/instagram-links\/#primaryimage\"},\"image\":{\"@id\":\"https:\/\/www.libri.de\/de\/instagram-links\/#primaryimage\"},\"thumbnailUrl\":\"https:\/\/www.libri.de\/wp-content\/uploads\/2021\/12\/Beitragsbild_Libri_korall.jpg\",\"datePublished\":\"2021-12-02T15:53:32+00:00\",\"dateModified\":\"2026-04-30T08:40:24+00:00\",\"breadcrumb\":{\"@id\":\"https:\/\/www.libri.de\/de\/instagram-links\/#breadcrumb\"},\"inLanguage\":\"de\",\"potentialAction\":[{\"@type\":\"ReadAction\",\"target\":[\"https:\/\/www.libri.de\/de\/instagram-links\/\"]}]},{\"@type\":\"ImageObject\",\"inLanguage\":\"de\",\"@id\":\"https:\/\/www.libri.de\/de\/instagram-links\/#primaryimage\",\"url\":\"https:\/\/www.libri.de\/wp-content\/uploads\/2021\/12\/Beitragsbild_Libri_korall.jpg\",\"contentUrl\":\"https:\/\/www.libri.de\/wp-content\/uploads\/2021\/12\/Beitragsbild_Libri_korall.jpg\",\"width\":1990,\"height\":1100},{\"@type\":\"BreadcrumbList\",\"@id\":\"https:\/\/www.libri.de\/de\/instagram-links\/#breadcrumb\",\"itemListElement\":[{\"@type\":\"ListItem\",\"position\":1,\"name\":\"Start\",\"item\":\"https:\/\/www.libri.de\/de\/\"},{\"@type\":\"ListItem\",\"position\":2,\"name\":\"Instagram-Links\"}]},{\"@type\":\"WebSite\",\"@id\":\"https:\/\/www.libri.de\/fr\/#website\",\"url\":\"https:\/\/www.libri.de\/fr\/\",\"name\":\"Libri GmbH\",\"description\":\"Barsortiment und Gro\u00dfhandel f\u00fcr B\u00fccher und andere Medien\",\"publisher\":{\"@id\":\"https:\/\/www.libri.de\/fr\/#organization\"},\"potentialAction\":[{\"@type\":\"SearchAction\",\"target\":{\"@type\":\"EntryPoint\",\"urlTemplate\":\"https:\/\/www.libri.de\/fr\/?s={search_term_string}\"},\"query-input\":{\"@type\":\"PropertyValueSpecification\",\"valueRequired\":true,\"valueName\":\"search_term_string\"}}],\"inLanguage\":\"de\"},{\"@type\":\"Organization\",\"@id\":\"https:\/\/www.libri.de\/fr\/#organization\",\"name\":\"Libri\",\"url\":\"https:\/\/www.libri.de\/fr\/\",\"logo\":{\"@type\":\"ImageObject\",\"inLanguage\":\"de\",\"@id\":\"https:\/\/www.libri.de\/fr\/#\/schema\/logo\/image\/\",\"url\":\"https:\/\/188.64.195.32\/wp-content\/uploads\/2022\/04\/libri_logo-1.jpg\",\"contentUrl\":\"https:\/\/188.64.195.32\/wp-content\/uploads\/2022\/04\/libri_logo-1.jpg\",\"width\":2000,\"height\":1000,\"caption\":\"Libri\"},\"image\":{\"@id\":\"https:\/\/www.libri.de\/fr\/#\/schema\/logo\/image\/\"},\"sameAs\":[\"https:\/\/www.facebook.com\/libribarsortiment\",\"https:\/\/www.instagram.com\/libri.barsortiment\",\"https:\/\/www.linkedin.com\/company\/libri-gmbh\"]}]}<\/script>\n<!-- \/ Yoast SEO plugin. -->","yoast_head_json":{"title":"Instagram-Links | Libri GmbH","robots":{"index":"index","follow":"follow","max-snippet":"max-snippet:-1","max-image-preview":"max-image-preview:large","max-video-preview":"max-video-preview:-1"},"canonical":"https:\/\/www.libri.de\/de\/instagram-links\/","og_locale":"de_DE","og_type":"article","og_title":"Instagram-Links | Libri GmbH","og_url":"https:\/\/www.libri.de\/de\/instagram-links\/","og_site_name":"Libri GmbH","article_publisher":"https:\/\/www.facebook.com\/libribarsortiment","article_modified_time":"2026-04-30T08:40:24+00:00","og_image":[{"width":1990,"height":1100,"url":"https:\/\/www.libri.de\/wp-content\/uploads\/2021\/12\/Beitragsbild_Libri_korall.jpg","type":"image\/jpeg"}],"twitter_card":"summary_large_image","twitter_misc":{"Gesch\u00e4tzte Lesezeit":"1\u00a0Minute"},"schema":{"@context":"https:\/\/schema.org","@graph":[{"@type":"WebPage","@id":"https:\/\/www.libri.de\/de\/instagram-links\/","url":"https:\/\/www.libri.de\/de\/instagram-links\/","name":"Instagram-Links | Libri GmbH","isPartOf":{"@id":"https:\/\/www.libri.de\/fr\/#website"},"primaryImageOfPage":{"@id":"https:\/\/www.libri.de\/de\/instagram-links\/#primaryimage"},"image":{"@id":"https:\/\/www.libri.de\/de\/instagram-links\/#primaryimage"},"thumbnailUrl":"https:\/\/www.libri.de\/wp-content\/uploads\/2021\/12\/Beitragsbild_Libri_korall.jpg","datePublished":"2021-12-02T15:53:32+00:00","dateModified":"2026-04-30T08:40:24+00:00","breadcrumb":{"@id":"https:\/\/www.libri.de\/de\/instagram-links\/#breadcrumb"},"inLanguage":"de","potentialAction":[{"@type":"ReadAction","target":["https:\/\/www.libri.de\/de\/instagram-links\/"]}]},{"@type":"ImageObject","inLanguage":"de","@id":"https:\/\/www.libri.de\/de\/instagram-links\/#primaryimage","url":"https:\/\/www.libri.de\/wp-content\/uploads\/2021\/12\/Beitragsbild_Libri_korall.jpg","contentUrl":"https:\/\/www.libri.de\/wp-content\/uploads\/2021\/12\/Beitragsbild_Libri_korall.jpg","width":1990,"height":1100},{"@type":"BreadcrumbList","@id":"https:\/\/www.libri.de\/de\/instagram-links\/#breadcrumb","itemListElement":[{"@type":"ListItem","position":1,"name":"Start","item":"https:\/\/www.libri.de\/de\/"},{"@type":"ListItem","position":2,"name":"Instagram-Links"}]},{"@type":"WebSite","@id":"https:\/\/www.libri.de\/fr\/#website","url":"https:\/\/www.libri.de\/fr\/","name":"Libri GmbH","description":"Barsortiment und Gro\u00dfhandel f\u00fcr B\u00fccher und andere Medien","publisher":{"@id":"https:\/\/www.libri.de\/fr\/#organization"},"potentialAction":[{"@type":"SearchAction","target":{"@type":"EntryPoint","urlTemplate":"https:\/\/www.libri.de\/fr\/?s={search_term_string}"},"query-input":{"@type":"PropertyValueSpecification","valueRequired":true,"valueName":"search_term_string"}}],"inLanguage":"de"},{"@type":"Organization","@id":"https:\/\/www.libri.de\/fr\/#organization","name":"Libri","url":"https:\/\/www.libri.de\/fr\/","logo":{"@type":"ImageObject","inLanguage":"de","@id":"https:\/\/www.libri.de\/fr\/#\/schema\/logo\/image\/","url":"https:\/\/188.64.195.32\/wp-content\/uploads\/2022\/04\/libri_logo-1.jpg","contentUrl":"https:\/\/188.64.195.32\/wp-content\/uploads\/2022\/04\/libri_logo-1.jpg","width":2000,"height":1000,"caption":"Libri"},"image":{"@id":"https:\/\/www.libri.de\/fr\/#\/schema\/logo\/image\/"},"sameAs":["https:\/\/www.facebook.com\/libribarsortiment","https:\/\/www.instagram.com\/libri.barsortiment","https:\/\/www.linkedin.com\/company\/libri-gmbh"]}]}},"_links":{"self":[{"href":"https:\/\/www.libri.de\/de\/wp-json\/wp\/v2\/pages\/34850","targetHints":{"allow":["GET"]}}],"collection":[{"href":"https:\/\/www.libri.de\/de\/wp-json\/wp\/v2\/pages"}],"about":[{"href":"https:\/\/www.libri.de\/de\/wp-json\/wp\/v2\/types\/page"}],"author":[{"embeddable":true,"href":"https:\/\/www.libri.de\/de\/wp-json\/wp\/v2\/users\/10"}],"replies":[{"embeddable":true,"href":"https:\/\/www.libri.de\/de\/wp-json\/wp\/v2\/comments?post=34850"}],"version-history":[{"count":3,"href":"https:\/\/www.libri.de\/de\/wp-json\/wp\/v2\/pages\/34850\/revisions"}],"predecessor-version":[{"id":90322,"href":"https:\/\/www.libri.de\/de\/wp-json\/wp\/v2\/pages\/34850\/revisions\/90322"}],"wp:featuredmedia":[{"embeddable":true,"href":"https:\/\/www.libri.de\/de\/wp-json\/wp\/v2\/media\/34901"}],"wp:attachment":[{"href":"https:\/\/www.libri.de\/de\/wp-json\/wp\/v2\/media?parent=34850"}],"curies":[{"name":"wp","href":"https:\/\/api.w.org\/{rel}","templated":true}]}}