{"id":30660,"date":"2021-11-08T16:53:27","date_gmt":"2021-11-08T14:53:27","guid":{"rendered":"https:\/\/www.libri.de\/?page_id=30660"},"modified":"2026-04-20T17:42:52","modified_gmt":"2026-04-20T15:42:52","slug":"tolino","status":"publish","type":"page","link":"https:\/\/www.libri.de\/de\/fuer-den-handel\/produkte\/tolino\/","title":{"rendered":"tolino"},"content":{"rendered":"\r\n<div id=\"header-block_4c533a99289b3afb36c5100850d12159\" class=\"block-header module type-left-right bc-libri-blue c-white-imp\">\r\n  <div class=\"container\">\r\n\r\n    <p id=\"breadcrumbs\"><span><span><a href=\"https:\/\/www.libri.de\/de\/\">Start<\/a><\/span><\/span><\/p>    \r\n    \r\n              <div class=\"image\">\r\n          <img decoding=\"async\" width=\"1990\" height=\"1100\" src=\"https:\/\/www.libri.de\/wp-content\/uploads\/2025\/12\/tolino-vision-color-weiss-Header-Grafik-libri.png\" class=\"attachment-2048x2048 size-2048x2048\" alt=\"tolino Markenbotschafterin liest auf dem eReader tolino vision color Wei\u00df.\" srcset=\"https:\/\/www.libri.de\/wp-content\/uploads\/2025\/12\/tolino-vision-color-weiss-Header-Grafik-libri.png 1990w, https:\/\/www.libri.de\/wp-content\/uploads\/2025\/12\/tolino-vision-color-weiss-Header-Grafik-libri-300x166.png 300w, https:\/\/www.libri.de\/wp-content\/uploads\/2025\/12\/tolino-vision-color-weiss-Header-Grafik-libri-1024x566.png 1024w, https:\/\/www.libri.de\/wp-content\/uploads\/2025\/12\/tolino-vision-color-weiss-Header-Grafik-libri-768x425.png 768w, https:\/\/www.libri.de\/wp-content\/uploads\/2025\/12\/tolino-vision-color-weiss-Header-Grafik-libri-1536x849.png 1536w\" sizes=\"(max-width: 1990px) 100vw, 1990px\" \/>        <\/div>\r\n      \r\n      <div class=\"row\">\r\n        <div class=\"col-12 col-md-7 title\">\r\n          <h1 class=\"\">tolino: die offene und sichere eReading-L\u00f6sung<\/h1>\r\n        <\/div>\r\n\r\n        <div class=\"col-12 col-md-5 text\">\r\n          <p>Als Mitglied der tolino-Allianz bietet Libri dem unabh\u00e4ngigen Buchhandel Zugang zur eReading-L\u00f6sung des deutschen Buchhandels.<\/p>\r\n        <\/div>\r\n      <\/div>\r\n\r\n      \r\n  <\/div>\r\n<\/div>\r\n\r\n\n\n\r\n<div id=\"anchor-nav-block_f8aa0bfedc71b1919e8f0e4615c098e6\" class=\"block-anchor-nav module bc-libri-blue c-white-imp\"  >\r\n\r\n      <div class=\"container\"><div class=\"line\"><\/div><\/div>\r\n    \r\n    <div class=\"container\">\r\n      <div class=\"p-relative\">\r\n        <div class=\"arrow left\"><\/div>\r\n        <div class=\"arrow right\"><\/div>\r\n      <\/div>\r\n      <div class=\"overflow-x-auto\">\r\n        <div class=\"d-flex anchor-nav\" data-class=\"anchor-nav-entry\"><\/div>\r\n      <\/div>\r\n    <\/div>\r\n\r\n  <\/div>\r\n\r\n\n\n\r\n<div id=\"tolino-oekosystem\" class=\"block-anchor\" data-title=\"tolino-\u00d6kosystem\" >\r\n\r\n  <\/div>\r\n\r\n\n\n\r\n<div id=\"text-block_b00eb9ec544daa192823b3a1727e8293\" class=\"block-text module type-text-img bc-white\">\r\n  <div class=\"container\">\r\n\r\n    \r\n      <div class=\"row flex-row-reverse\">\r\n\r\n        \r\n          <div class=\"col-12 col-md-6 col-xl-5\">\r\n            <div class=\"image square\">\r\n              <img decoding=\"async\" width=\"736\" height=\"736\" src=\"https:\/\/www.libri.de\/wp-content\/uploads\/2026\/04\/Bild-Text-Modul-736x736px-tolino-Logo.png\" class=\"attachment-medium_large size-medium_large\" alt=\"Logo von tolino\" srcset=\"https:\/\/www.libri.de\/wp-content\/uploads\/2026\/04\/Bild-Text-Modul-736x736px-tolino-Logo.png 736w, https:\/\/www.libri.de\/wp-content\/uploads\/2026\/04\/Bild-Text-Modul-736x736px-tolino-Logo-300x300.png 300w, https:\/\/www.libri.de\/wp-content\/uploads\/2026\/04\/Bild-Text-Modul-736x736px-tolino-Logo-150x150.png 150w\" sizes=\"(max-width: 736px) 100vw, 736px\" \/>            <\/div>\r\n                      <\/div>\r\n\r\n          <div class=\"d-none d-xl-block col-2\"><\/div>\r\n\r\n        \r\n        <div class=\"col-12 col-md-6 col-xl-5\">\r\n\r\n          \r\n          <div class=\"text \">\r\n            <h2>Lesen mit dem tolino-\u00d6kosystem<\/h2>\n<p>Mit tolino erleben Ihre Kund*innen digitales Lesen in seiner flexibelsten Form \u2013 kostenlos und jederzeit startbereit. <strong>Ob auf dem eReader, in der tolino app oder mit dem tolino webreader:<\/strong> Dank der tolino cloud steht die pers\u00f6nliche Bibliothek auf allen Devices zur Verf\u00fcgung. eBooks, H\u00f6rb\u00fccher, Lesezeichen und Notizen werden dabei automatisch synchronisiert wodurch ein nahtloses Lese- und H\u00f6rerlebnis im gesamten tolino \u00d6kosystem erm\u00f6glicht wird.<\/p>\n          <\/div>\r\n\r\n          \r\n          \r\n        <\/div>\r\n        \r\n      <\/div>\r\n\r\n    \r\n  <\/div>\r\n<\/div>\r\n\r\n\n\n\r\n<div id=\"text-block_9735a532ae6810c54f0d368baf720a0c\" class=\"block-text module type-text bc-white\">\r\n  <div class=\"container\">\r\n\r\n    \r\n      <div class=\"row \">\r\n\r\n        \r\n        <div class=\"col-12 col-md-10\">\r\n\r\n          \r\n          <div class=\"text for-box-js\">\r\n            <p data-start=\"344\" data-end=\"707\"><strong>Je nach Device stehen unterschiedliche Funktionen zur Verf\u00fcgung<\/strong>, etwa Offline-Nutzung in der App und auf dem eReader oder der direkte Zugriff \u00fcber den webreader ohne Installation.\u00a0So k\u00f6nnen Ihre Kund*innen jederzeit selbst entscheiden, wo und wie sie Inhalte nutzen \u2013 flexibel, konsistent und perfekt in den Alltag integriert.<\/p>\n          <\/div>\r\n\r\n                      <div class=\"cta\">\r\n              <a \r\n                class=\"bttn-secondary icn-redirect\" \r\n                href=\"https:\/\/support.libri.de\/de\/support\/solutions\/articles\/101000523150-alle-tolino-funktionen-was-funktioniert-wo-\" \r\n                target=\"_blank\"\r\n                >\r\n                Zu den tolino Funktionen              <\/a>\r\n            <\/div>\r\n          \r\n          \r\n        <\/div>\r\n        \r\n      <\/div>\r\n\r\n    \r\n  <\/div>\r\n<\/div>\r\n\r\n\n\n\r\n<div id=\"facts-block_ba99f53676d7d19ec18fa2a843d4de04\" class=\"block-facts module type-left-right use-icons bc-green-2\">\r\n  <div class=\"container\">\r\n\r\n    \r\n    <div class=\"row facts\">\r\n              <div class=\"col-12 col-md-4 fact\">\r\n\r\n          \r\n                          <div class=\"icon\">\r\n                <img decoding=\"async\" width=\"24\" height=\"24\" src=\"https:\/\/www.libri.de\/wp-content\/uploads\/2021\/11\/libri-digital-weiss.svg\" class=\"attachment-thumbnail size-thumbnail\" alt=\"\" \/>              <\/div>\r\n            \r\n          \r\n                      <h3 class=\"fact-title h4\">eReader f\u00fcr jede Lesegewohnheit<\/h3>\r\n          \r\n                      <p>3 eReader-Modelle zur Auswahl: f\u00fcr den leichten Einstieg bis zum hochwertigen Profi-Reader.<\/p>\r\n          \r\n          \r\n        <\/div>\r\n              <div class=\"col-12 col-md-4 fact\">\r\n\r\n          \r\n                          <div class=\"icon\">\r\n                <img decoding=\"async\" width=\"24\" height=\"24\" src=\"https:\/\/www.libri.de\/wp-content\/uploads\/2021\/11\/devices_white_24dp.svg\" class=\"attachment-thumbnail size-thumbnail\" alt=\"\" \/>              <\/div>\r\n            \r\n          \r\n                      <h3 class=\"fact-title h4\">Lesen auf eigenen Ger\u00e4ten<\/h3>\r\n          \r\n                      <p>Mit den kostenlosen tolino apps und dem tolino webreader werden Smartphones, Tablets und PCs zu Leseger\u00e4ten.<\/p>\r\n          \r\n          \r\n        <\/div>\r\n              <div class=\"col-12 col-md-4 fact\">\r\n\r\n          \r\n                          <div class=\"icon\">\r\n                <img decoding=\"async\" width=\"24\" height=\"24\" src=\"https:\/\/www.libri.de\/wp-content\/uploads\/2021\/11\/cloud_white_24dp.svg\" class=\"attachment-thumbnail size-thumbnail\" alt=\"\" \/>              <\/div>\r\n            \r\n          \r\n                      <h3 class=\"fact-title h4\">Alle eBooks jederzeit verf\u00fcgbar<\/h3>\r\n          \r\n                      <p>Mit 25 GB bietet die tolino cloud jedem Nutzer einen kostenlosen und sicheren Speicherort.<\/p>\r\n          \r\n          \r\n        <\/div>\r\n          <\/div>\r\n  <\/div>\r\n<\/div>\r\n\r\n\n\n\r\n<div id=\"facts-block_42f2333cab4c23cee083764afb8a18f5\" class=\"block-facts module type-left-right use-icons bc-green-2\">\r\n  <div class=\"container\">\r\n\r\n    \r\n    <div class=\"row facts\">\r\n              <div class=\"col-12 col-md-4 fact\">\r\n\r\n          \r\n                          <div class=\"icon\">\r\n                <img decoding=\"async\" width=\"24\" height=\"24\" src=\"https:\/\/www.libri.de\/wp-content\/uploads\/2021\/11\/library_books_white_24dp.svg\" class=\"attachment-thumbnail size-thumbnail\" alt=\"\" \/>              <\/div>\r\n            \r\n          \r\n                      <h3 class=\"fact-title h4\">Mehr als 5 Mio. eBooks<\/h3>\r\n          \r\n                      <p>&#8230;stehen rundum die Uhr in Ihrem Onlineshop zum Kauf und Download bereit.<\/p>\r\n          \r\n          \r\n        <\/div>\r\n              <div class=\"col-12 col-md-4 fact\">\r\n\r\n          \r\n                          <div class=\"icon\">\r\n                <img decoding=\"async\" width=\"24\" height=\"24\" src=\"https:\/\/www.libri.de\/wp-content\/uploads\/2021\/11\/file_open_white_24dp.svg\" class=\"attachment-thumbnail size-thumbnail\" alt=\"\" \/>              <\/div>\r\n            \r\n          \r\n                      <h3 class=\"fact-title h4\">Offenes System<\/h3>\r\n          \r\n                      <p>Eigene Inhalte (EPUB, PDF, TXT) hochladen sowie eBooks \u00f6ffentlicher Bibliotheken (Onleihe) lesen.<\/p>\r\n          \r\n          \r\n        <\/div>\r\n              <div class=\"col-12 col-md-4 fact\">\r\n\r\n          \r\n                          <div class=\"icon\">\r\n                <img decoding=\"async\" width=\"24\" height=\"24\" src=\"https:\/\/www.libri.de\/wp-content\/uploads\/2021\/11\/groups_white_24dp.svg\" class=\"attachment-thumbnail size-thumbnail\" alt=\"\" \/>              <\/div>\r\n            \r\n          \r\n                      <h3 class=\"fact-title h4\">Family Sharing<\/h3>\r\n          \r\n                      <p>Geschichten mit bis zu sechs Familienmitgliedern teilen und gemeinsam bzw. zeitgleich lesen.<\/p>\r\n          \r\n          \r\n        <\/div>\r\n          <\/div>\r\n  <\/div>\r\n<\/div>\r\n\r\n\n\n\r\n<div id=\"meine-buchhandlung\" class=\"block-anchor\" data-title=\"Meine Buchhandlung\" >\r\n\r\n  <\/div>\r\n\r\n\n\n\r\n<div id=\"text-block_f6ee449efc8e515994f874fdc3d12a62\" class=\"block-text module type-text-img bc-white\">\r\n  <div class=\"container\">\r\n\r\n    \r\n      <div class=\"row flex-row-reverse\">\r\n\r\n        \r\n          <div class=\"col-12 col-md-6 col-xl-5\">\r\n            <div class=\"image square\">\r\n              <img decoding=\"async\" width=\"768\" height=\"768\" src=\"https:\/\/www.libri.de\/wp-content\/uploads\/2025\/10\/libri-tolino-meine-BUCHhandlung-logo-768x768.png\" class=\"attachment-medium_large size-medium_large\" alt=\"Logo von meine BUCHhandlung - myBookShop\" srcset=\"https:\/\/www.libri.de\/wp-content\/uploads\/2025\/10\/libri-tolino-meine-BUCHhandlung-logo-768x768.png 768w, https:\/\/www.libri.de\/wp-content\/uploads\/2025\/10\/libri-tolino-meine-BUCHhandlung-logo-300x300.png 300w, https:\/\/www.libri.de\/wp-content\/uploads\/2025\/10\/libri-tolino-meine-BUCHhandlung-logo-150x150.png 150w, https:\/\/www.libri.de\/wp-content\/uploads\/2025\/10\/libri-tolino-meine-BUCHhandlung-logo.png 800w\" sizes=\"(max-width: 768px) 100vw, 768px\" \/>            <\/div>\r\n                      <\/div>\r\n\r\n          <div class=\"d-none d-xl-block col-2\"><\/div>\r\n\r\n        \r\n        <div class=\"col-12 col-md-6 col-xl-5\">\r\n\r\n          \r\n          <div class=\"text \">\r\n            <h2>Er\u00f6ffnen Sie Ihren Kund*innen die tolino-Welt!<\/h2>\n<p>Unter der Marke <a href=\"https:\/\/www.buchhandlung.de\/karte\/?autologin=true&amp;target=%2Fhome\" target=\"_blank\" rel=\"noopener\"><strong>Meine Buchhandlung<\/strong><\/a> sind bereits \u00fcber 1.300 unabh\u00e4ngige Buchhandlungen \u00fcber Libri an die tolino-Allianz angeschlossen. Die technische Anbindung erfolgt dabei \u00fcber den Onlineshop Libri.Shopline.<\/p>\n<p>Das Beste: Der Onlineshop ist rund um die Uhr erreichbar und erm\u00f6glicht Ihren Kund*innen jederzeit das St\u00f6bern nach eReadern, Informationen und passendem Zubeh\u00f6r wie Schutzh\u00fcllen. <strong>So wird digitales Lesen komfortabel mit lokaler N\u00e4he verbunden.<\/strong><\/p>\n          <\/div>\r\n\r\n          \r\n          \r\n        <\/div>\r\n        \r\n      <\/div>\r\n\r\n    \r\n  <\/div>\r\n<\/div>\r\n\r\n\n\n\r\n<div id=\"libri-shopline\" class=\"block-anchor\" data-title=\"Libri.Shopline\" >\r\n\r\n  <\/div>\r\n\r\n\n\n\r\n<div id=\"text-block_d68b9957bfc31711805e9ef10245bc89\" class=\"block-text module type-text-img bc-trans\">\r\n  <div class=\"container\">\r\n\r\n    \r\n      <div class=\"row flex-row-reverse\">\r\n\r\n        \r\n          <div class=\"col-12 col-md-6 col-xl-5\">\r\n            <div class=\"image square\">\r\n              <img decoding=\"async\" width=\"768\" height=\"768\" src=\"https:\/\/www.libri.de\/wp-content\/uploads\/2025\/12\/tolino-vision-color-Weiss-Korbtasche-Libri-768x768.png\" class=\"attachment-medium_large size-medium_large\" alt=\"eReader tolino vision color Wei\u00df haltend in einer Tragetasche.\" srcset=\"https:\/\/www.libri.de\/wp-content\/uploads\/2025\/12\/tolino-vision-color-Weiss-Korbtasche-Libri-768x768.png 768w, https:\/\/www.libri.de\/wp-content\/uploads\/2025\/12\/tolino-vision-color-Weiss-Korbtasche-Libri-300x300.png 300w, https:\/\/www.libri.de\/wp-content\/uploads\/2025\/12\/tolino-vision-color-Weiss-Korbtasche-Libri-150x150.png 150w, https:\/\/www.libri.de\/wp-content\/uploads\/2025\/12\/tolino-vision-color-Weiss-Korbtasche-Libri.png 800w\" sizes=\"(max-width: 768px) 100vw, 768px\" \/>            <\/div>\r\n                      <\/div>\r\n\r\n          <div class=\"d-none d-xl-block col-2\"><\/div>\r\n\r\n        \r\n        <div class=\"col-12 col-md-6 col-xl-5\">\r\n\r\n          \r\n          <div class=\"text \">\r\n            <h2>Libri.Shopline<\/h2>\n<p>Unsere standardisierte eCommerce-L\u00f6sung bietet nicht nur einen hohen Grad an Individualisierungsm\u00f6glichkeiten, sondern auch die technische Anbindung an das tolino-\u00d6kosystem. \u00dcber das Kundenkonto haben Ihre Kund*innen direkten Zugriff auf ihre eBooks und alle tolino-eReader werden vor der Auslieferung mit Ihren Onlineshop verkn\u00fcpft.<\/p>\n<p>&nbsp;<\/p>\n          <\/div>\r\n\r\n                      <div class=\"cta\">\r\n              <a \r\n                class=\"bttn-secondary icn-no\" \r\n                href=\"https:\/\/www.libri.de\/de\/fuer-den-handel\/produkte\/libri-shopline\/\" \r\n                target=\"_self\"\r\n                >\r\n                Mehr zu Libri.Shopline              <\/a>\r\n            <\/div>\r\n          \r\n          \r\n        <\/div>\r\n        \r\n      <\/div>\r\n\r\n    \r\n  <\/div>\r\n<\/div>\r\n\r\n\n\n\r\n<div id=\"vertriebsunterstuetzung\" class=\"block-anchor\" data-title=\"Vertriebsunterst\u00fctzung\" >\r\n\r\n  <\/div>\r\n\r\n\n\n\r\n<div id=\"text-block_6cdb0486ea421abd1bf58a60ceeb5980\" class=\"block-text module type-text-img bc-trans\">\r\n  <div class=\"container\">\r\n\r\n    \r\n      <div class=\"row flex-row-reverse\">\r\n\r\n        \r\n          <div class=\"col-12 col-md-6 col-xl-5\">\r\n            <div class=\"image square\">\r\n              <img decoding=\"async\" width=\"768\" height=\"768\" src=\"https:\/\/www.libri.de\/wp-content\/uploads\/2025\/03\/Libri-tolino-Bild-imText-tolino-shine-color.png-768x768.png\" class=\"attachment-medium_large size-medium_large\" alt=\"Libri GmbH - tolino shine color und Markenbotschafterin Amira\" srcset=\"https:\/\/www.libri.de\/wp-content\/uploads\/2025\/03\/Libri-tolino-Bild-imText-tolino-shine-color.png-768x768.png 768w, https:\/\/www.libri.de\/wp-content\/uploads\/2025\/03\/Libri-tolino-Bild-imText-tolino-shine-color.png-300x300.png 300w, https:\/\/www.libri.de\/wp-content\/uploads\/2025\/03\/Libri-tolino-Bild-imText-tolino-shine-color.png-150x150.png 150w, https:\/\/www.libri.de\/wp-content\/uploads\/2025\/03\/Libri-tolino-Bild-imText-tolino-shine-color.png.png 800w\" sizes=\"(max-width: 768px) 100vw, 768px\" \/>            <\/div>\r\n                      <\/div>\r\n\r\n          <div class=\"d-none d-xl-block col-2\"><\/div>\r\n\r\n        \r\n        <div class=\"col-12 col-md-6 col-xl-5\">\r\n\r\n          \r\n          <div class=\"text \">\r\n            <h2>F\u00fcr Ihre Kommunikation<\/h2>\n<p>Libri versorgt Sie mit tolino-Werbematerial. Dazu geh\u00f6ren u. a. Plakate, Flyer, Produktkarten, wenn Sie tolino in Ihrer Buchhandlungen pr\u00e4sentieren. Zus\u00e4tzlich stellen wir Ihnen Bild- und Textmaterial f\u00fcr Ihre Social-Media-Kan\u00e4le zur Verf\u00fcgung und informieren Sie regelm\u00e4\u00dfig \u00fcber die Aktionen der tolino-Allianz.<\/p>\n          <\/div>\r\n\r\n                      <div class=\"cta\">\r\n              <a \r\n                class=\"bttn-secondary icn-redirect\" \r\n                href=\"https:\/\/support.libri.de\/de\/support\/solutions\/articles\/101000493765-tolino-werbemittel\" \r\n                target=\"_blank\"\r\n                >\r\n                Zu den Werbemitteln              <\/a>\r\n            <\/div>\r\n          \r\n          \r\n        <\/div>\r\n        \r\n      <\/div>\r\n\r\n    \r\n  <\/div>\r\n<\/div>\r\n\r\n\n\n\r\n<div id=\"teaser-small-block_189edfa8b0f6b6bb54b8360064af3874\" class=\"block-teaser-small bc-green-2\">\r\n\r\n  <div class=\"container\">\r\n\r\n    <a href=\"https:\/\/support.libri.de\/de\/support\/solutions\/articles\/101000523838-marktzahlen-und-studien\" target=\"_blank\" class=\"d-flex align-items-center justify-content-center flex-column flex-md-row\">\r\n\r\n              <div class=\"icon\">\r\n          <img decoding=\"async\" width=\"24\" height=\"24\" src=\"https:\/\/www.libri.de\/wp-content\/uploads\/2021\/11\/insights_white_24dp.svg\" class=\"attachment-thumbnail size-thumbnail\" alt=\"\" \/>        <\/div>\r\n      \r\n      <div class=\"text\">\r\n        <h3 class=\"title\">Bereitstellung von Marktzahlen &amp; Studien<\/h3>\r\n        <p>Wie entwickelt sich der eBook-Markt? Wer liest digital? Zahlen und Daten rund um eBooks und Nutzungsverhalten finden Sie auf unserer tolino-Wissensseite. <\/p>      <\/div>\r\n\r\n      <div class=\"teaser-arrow\"><\/div>\r\n\r\n    <\/a>\r\n\r\n  <\/div>\r\n<\/div>\r\n\r\n\n\n\r\n<div id=\"teaser-small-block_b7bcba291217e19341b9ca73bbe18c7d\" class=\"block-teaser-small bc-green-2\">\r\n\r\n  <div class=\"container\">\r\n\r\n    <a href=\"https:\/\/www.libri.de\/de\/ihr-zuverlaessiger-partner-in-der-tolino-allianz\/\" target=\"_blank\" class=\"d-flex align-items-center justify-content-center flex-column flex-md-row\">\r\n\r\n              <div class=\"icon\">\r\n          <img decoding=\"async\" width=\"24\" height=\"24\" src=\"https:\/\/www.libri.de\/wp-content\/uploads\/2021\/11\/libri-digital-weiss.svg\" class=\"attachment-thumbnail size-thumbnail\" alt=\"\" \/>        <\/div>\r\n      \r\n      <div class=\"text\">\r\n        <h3 class=\"title\">Libri als Content-Lieferant<\/h3>\r\n        <p>Sie m\u00f6chten eBooks unabh\u00e4ngig von der tolino-Allianz vertreiben? Dann sind Sie hier richtig.<\/p>      <\/div>\r\n\r\n      <div class=\"teaser-arrow\"><\/div>\r\n\r\n    <\/a>\r\n\r\n  <\/div>\r\n<\/div>\r\n\r\n\n\n\r\n<div id=\"go-back-block_159a37eebee5fd39ade524d73d3e0238\" class=\"block-go-back module bc-trans\">\r\n  <div class=\"container\">\r\n\r\n    <a href=\"javascript:history.back()\" class=\"bttn-secondary go-back-link\">\r\n      <span class=\"arrow-left\"><\/span>Zur\u00fcck zur \u00dcbersicht    <\/a>\r\n\r\n  <\/div>\r\n<\/div>\r\n\r\n","protected":false},"excerpt":{"rendered":"<p>Als Mitglied der tolino-Allianz bietet Libri dem unabh\u00e4ngigen Buchhandel Zugang zur eReading-L\u00f6sung des deutschen Buchhandels.<\/p>\n","protected":false},"author":5,"featured_media":77626,"parent":32791,"menu_order":0,"comment_status":"closed","ping_status":"closed","template":"","meta":{"_acf_changed":false,"footnotes":""},"class_list":["post-30660","page","type-page","status-publish","has-post-thumbnail","hentry"],"acf":[],"yoast_head":"<!-- This site is optimized with the Yoast SEO plugin v27.0 - https:\/\/yoast.com\/product\/yoast-seo-wordpress\/ -->\n<title>tolino | Libri GmbH<\/title>\n<meta name=\"description\" content=\"Libri bietet als Mitglied der tolino-Allianz dem unabh\u00e4ngigen Buchhandel Zugang zur eReading-L\u00f6sung des deutschen Buchhandels.\" \/>\n<meta name=\"robots\" content=\"index, follow, max-snippet:-1, max-image-preview:large, max-video-preview:-1\" \/>\n<link rel=\"canonical\" href=\"https:\/\/www.libri.de\/de\/fuer-den-handel\/produkte\/tolino\/\" \/>\n<meta property=\"og:locale\" content=\"de_DE\" \/>\n<meta property=\"og:type\" content=\"article\" \/>\n<meta property=\"og:title\" content=\"tolino | Libri GmbH\" \/>\n<meta property=\"og:description\" content=\"Libri bietet als Mitglied der tolino-Allianz dem unabh\u00e4ngigen Buchhandel Zugang zur eReading-L\u00f6sung des deutschen Buchhandels.\" \/>\n<meta property=\"og:url\" content=\"https:\/\/www.libri.de\/de\/fuer-den-handel\/produkte\/tolino\/\" \/>\n<meta property=\"og:site_name\" content=\"Libri GmbH\" \/>\n<meta property=\"article:publisher\" content=\"https:\/\/www.facebook.com\/libribarsortiment\" \/>\n<meta property=\"article:modified_time\" content=\"2026-04-20T15:42:52+00:00\" \/>\n<meta property=\"og:image\" content=\"https:\/\/www.libri.de\/wp-content\/uploads\/2025\/03\/Libri-tolino-Header-1990x1100px-1024x566.png\" \/>\n\t<meta property=\"og:image:width\" content=\"1024\" \/>\n\t<meta property=\"og:image:height\" content=\"566\" \/>\n\t<meta property=\"og:image:type\" content=\"image\/png\" \/>\n<meta name=\"twitter:card\" content=\"summary_large_image\" \/>\n<meta name=\"twitter:label1\" content=\"Gesch\u00e4tzte Lesezeit\" \/>\n\t<meta name=\"twitter:data1\" content=\"1\u00a0Minute\" \/>\n<script type=\"application\/ld+json\" class=\"yoast-schema-graph\">{\"@context\":\"https:\/\/schema.org\",\"@graph\":[{\"@type\":\"WebPage\",\"@id\":\"https:\/\/www.libri.de\/de\/fuer-den-handel\/produkte\/tolino\/\",\"url\":\"https:\/\/www.libri.de\/de\/fuer-den-handel\/produkte\/tolino\/\",\"name\":\"tolino | Libri GmbH\",\"isPartOf\":{\"@id\":\"https:\/\/www.libri.de\/fr\/#website\"},\"primaryImageOfPage\":{\"@id\":\"https:\/\/www.libri.de\/de\/fuer-den-handel\/produkte\/tolino\/#primaryimage\"},\"image\":{\"@id\":\"https:\/\/www.libri.de\/de\/fuer-den-handel\/produkte\/tolino\/#primaryimage\"},\"thumbnailUrl\":\"https:\/\/www.libri.de\/wp-content\/uploads\/2025\/03\/Libri-tolino-Header-1990x1100px.png\",\"datePublished\":\"2021-11-08T14:53:27+00:00\",\"dateModified\":\"2026-04-20T15:42:52+00:00\",\"description\":\"Libri bietet als Mitglied der tolino-Allianz dem unabh\u00e4ngigen Buchhandel Zugang zur eReading-L\u00f6sung des deutschen Buchhandels.\",\"breadcrumb\":{\"@id\":\"https:\/\/www.libri.de\/de\/fuer-den-handel\/produkte\/tolino\/#breadcrumb\"},\"inLanguage\":\"de\",\"potentialAction\":[{\"@type\":\"ReadAction\",\"target\":[\"https:\/\/www.libri.de\/de\/fuer-den-handel\/produkte\/tolino\/\"]}]},{\"@type\":\"ImageObject\",\"inLanguage\":\"de\",\"@id\":\"https:\/\/www.libri.de\/de\/fuer-den-handel\/produkte\/tolino\/#primaryimage\",\"url\":\"https:\/\/www.libri.de\/wp-content\/uploads\/2025\/03\/Libri-tolino-Header-1990x1100px.png\",\"contentUrl\":\"https:\/\/www.libri.de\/wp-content\/uploads\/2025\/03\/Libri-tolino-Header-1990x1100px.png\",\"width\":1990,\"height\":1100,\"caption\":\"tolino Markenbotschafterin Amira\"},{\"@type\":\"BreadcrumbList\",\"@id\":\"https:\/\/www.libri.de\/de\/fuer-den-handel\/produkte\/tolino\/#breadcrumb\",\"itemListElement\":[{\"@type\":\"ListItem\",\"position\":1,\"name\":\"Start\",\"item\":\"https:\/\/www.libri.de\/de\/\"},{\"@type\":\"ListItem\",\"position\":2,\"name\":\"F\u00fcr den Handel\",\"item\":\"https:\/\/www.libri.de\/de\/fuer-den-handel\/\"},{\"@type\":\"ListItem\",\"position\":3,\"name\":\"Produkte\",\"item\":\"https:\/\/www.libri.de\/de\/fuer-den-handel\/produkte\/\"},{\"@type\":\"ListItem\",\"position\":4,\"name\":\"tolino\"}]},{\"@type\":\"WebSite\",\"@id\":\"https:\/\/www.libri.de\/fr\/#website\",\"url\":\"https:\/\/www.libri.de\/fr\/\",\"name\":\"Libri GmbH\",\"description\":\"Barsortiment und Gro\u00dfhandel f\u00fcr B\u00fccher und andere Medien\",\"publisher\":{\"@id\":\"https:\/\/www.libri.de\/fr\/#organization\"},\"potentialAction\":[{\"@type\":\"SearchAction\",\"target\":{\"@type\":\"EntryPoint\",\"urlTemplate\":\"https:\/\/www.libri.de\/fr\/?s={search_term_string}\"},\"query-input\":{\"@type\":\"PropertyValueSpecification\",\"valueRequired\":true,\"valueName\":\"search_term_string\"}}],\"inLanguage\":\"de\"},{\"@type\":\"Organization\",\"@id\":\"https:\/\/www.libri.de\/fr\/#organization\",\"name\":\"Libri\",\"url\":\"https:\/\/www.libri.de\/fr\/\",\"logo\":{\"@type\":\"ImageObject\",\"inLanguage\":\"de\",\"@id\":\"https:\/\/www.libri.de\/fr\/#\/schema\/logo\/image\/\",\"url\":\"https:\/\/188.64.195.32\/wp-content\/uploads\/2022\/04\/libri_logo-1.jpg\",\"contentUrl\":\"https:\/\/188.64.195.32\/wp-content\/uploads\/2022\/04\/libri_logo-1.jpg\",\"width\":2000,\"height\":1000,\"caption\":\"Libri\"},\"image\":{\"@id\":\"https:\/\/www.libri.de\/fr\/#\/schema\/logo\/image\/\"},\"sameAs\":[\"https:\/\/www.facebook.com\/libribarsortiment\",\"https:\/\/www.instagram.com\/libri.barsortiment\",\"https:\/\/www.linkedin.com\/company\/libri-gmbh\"]}]}<\/script>\n<!-- \/ Yoast SEO plugin. -->","yoast_head_json":{"title":"tolino | Libri GmbH","description":"Libri bietet als Mitglied der tolino-Allianz dem unabh\u00e4ngigen Buchhandel Zugang zur eReading-L\u00f6sung des deutschen Buchhandels.","robots":{"index":"index","follow":"follow","max-snippet":"max-snippet:-1","max-image-preview":"max-image-preview:large","max-video-preview":"max-video-preview:-1"},"canonical":"https:\/\/www.libri.de\/de\/fuer-den-handel\/produkte\/tolino\/","og_locale":"de_DE","og_type":"article","og_title":"tolino | Libri GmbH","og_description":"Libri bietet als Mitglied der tolino-Allianz dem unabh\u00e4ngigen Buchhandel Zugang zur eReading-L\u00f6sung des deutschen Buchhandels.","og_url":"https:\/\/www.libri.de\/de\/fuer-den-handel\/produkte\/tolino\/","og_site_name":"Libri GmbH","article_publisher":"https:\/\/www.facebook.com\/libribarsortiment","article_modified_time":"2026-04-20T15:42:52+00:00","og_image":[{"width":1024,"height":566,"url":"https:\/\/www.libri.de\/wp-content\/uploads\/2025\/03\/Libri-tolino-Header-1990x1100px-1024x566.png","type":"image\/png"}],"twitter_card":"summary_large_image","twitter_misc":{"Gesch\u00e4tzte Lesezeit":"1\u00a0Minute"},"schema":{"@context":"https:\/\/schema.org","@graph":[{"@type":"WebPage","@id":"https:\/\/www.libri.de\/de\/fuer-den-handel\/produkte\/tolino\/","url":"https:\/\/www.libri.de\/de\/fuer-den-handel\/produkte\/tolino\/","name":"tolino | Libri GmbH","isPartOf":{"@id":"https:\/\/www.libri.de\/fr\/#website"},"primaryImageOfPage":{"@id":"https:\/\/www.libri.de\/de\/fuer-den-handel\/produkte\/tolino\/#primaryimage"},"image":{"@id":"https:\/\/www.libri.de\/de\/fuer-den-handel\/produkte\/tolino\/#primaryimage"},"thumbnailUrl":"https:\/\/www.libri.de\/wp-content\/uploads\/2025\/03\/Libri-tolino-Header-1990x1100px.png","datePublished":"2021-11-08T14:53:27+00:00","dateModified":"2026-04-20T15:42:52+00:00","description":"Libri bietet als Mitglied der tolino-Allianz dem unabh\u00e4ngigen Buchhandel Zugang zur eReading-L\u00f6sung des deutschen Buchhandels.","breadcrumb":{"@id":"https:\/\/www.libri.de\/de\/fuer-den-handel\/produkte\/tolino\/#breadcrumb"},"inLanguage":"de","potentialAction":[{"@type":"ReadAction","target":["https:\/\/www.libri.de\/de\/fuer-den-handel\/produkte\/tolino\/"]}]},{"@type":"ImageObject","inLanguage":"de","@id":"https:\/\/www.libri.de\/de\/fuer-den-handel\/produkte\/tolino\/#primaryimage","url":"https:\/\/www.libri.de\/wp-content\/uploads\/2025\/03\/Libri-tolino-Header-1990x1100px.png","contentUrl":"https:\/\/www.libri.de\/wp-content\/uploads\/2025\/03\/Libri-tolino-Header-1990x1100px.png","width":1990,"height":1100,"caption":"tolino Markenbotschafterin Amira"},{"@type":"BreadcrumbList","@id":"https:\/\/www.libri.de\/de\/fuer-den-handel\/produkte\/tolino\/#breadcrumb","itemListElement":[{"@type":"ListItem","position":1,"name":"Start","item":"https:\/\/www.libri.de\/de\/"},{"@type":"ListItem","position":2,"name":"F\u00fcr den Handel","item":"https:\/\/www.libri.de\/de\/fuer-den-handel\/"},{"@type":"ListItem","position":3,"name":"Produkte","item":"https:\/\/www.libri.de\/de\/fuer-den-handel\/produkte\/"},{"@type":"ListItem","position":4,"name":"tolino"}]},{"@type":"WebSite","@id":"https:\/\/www.libri.de\/fr\/#website","url":"https:\/\/www.libri.de\/fr\/","name":"Libri GmbH","description":"Barsortiment und Gro\u00dfhandel f\u00fcr B\u00fccher und andere Medien","publisher":{"@id":"https:\/\/www.libri.de\/fr\/#organization"},"potentialAction":[{"@type":"SearchAction","target":{"@type":"EntryPoint","urlTemplate":"https:\/\/www.libri.de\/fr\/?s={search_term_string}"},"query-input":{"@type":"PropertyValueSpecification","valueRequired":true,"valueName":"search_term_string"}}],"inLanguage":"de"},{"@type":"Organization","@id":"https:\/\/www.libri.de\/fr\/#organization","name":"Libri","url":"https:\/\/www.libri.de\/fr\/","logo":{"@type":"ImageObject","inLanguage":"de","@id":"https:\/\/www.libri.de\/fr\/#\/schema\/logo\/image\/","url":"https:\/\/188.64.195.32\/wp-content\/uploads\/2022\/04\/libri_logo-1.jpg","contentUrl":"https:\/\/188.64.195.32\/wp-content\/uploads\/2022\/04\/libri_logo-1.jpg","width":2000,"height":1000,"caption":"Libri"},"image":{"@id":"https:\/\/www.libri.de\/fr\/#\/schema\/logo\/image\/"},"sameAs":["https:\/\/www.facebook.com\/libribarsortiment","https:\/\/www.instagram.com\/libri.barsortiment","https:\/\/www.linkedin.com\/company\/libri-gmbh"]}]}},"_links":{"self":[{"href":"https:\/\/www.libri.de\/de\/wp-json\/wp\/v2\/pages\/30660","targetHints":{"allow":["GET"]}}],"collection":[{"href":"https:\/\/www.libri.de\/de\/wp-json\/wp\/v2\/pages"}],"about":[{"href":"https:\/\/www.libri.de\/de\/wp-json\/wp\/v2\/types\/page"}],"author":[{"embeddable":true,"href":"https:\/\/www.libri.de\/de\/wp-json\/wp\/v2\/users\/5"}],"replies":[{"embeddable":true,"href":"https:\/\/www.libri.de\/de\/wp-json\/wp\/v2\/comments?post=30660"}],"version-history":[{"count":3,"href":"https:\/\/www.libri.de\/de\/wp-json\/wp\/v2\/pages\/30660\/revisions"}],"predecessor-version":[{"id":90146,"href":"https:\/\/www.libri.de\/de\/wp-json\/wp\/v2\/pages\/30660\/revisions\/90146"}],"up":[{"embeddable":true,"href":"https:\/\/www.libri.de\/de\/wp-json\/wp\/v2\/pages\/32791"}],"wp:featuredmedia":[{"embeddable":true,"href":"https:\/\/www.libri.de\/de\/wp-json\/wp\/v2\/media\/77626"}],"wp:attachment":[{"href":"https:\/\/www.libri.de\/de\/wp-json\/wp\/v2\/media?parent=30660"}],"curies":[{"name":"wp","href":"https:\/\/api.w.org\/{rel}","templated":true}]}}