{"id":28737,"date":"2021-10-08T10:22:25","date_gmt":"2021-10-08T08:22:25","guid":{"rendered":"https:\/\/www.libri.de\/?page_id=28737"},"modified":"2025-10-09T19:21:46","modified_gmt":"2025-10-09T17:21:46","slug":"veranstaltungen","status":"publish","type":"page","link":"https:\/\/www.libri.de\/de\/veranstaltungen\/","title":{"rendered":"Veranstaltungen"},"content":{"rendered":"\r\n<div id=\"header-block_930377357af9e00a1c69eea4d0bbf390\" class=\"block-header module type-left-right bc-trans\">\r\n  <div class=\"container\">\r\n\r\n    <p id=\"breadcrumbs\"><span><span><a href=\"https:\/\/www.libri.de\/de\/\">Start<\/a><\/span><\/span><\/p>    \r\n    \r\n      \r\n      <div class=\"row\">\r\n        <div class=\"col-12 col-md-7 title\">\r\n          <h1 class=\"\">Veranstaltungen<\/h1>\r\n        <\/div>\r\n\r\n        <div class=\"col-12 col-md-5 text\">\r\n          <p>Hier finden Sie unsere n\u00e4chsten Veranstaltungen auf einen Blick.<\/p>\r\n        <\/div>\r\n      <\/div>\r\n\r\n      \r\n  <\/div>\r\n<\/div>\r\n\r\n\n\n\r\n<div id=\"list-block_de88cdfaddd8678da546b82ed96860fc\" class=\"block-list module type-event\">\r\n\r\n  \r\n<a href=\"https:\/\/www.libri.de\/de\/veranstaltungen\/libri-campus-live-2026\/\" class=\"container d-block mb-8 bc-blue-3 highlight\">\r\n  <div class=\"entry d-md-flex flex-md-row-reverse\">\r\n\r\n          <div class=\"image-wrapper\">\r\n        <div class=\"image a-hover-zoom\">\r\n          <img decoding=\"async\" width=\"844\" height=\"633\" src=\"https:\/\/www.libri.de\/wp-content\/uploads\/2025\/12\/Veranstaltung-NEU-43-844x633px-Libri.Campus-live-2026.gif\" class=\"p-a-img wp-post-image\" alt=\"Libri.Campus live 2026 &quot;NEUGIERIG&quot;\" \/>        <\/div>\r\n      <\/div>\r\n    \r\n    <div class=\"text\">\r\n      <div class=\"info\">\r\n        <span class=\"date-start\">07.&nbsp;Mai&nbsp;2026<\/span><span class=\"between-dates\"> &#8211; <\/span><span class=\"date-end\">08.&nbsp;Mai&nbsp;2026<\/span> | <span class=\"info-3\">Schilde-Halle | Bad Hersfeld<\/span>      <\/div>\r\n\r\n      <h3 class=\"h4 entry-title\">Libri.Campus live 2026<\/h3>\r\n      <p class=\"entry-excerpt\">Neugier gilt heute als die Schl\u00fcsselkompetenz f\u00fcr die Zukunft. Denn sie treibt uns an, Neues zu entdecken und auszuprobieren. \n\nWie gierig sind Sie auf Neues?<\/p>\r\n    <\/div>\r\n    \r\n    <div class=\"list-arrow\"><\/div>\r\n\r\n    <\/div>\r\n  <\/a>\r\n<a href=\"https:\/\/www.libri.de\/de\/veranstaltungen\/preisverdachtig-2026\/\" class=\"container d-block mb-8 bc-blue-3\">\r\n  <div class=\"entry \">\r\n\r\n    \r\n    <div class=\"text\">\r\n      <div class=\"info\">\r\n        <span class=\"date-start\">28.&nbsp;Mai&nbsp;2026<\/span><span class=\"between-dates\"> &#8211; <\/span><span class=\"date-end\">15.&nbsp;Juni&nbsp;2026<\/span> | <span class=\"info-3\">Lesef\u00f6rderung<\/span>      <\/div>\r\n\r\n      <h3 class=\"h4 entry-title\">PREISVERD\u00c4CHTIG!<\/h3>\r\n      <p class=\"entry-excerpt\"><\/p>\r\n    <\/div>\r\n    \r\n    <div class=\"list-arrow\"><\/div>\r\n\r\n    <\/div>\r\n  <\/a>\r\n<a href=\"https:\/\/www.libri.de\/de\/veranstaltungen\/buchhandlung-gruenden-oder-uebernehmen-jun-26\/\" class=\"container d-block mb-8 bc-blue-3\">\r\n  <div class=\"entry \">\r\n\r\n    \r\n    <div class=\"text\">\r\n      <div class=\"info\">\r\n        <span class=\"date-start\">18.&nbsp;Juni&nbsp;2026<\/span> | <span class=\"info-2\">10:00 &#8211; 16:00<\/span> | <span class=\"info-3\">Online-Seminar<\/span>      <\/div>\r\n\r\n      <h3 class=\"h4 entry-title\">Buchhandlung gr\u00fcnden oder \u00fcbernehmen<\/h3>\r\n      <p class=\"entry-excerpt\"><\/p>\r\n    <\/div>\r\n    \r\n    <div class=\"list-arrow\"><\/div>\r\n\r\n    <\/div>\r\n  <\/a>\r\n<a href=\"https:\/\/www.libri.de\/de\/veranstaltungen\/booklab-leseliebe-connect\/\" class=\"container d-block mb-8 bc-blue-3 highlight\">\r\n  <div class=\"entry d-md-flex flex-md-row-reverse\">\r\n\r\n          <div class=\"image-wrapper\">\r\n        <div class=\"image a-hover-zoom\">\r\n          <img decoding=\"async\" width=\"768\" height=\"576\" src=\"https:\/\/www.libri.de\/wp-content\/uploads\/2026\/04\/BookLab_LeseLiebe_Connect_844x633px-768x576.png\" class=\"p-a-img wp-post-image\" alt=\"BookLab: LeseLiebe Connect\" srcset=\"https:\/\/www.libri.de\/wp-content\/uploads\/2026\/04\/BookLab_LeseLiebe_Connect_844x633px-768x576.png 768w, https:\/\/www.libri.de\/wp-content\/uploads\/2026\/04\/BookLab_LeseLiebe_Connect_844x633px-300x225.png 300w, https:\/\/www.libri.de\/wp-content\/uploads\/2026\/04\/BookLab_LeseLiebe_Connect_844x633px.png 844w\" sizes=\"(max-width: 768px) 100vw, 768px\" \/>        <\/div>\r\n      <\/div>\r\n    \r\n    <div class=\"text\">\r\n      <div class=\"info\">\r\n        <span class=\"date-start\">24.&nbsp;Juni&nbsp;2026<\/span> | <span class=\"info-2\">08:00 &#8211; 08:45<\/span> | <span class=\"info-3\">Campus.Dialog<\/span>      <\/div>\r\n\r\n      <h3 class=\"h4 entry-title\">BookLab: LeseLiebe Connect<\/h3>\r\n      <p class=\"entry-excerpt\">Mit Kooperationen noch mehr Menschen f\u00fcr B\u00fccher begeistern.<\/p>\r\n    <\/div>\r\n    \r\n    <div class=\"list-arrow\"><\/div>\r\n\r\n    <\/div>\r\n  <\/a>\r\n<a href=\"https:\/\/www.libri.de\/de\/veranstaltungen\/buchhandlung-grunden-oder-ubernehmen-sep-2006\/\" class=\"container d-block mb-8 bc-blue-3\">\r\n  <div class=\"entry \">\r\n\r\n    \r\n    <div class=\"text\">\r\n      <div class=\"info\">\r\n        <span class=\"date-start\">10.&nbsp;September&nbsp;2026<\/span> | <span class=\"info-2\">10:00 &#8211; 16:00<\/span> | <span class=\"info-3\">Online-Seminar<\/span>      <\/div>\r\n\r\n      <h3 class=\"h4 entry-title\">Buchhandlung gr\u00fcnden oder \u00fcbernehmen<\/h3>\r\n      <p class=\"entry-excerpt\"><\/p>\r\n    <\/div>\r\n    \r\n    <div class=\"list-arrow\"><\/div>\r\n\r\n    <\/div>\r\n  <\/a>\r\n<a href=\"https:\/\/www.libri.de\/de\/veranstaltungen\/buchhandlung-grunden-oder-ubernehmen-okt-2026\/\" class=\"container d-block mb-8 bc-blue-3\">\r\n  <div class=\"entry \">\r\n\r\n    \r\n    <div class=\"text\">\r\n      <div class=\"info\">\r\n        <span class=\"date-start\">29.&nbsp;Oktober&nbsp;2026<\/span> | <span class=\"info-2\">10:00 &#8211; 16:00<\/span> | <span class=\"info-3\">Online-Seminar<\/span>      <\/div>\r\n\r\n      <h3 class=\"h4 entry-title\">Buchhandlung gr\u00fcnden oder \u00fcbernehmen<\/h3>\r\n      <p class=\"entry-excerpt\"><\/p>\r\n    <\/div>\r\n    \r\n    <div class=\"list-arrow\"><\/div>\r\n\r\n    <\/div>\r\n  <\/a>\r\n<a href=\"https:\/\/www.libri.de\/de\/veranstaltungen\/buchhandlung-grunden-oder-ubernehmen-nov-2026\/\" class=\"container d-block mb-8 bc-blue-3\">\r\n  <div class=\"entry \">\r\n\r\n    \r\n    <div class=\"text\">\r\n      <div class=\"info\">\r\n        <span class=\"date-start\">26.&nbsp;November&nbsp;2026<\/span> | <span class=\"info-2\">10:00 &#8211; 16:00<\/span> | <span class=\"info-3\">Online-Seminar<\/span>      <\/div>\r\n\r\n      <h3 class=\"h4 entry-title\">Buchhandlung gr\u00fcnden oder \u00fcbernehmen<\/h3>\r\n      <p class=\"entry-excerpt\"><\/p>\r\n    <\/div>\r\n    \r\n    <div class=\"list-arrow\"><\/div>\r\n\r\n    <\/div>\r\n  <\/a><\/div>\n\n\r\n<div id=\"magazine-block_7fabdea69104090515feba21e9c8edb5\" class=\"block-magazine module bc-green-2\">\r\n  <div class=\"container\">\r\n\r\n    <div class=\"title d-md-flex justify-content-between align-items-end\">\r\n      <h2 class=\"h3\">Impulse aus dem Libri.Magazin<\/h2>\r\n      <a class=\"more-link\" href=\"https:\/\/www.libri.de\/de\/magazin\/\" target=\"_self\">Mehr entdecken &gt;<\/a>\r\n    <\/div>\r\n    \r\n    <div class=\"row\">\r\n\r\n      \r\n        <a class=\"col-md-4 post hover-zoom\" href=\"https:\/\/www.libri.de\/de\/magazin\/bookstore-crawl\/\" target=\"_self\">\r\n\r\n          <div class=\"image a-hover-zoom\"><img decoding=\"async\" width=\"768\" height=\"329\" src=\"https:\/\/www.libri.de\/wp-content\/uploads\/2026\/04\/2026_04_Bookstore_Crawl_1792x768px-1-768x329.png\" class=\"attachment-medium_large size-medium_large wp-post-image\" alt=\"Bookstore Crawl Hannover\" srcset=\"https:\/\/www.libri.de\/wp-content\/uploads\/2026\/04\/2026_04_Bookstore_Crawl_1792x768px-1-768x329.png 768w, https:\/\/www.libri.de\/wp-content\/uploads\/2026\/04\/2026_04_Bookstore_Crawl_1792x768px-1-300x129.png 300w, https:\/\/www.libri.de\/wp-content\/uploads\/2026\/04\/2026_04_Bookstore_Crawl_1792x768px-1-1024x439.png 1024w, https:\/\/www.libri.de\/wp-content\/uploads\/2026\/04\/2026_04_Bookstore_Crawl_1792x768px-1-1536x658.png 1536w, https:\/\/www.libri.de\/wp-content\/uploads\/2026\/04\/2026_04_Bookstore_Crawl_1792x768px-1.png 1792w\" sizes=\"(max-width: 768px) 100vw, 768px\" \/><\/div>\r\n          <div class=\"text\">\r\n            <span class=\"date\">\r\n              27.04.2026            <\/span><span class=\"reading-time\">Lesedauer 6 Min<\/span><span class=\"reading-time-mobile\">6 Min<\/span>\r\n            <h3 class=\"post-title h4\">Auf Schnitzeljagd im Buchrevier<\/h3>\r\n          <\/div>\r\n        <\/a>\r\n        \r\n      \r\n        <a class=\"col-md-4 post hover-zoom\" href=\"https:\/\/www.libri.de\/de\/magazin\/eisbrecher-titel\/\" target=\"_self\">\r\n\r\n          <div class=\"image a-hover-zoom\"><img decoding=\"async\" width=\"768\" height=\"329\" src=\"https:\/\/www.libri.de\/wp-content\/uploads\/2026\/04\/Julit_1_26_Startbild_Lesewesen_1792x768px-768x329.png\" class=\"attachment-medium_large size-medium_large wp-post-image\" alt=\"JULIT - Ausgabe 1\/2026: Beitragsbild Lesewesen\" srcset=\"https:\/\/www.libri.de\/wp-content\/uploads\/2026\/04\/Julit_1_26_Startbild_Lesewesen_1792x768px-768x329.png 768w, https:\/\/www.libri.de\/wp-content\/uploads\/2026\/04\/Julit_1_26_Startbild_Lesewesen_1792x768px-300x129.png 300w, https:\/\/www.libri.de\/wp-content\/uploads\/2026\/04\/Julit_1_26_Startbild_Lesewesen_1792x768px-1024x439.png 1024w, https:\/\/www.libri.de\/wp-content\/uploads\/2026\/04\/Julit_1_26_Startbild_Lesewesen_1792x768px-1536x658.png 1536w, https:\/\/www.libri.de\/wp-content\/uploads\/2026\/04\/Julit_1_26_Startbild_Lesewesen_1792x768px.png 1792w\" sizes=\"(max-width: 768px) 100vw, 768px\" \/><\/div>\r\n          <div class=\"text\">\r\n            <span class=\"date\">\r\n              20.04.2026            <\/span><span class=\"reading-time\">Lesedauer 3 Min<\/span><span class=\"reading-time-mobile\">3 Min<\/span>\r\n            <h3 class=\"post-title h4\">Mit Eisbrecher-Titeln Leselust entfachen<\/h3>\r\n          <\/div>\r\n        <\/a>\r\n        \r\n      \r\n        <a class=\"col-md-4 post hover-zoom\" href=\"https:\/\/www.libri.de\/de\/magazin\/inspired-by-newcomer-das-literatourcafe\/\" target=\"_self\">\r\n\r\n          <div class=\"image a-hover-zoom\"><img decoding=\"async\" width=\"768\" height=\"329\" src=\"https:\/\/www.libri.de\/wp-content\/uploads\/2026\/04\/Header_ChristinaNjehu_1792x768px-768x329.jpg\" class=\"attachment-medium_large size-medium_large wp-post-image\" alt=\"Buchh\u00e4ndlerin Christina Njehu vom Literatourcaf\u00e9 sitzt auf einem t\u00fcrkisfarbenen Sessel in einem gem\u00fctlichen Raum mit roten W\u00e4nden und h\u00e4lt ein ge\u00f6ffnetes Buch. Neben ihr steht ein kleiner Tisch mit einer Zimmerpflanze darauf. Im Hintergrund sind B\u00fccherregale zu sehen.\" srcset=\"https:\/\/www.libri.de\/wp-content\/uploads\/2026\/04\/Header_ChristinaNjehu_1792x768px-768x329.jpg 768w, https:\/\/www.libri.de\/wp-content\/uploads\/2026\/04\/Header_ChristinaNjehu_1792x768px-300x129.jpg 300w, https:\/\/www.libri.de\/wp-content\/uploads\/2026\/04\/Header_ChristinaNjehu_1792x768px-1024x439.jpg 1024w, https:\/\/www.libri.de\/wp-content\/uploads\/2026\/04\/Header_ChristinaNjehu_1792x768px-1536x658.jpg 1536w, https:\/\/www.libri.de\/wp-content\/uploads\/2026\/04\/Header_ChristinaNjehu_1792x768px.jpg 1792w\" sizes=\"(max-width: 768px) 100vw, 768px\" \/><\/div>\r\n          <div class=\"text\">\r\n            <span class=\"date\">\r\n              13.04.2026            <\/span><span class=\"reading-time\">Lesedauer 3 Min<\/span><span class=\"reading-time-mobile\">3 Min<\/span>\r\n            <h3 class=\"post-title h4\">Inspired by Newcomer: Das Literatourcaf\u00e9<\/h3>\r\n          <\/div>\r\n        <\/a>\r\n        \r\n          <\/div>\r\n\r\n  <\/div>\r\n<\/div>\r\n\r\n","protected":false},"excerpt":{"rendered":"<p>Hier finden Sie alle unsere Veranstaltungen auf einen Blick.<\/p>\n","protected":false},"author":10,"featured_media":33050,"parent":0,"menu_order":0,"comment_status":"closed","ping_status":"closed","template":"","meta":{"_acf_changed":false,"footnotes":""},"class_list":["post-28737","page","type-page","status-publish","has-post-thumbnail","hentry"],"acf":[],"yoast_head":"<!-- This site is optimized with the Yoast SEO plugin v27.0 - https:\/\/yoast.com\/product\/yoast-seo-wordpress\/ -->\n<title>Veranstaltungen | Libri GmbH<\/title>\n<meta name=\"robots\" content=\"index, follow, max-snippet:-1, max-image-preview:large, max-video-preview:-1\" \/>\n<link rel=\"canonical\" href=\"https:\/\/www.libri.de\/de\/veranstaltungen\/\" \/>\n<meta property=\"og:locale\" content=\"de_DE\" \/>\n<meta property=\"og:type\" content=\"article\" \/>\n<meta property=\"og:title\" content=\"Veranstaltungen | Libri GmbH\" \/>\n<meta property=\"og:description\" content=\"Hier finden Sie alle unsere Veranstaltungen auf einen Blick.\" \/>\n<meta property=\"og:url\" content=\"https:\/\/www.libri.de\/de\/veranstaltungen\/\" \/>\n<meta property=\"og:site_name\" content=\"Libri GmbH\" \/>\n<meta property=\"article:publisher\" content=\"https:\/\/www.facebook.com\/libribarsortiment\" \/>\n<meta property=\"article:modified_time\" content=\"2025-10-09T17:21:46+00:00\" \/>\n<meta property=\"og:image\" content=\"https:\/\/www.libri.de\/wp-content\/uploads\/2021\/11\/Libri-Campus-live-2019-Teilnehmende.jpg\" \/>\n\t<meta property=\"og:image:width\" content=\"800\" \/>\n\t<meta property=\"og:image:height\" content=\"533\" \/>\n\t<meta property=\"og:image:type\" content=\"image\/jpeg\" \/>\n<meta name=\"twitter:card\" content=\"summary_large_image\" \/>\n<meta name=\"twitter:label1\" content=\"Gesch\u00e4tzte Lesezeit\" \/>\n\t<meta name=\"twitter:data1\" content=\"1\u00a0Minute\" \/>\n<script type=\"application\/ld+json\" class=\"yoast-schema-graph\">{\"@context\":\"https:\/\/schema.org\",\"@graph\":[{\"@type\":\"WebPage\",\"@id\":\"https:\/\/www.libri.de\/de\/veranstaltungen\/\",\"url\":\"https:\/\/www.libri.de\/de\/veranstaltungen\/\",\"name\":\"Veranstaltungen | Libri GmbH\",\"isPartOf\":{\"@id\":\"https:\/\/www.libri.de\/fr\/#website\"},\"primaryImageOfPage\":{\"@id\":\"https:\/\/www.libri.de\/de\/veranstaltungen\/#primaryimage\"},\"image\":{\"@id\":\"https:\/\/www.libri.de\/de\/veranstaltungen\/#primaryimage\"},\"thumbnailUrl\":\"https:\/\/www.libri.de\/wp-content\/uploads\/2021\/11\/Libri-Campus-live-2019-Teilnehmende.jpg\",\"datePublished\":\"2021-10-08T08:22:25+00:00\",\"dateModified\":\"2025-10-09T17:21:46+00:00\",\"breadcrumb\":{\"@id\":\"https:\/\/www.libri.de\/de\/veranstaltungen\/#breadcrumb\"},\"inLanguage\":\"de\",\"potentialAction\":[{\"@type\":\"ReadAction\",\"target\":[\"https:\/\/www.libri.de\/de\/veranstaltungen\/\"]}]},{\"@type\":\"ImageObject\",\"inLanguage\":\"de\",\"@id\":\"https:\/\/www.libri.de\/de\/veranstaltungen\/#primaryimage\",\"url\":\"https:\/\/www.libri.de\/wp-content\/uploads\/2021\/11\/Libri-Campus-live-2019-Teilnehmende.jpg\",\"contentUrl\":\"https:\/\/www.libri.de\/wp-content\/uploads\/2021\/11\/Libri-Campus-live-2019-Teilnehmende.jpg\",\"width\":800,\"height\":533,\"caption\":\"OLYMPUS DIGITAL CAMERA\"},{\"@type\":\"BreadcrumbList\",\"@id\":\"https:\/\/www.libri.de\/de\/veranstaltungen\/#breadcrumb\",\"itemListElement\":[{\"@type\":\"ListItem\",\"position\":1,\"name\":\"Start\",\"item\":\"https:\/\/www.libri.de\/de\/\"},{\"@type\":\"ListItem\",\"position\":2,\"name\":\"Veranstaltungen\"}]},{\"@type\":\"WebSite\",\"@id\":\"https:\/\/www.libri.de\/fr\/#website\",\"url\":\"https:\/\/www.libri.de\/fr\/\",\"name\":\"Libri GmbH\",\"description\":\"Barsortiment und Gro\u00dfhandel f\u00fcr B\u00fccher und andere Medien\",\"publisher\":{\"@id\":\"https:\/\/www.libri.de\/fr\/#organization\"},\"potentialAction\":[{\"@type\":\"SearchAction\",\"target\":{\"@type\":\"EntryPoint\",\"urlTemplate\":\"https:\/\/www.libri.de\/fr\/?s={search_term_string}\"},\"query-input\":{\"@type\":\"PropertyValueSpecification\",\"valueRequired\":true,\"valueName\":\"search_term_string\"}}],\"inLanguage\":\"de\"},{\"@type\":\"Organization\",\"@id\":\"https:\/\/www.libri.de\/fr\/#organization\",\"name\":\"Libri\",\"url\":\"https:\/\/www.libri.de\/fr\/\",\"logo\":{\"@type\":\"ImageObject\",\"inLanguage\":\"de\",\"@id\":\"https:\/\/www.libri.de\/fr\/#\/schema\/logo\/image\/\",\"url\":\"https:\/\/188.64.195.32\/wp-content\/uploads\/2022\/04\/libri_logo-1.jpg\",\"contentUrl\":\"https:\/\/188.64.195.32\/wp-content\/uploads\/2022\/04\/libri_logo-1.jpg\",\"width\":2000,\"height\":1000,\"caption\":\"Libri\"},\"image\":{\"@id\":\"https:\/\/www.libri.de\/fr\/#\/schema\/logo\/image\/\"},\"sameAs\":[\"https:\/\/www.facebook.com\/libribarsortiment\",\"https:\/\/www.instagram.com\/libri.barsortiment\",\"https:\/\/www.linkedin.com\/company\/libri-gmbh\"]}]}<\/script>\n<!-- \/ Yoast SEO plugin. -->","yoast_head_json":{"title":"Veranstaltungen | Libri GmbH","robots":{"index":"index","follow":"follow","max-snippet":"max-snippet:-1","max-image-preview":"max-image-preview:large","max-video-preview":"max-video-preview:-1"},"canonical":"https:\/\/www.libri.de\/de\/veranstaltungen\/","og_locale":"de_DE","og_type":"article","og_title":"Veranstaltungen | Libri GmbH","og_description":"Hier finden Sie alle unsere Veranstaltungen auf einen Blick.","og_url":"https:\/\/www.libri.de\/de\/veranstaltungen\/","og_site_name":"Libri GmbH","article_publisher":"https:\/\/www.facebook.com\/libribarsortiment","article_modified_time":"2025-10-09T17:21:46+00:00","og_image":[{"width":800,"height":533,"url":"https:\/\/www.libri.de\/wp-content\/uploads\/2021\/11\/Libri-Campus-live-2019-Teilnehmende.jpg","type":"image\/jpeg"}],"twitter_card":"summary_large_image","twitter_misc":{"Gesch\u00e4tzte Lesezeit":"1\u00a0Minute"},"schema":{"@context":"https:\/\/schema.org","@graph":[{"@type":"WebPage","@id":"https:\/\/www.libri.de\/de\/veranstaltungen\/","url":"https:\/\/www.libri.de\/de\/veranstaltungen\/","name":"Veranstaltungen | Libri GmbH","isPartOf":{"@id":"https:\/\/www.libri.de\/fr\/#website"},"primaryImageOfPage":{"@id":"https:\/\/www.libri.de\/de\/veranstaltungen\/#primaryimage"},"image":{"@id":"https:\/\/www.libri.de\/de\/veranstaltungen\/#primaryimage"},"thumbnailUrl":"https:\/\/www.libri.de\/wp-content\/uploads\/2021\/11\/Libri-Campus-live-2019-Teilnehmende.jpg","datePublished":"2021-10-08T08:22:25+00:00","dateModified":"2025-10-09T17:21:46+00:00","breadcrumb":{"@id":"https:\/\/www.libri.de\/de\/veranstaltungen\/#breadcrumb"},"inLanguage":"de","potentialAction":[{"@type":"ReadAction","target":["https:\/\/www.libri.de\/de\/veranstaltungen\/"]}]},{"@type":"ImageObject","inLanguage":"de","@id":"https:\/\/www.libri.de\/de\/veranstaltungen\/#primaryimage","url":"https:\/\/www.libri.de\/wp-content\/uploads\/2021\/11\/Libri-Campus-live-2019-Teilnehmende.jpg","contentUrl":"https:\/\/www.libri.de\/wp-content\/uploads\/2021\/11\/Libri-Campus-live-2019-Teilnehmende.jpg","width":800,"height":533,"caption":"OLYMPUS DIGITAL CAMERA"},{"@type":"BreadcrumbList","@id":"https:\/\/www.libri.de\/de\/veranstaltungen\/#breadcrumb","itemListElement":[{"@type":"ListItem","position":1,"name":"Start","item":"https:\/\/www.libri.de\/de\/"},{"@type":"ListItem","position":2,"name":"Veranstaltungen"}]},{"@type":"WebSite","@id":"https:\/\/www.libri.de\/fr\/#website","url":"https:\/\/www.libri.de\/fr\/","name":"Libri GmbH","description":"Barsortiment und Gro\u00dfhandel f\u00fcr B\u00fccher und andere Medien","publisher":{"@id":"https:\/\/www.libri.de\/fr\/#organization"},"potentialAction":[{"@type":"SearchAction","target":{"@type":"EntryPoint","urlTemplate":"https:\/\/www.libri.de\/fr\/?s={search_term_string}"},"query-input":{"@type":"PropertyValueSpecification","valueRequired":true,"valueName":"search_term_string"}}],"inLanguage":"de"},{"@type":"Organization","@id":"https:\/\/www.libri.de\/fr\/#organization","name":"Libri","url":"https:\/\/www.libri.de\/fr\/","logo":{"@type":"ImageObject","inLanguage":"de","@id":"https:\/\/www.libri.de\/fr\/#\/schema\/logo\/image\/","url":"https:\/\/188.64.195.32\/wp-content\/uploads\/2022\/04\/libri_logo-1.jpg","contentUrl":"https:\/\/188.64.195.32\/wp-content\/uploads\/2022\/04\/libri_logo-1.jpg","width":2000,"height":1000,"caption":"Libri"},"image":{"@id":"https:\/\/www.libri.de\/fr\/#\/schema\/logo\/image\/"},"sameAs":["https:\/\/www.facebook.com\/libribarsortiment","https:\/\/www.instagram.com\/libri.barsortiment","https:\/\/www.linkedin.com\/company\/libri-gmbh"]}]}},"_links":{"self":[{"href":"https:\/\/www.libri.de\/de\/wp-json\/wp\/v2\/pages\/28737","targetHints":{"allow":["GET"]}}],"collection":[{"href":"https:\/\/www.libri.de\/de\/wp-json\/wp\/v2\/pages"}],"about":[{"href":"https:\/\/www.libri.de\/de\/wp-json\/wp\/v2\/types\/page"}],"author":[{"embeddable":true,"href":"https:\/\/www.libri.de\/de\/wp-json\/wp\/v2\/users\/10"}],"replies":[{"embeddable":true,"href":"https:\/\/www.libri.de\/de\/wp-json\/wp\/v2\/comments?post=28737"}],"version-history":[{"count":2,"href":"https:\/\/www.libri.de\/de\/wp-json\/wp\/v2\/pages\/28737\/revisions"}],"predecessor-version":[{"id":83746,"href":"https:\/\/www.libri.de\/de\/wp-json\/wp\/v2\/pages\/28737\/revisions\/83746"}],"wp:featuredmedia":[{"embeddable":true,"href":"https:\/\/www.libri.de\/de\/wp-json\/wp\/v2\/media\/33050"}],"wp:attachment":[{"href":"https:\/\/www.libri.de\/de\/wp-json\/wp\/v2\/media?parent=28737"}],"curies":[{"name":"wp","href":"https:\/\/api.w.org\/{rel}","templated":true}]}}