{"id":88810,"date":"2026-04-30T13:56:31","date_gmt":"2026-04-30T11:56:31","guid":{"rendered":"https:\/\/www.libri.de\/?post_type=event&#038;p=88810"},"modified":"2026-04-30T13:56:32","modified_gmt":"2026-04-30T11:56:32","slug":"booklab-leseliebe-connect","status":"publish","type":"event","link":"https:\/\/www.libri.de\/de\/veranstaltungen\/booklab-leseliebe-connect\/","title":{"rendered":"BookLab: LeseLiebe Connect"},"content":{"rendered":"\r\n<div id=\"text-block_26f37d02c5ccf645da8a19698f835004\" class=\"block-text module type-text bc-trans\">\r\n  <div class=\"container\">\r\n\r\n    \r\n      <div class=\"row \">\r\n\r\n        \r\n        <div class=\"col-12 col-md-10\">\r\n\r\n          \r\n          <div class=\"text for-box-js\">\r\n            <h2>LeseLiebe Connect<\/h2>\n<p><span data-teams=\"true\"><strong>Durch die Zusammenarbeit mit Partner*innen erh\u00f6hen wir unsere Bekanntheit und k\u00f6nnen wertvolle neue Kund*innen gewinnen.<\/strong> <\/span><\/p>\n<p><span data-teams=\"true\">Lassen Sie uns \u00fcber Schritte nach au\u00dfen sprechen:<\/span><\/p>\n<ul>\n<li><span data-teams=\"true\">Welche Kooperationen k\u00f6nnen Sie empfehlen?<\/span><\/li>\n<li><span data-teams=\"true\"> Welche w\u00fcrden Sie gern ausprobieren? <\/span><\/li>\n<\/ul>\n<p><span data-teams=\"true\">Teilen Sie Ihre Ideen und Gedanken mit anderen B\u00fccher-Profis!<\/span><\/p>\n          <\/div>\r\n\r\n          \r\n          \r\n        <\/div>\r\n        \r\n      <\/div>\r\n\r\n    \r\n  <\/div>\r\n<\/div>\r\n\r\n\n\n\r\n<div id=\"text-block_d88d5fcbd254a5c081c0c23146e0bd77\" class=\"block-text module type-text bc-trans\">\r\n  <div class=\"container\">\r\n\r\n    \r\n      <div class=\"row \">\r\n\r\n        \r\n        <div class=\"col-12 col-md-10\">\r\n\r\n          \r\n          <div class=\"text for-box-js\">\r\n            <h3>Das BookLab<\/h3>\n<p><strong>Erfahrungen teilen, Inspiration gewinnen und Vernetzung f\u00f6rdern &#8211; das sind die Ziele des BookLab-Formats f\u00fcr Buchh\u00e4ndler*innen in Deutschland und der Schweiz.<\/strong><\/p>\n<p>Die Grundidee des BookLabs ist es, Ihnen einen Raum zu bieten, um sich offen \u00fcber Herausforderungen aus dem Buchhandelsalltag auszutauschen und Wissen und L\u00f6sungen zu teilen, die sich in der Praxis bew\u00e4hrt haben. Statt auf sich allein gestellt zu agieren, erm\u00f6glicht das BookLab Beziehungen auszubauen, voneinander zu lernen und gemeinsam erfolgreich zu sein.<\/p>\n<p>Das Besondere: Der Best-Practice-Austausch erfolgt l\u00e4nder\u00fcbergreifend und er\u00f6ffnet so neue Perspektiven. Moderiert von Pascale Ziltener Trapp und Claudia Ordelmans.<\/p>\n          <\/div>\r\n\r\n          \r\n          \r\n        <\/div>\r\n        \r\n      <\/div>\r\n\r\n    \r\n  <\/div>\r\n<\/div>\r\n\r\n\n\n\r\n<div id=\"image-block_9ad137e83dd8bc56dce0877132b7bdae\" class=\"block-image module type-default bc-trans\">\r\n\r\n      <div class=\"container\">\r\n      <div class=\"row\">\r\n        <div class=\"col-12 col-md-10\">\r\n          \r\n          <div class=\"row\">\r\n\r\n                          <div class=\"col\">\r\n                <img decoding=\"async\" width=\"640\" height=\"640\" src=\"https:\/\/www.libri.de\/wp-content\/uploads\/2024\/04\/1.png\" class=\"attachment-large size-large\" alt=\"Claudia Ordelmans - Libri GmbH\" srcset=\"https:\/\/www.libri.de\/wp-content\/uploads\/2024\/04\/1.png 640w, https:\/\/www.libri.de\/wp-content\/uploads\/2024\/04\/1-300x300.png 300w, https:\/\/www.libri.de\/wp-content\/uploads\/2024\/04\/1-150x150.png 150w\" sizes=\"(max-width: 640px) 100vw, 640px\" \/>              <\/div>\r\n                        \r\n                          <div class=\"col-6\">\r\n                <img decoding=\"async\" width=\"800\" height=\"800\" src=\"https:\/\/www.libri.de\/wp-content\/uploads\/2025\/08\/Ziltener_Pascale_800x800px.jpg\" class=\"attachment-large size-large\" alt=\"Pascale Ziltener Trapp | Genossenschaft Schweizer Buchzentrum\" srcset=\"https:\/\/www.libri.de\/wp-content\/uploads\/2025\/08\/Ziltener_Pascale_800x800px.jpg 800w, https:\/\/www.libri.de\/wp-content\/uploads\/2025\/08\/Ziltener_Pascale_800x800px-300x300.jpg 300w, https:\/\/www.libri.de\/wp-content\/uploads\/2025\/08\/Ziltener_Pascale_800x800px-150x150.jpg 150w, https:\/\/www.libri.de\/wp-content\/uploads\/2025\/08\/Ziltener_Pascale_800x800px-768x768.jpg 768w\" sizes=\"(max-width: 800px) 100vw, 800px\" \/>              <\/div>\r\n            \r\n          <\/div>\r\n\r\n          <div class=\"row\">\r\n\r\n                          <div class=\"col caption\">\r\n                Claudia Ordelmans | Libri (Teamleitung Vertrieb station\u00e4rer Buchhandel)               <\/div>\r\n                        \r\n                          <div class=\"col-6 caption\">\r\n                Pascale Ziltener Trapp | Genossenschaft Schweizer Buchzentrum (Gesch\u00e4ftsentwicklung und Branchenberatung Buchhandel)               <\/div>\r\n            \r\n          <\/div>\r\n\r\n        <\/div>\r\n      <\/div>\r\n    <\/div>\r\n\r\n   \r\n  \r\n<\/div>\r\n\r\n\n\n\r\n<div id=\"anmeldung\" class=\"block-anchor\" data-title=\"anmeldung\" >\r\n\r\n  <\/div>\r\n\r\n\n\n\r\n<div id=\"form-block_fb3b825b48d6cff579c7113bb80ff271\" class=\"block-form module bc-green-2\">\r\n  <div class=\"container\">\r\n    <div class=\"row\">\r\n      <div class=\"col-12 col-md-8\">\r\n\r\n                  <h3 class=\"h4 title\">Anmeldung<\/h3>\r\n        \r\n                  <p>Das BookLab findet online auf der Videokonferenzplattform Zoom satt. Die Zugangsdaten erhalten Sie automatisch per E-Mail nach Ihrer Anmeldung.<\/p>\r\n        \r\n        <noscript class=\"ninja-forms-noscript-message\">\n\tHinweis: F\u00fcr diesen Inhalt ist JavaScript erforderlich.<\/noscript>\n<div id=\"nf-form-123-cont\" class=\"nf-form-cont\" aria-live=\"polite\" aria-labelledby=\"nf-form-title-123\" aria-describedby=\"nf-form-errors-123\" role=\"form\">\n\n    <div class=\"nf-loading-spinner\"><\/div>\n\n<\/div>\n        <!-- That data is being printed as a workaround to page builders reordering the order of the scripts loaded-->\n        <script>var formDisplay=1;var nfForms=nfForms||[];var form=[];form.id='123';form.settings={\"objectType\":\"Form Setting\",\"editActive\":true,\"title\":\"2026-06-24-Campus.Dialog: BookLab LeseLiebe Connect\",\"created_at\":\"2025-10-07 19:01:44\",\"default_label_pos\":\"above\",\"show_title\":\"0\",\"clear_complete\":\"1\",\"hide_complete\":\"1\",\"logged_in\":\"\",\"wrapper_class\":\"\",\"element_class\":\"\",\"key\":\"\",\"add_submit\":\"0\",\"currency\":\"\",\"repeatable_fieldsets\":\"\",\"unique_field_error\":\"Ein Formular mit diesem Wert wurde bereits eingereicht.\",\"not_logged_in_msg\":\"\",\"sub_limit_msg\":\"Das Formular hat sein Beitragslimit erreicht.\",\"calculations\":[],\"formContentData\":[\"listselect_1637240306876\",\"vorname_1637240501805\",\"nachname_1637240508558\",\"buchhandlung_1638351444303\",\"in_1749044413882\",\"e-mail_1637240555491\",\"html_1638351554007\",\"datenschutz_1637240708367\",\"submit_1637240328988\"],\"changeEmailErrorMsg\":\"Bitte gib eine g\\u00fcltige E-Mail-Adresse ein.\",\"changeDateErrorMsg\":\"Bitte gib ein g\\u00fcltiges Datum ein!\",\"confirmFieldErrorMsg\":\"Diese Felder m\\u00fcssen \\u00fcbereinstimmen!\",\"fieldNumberNumMinError\":\"Die eingegebene Zahl ist zu klein.\",\"fieldNumberNumMaxError\":\"Die eingegebene Zahl ist zu gross.\",\"fieldNumberIncrementBy\":\"Bitte erh\\u00f6hen in Schritten von\",\"formErrorsCorrectErrors\":\"Bitte korrigiere die Fehler, bevor du das Formular sendest.\",\"validateRequiredField\":\"Dies ist ein Pflichtfeld.\",\"honeypotHoneypotError\":\"Honeypot-Fehler\",\"fieldsMarkedRequired\":\"Felder mit einem <span class=\\\"ninja-forms-req-symbol\\\">*<\\\/span> sind Pflichtfelder\",\"drawerDisabled\":false,\"conditions\":[],\"form_title_heading_level\":\"3\",\"objectDomain\":\"display\",\"allow_public_link\":0,\"embed_form\":\"\",\"ninjaForms\":\"Ninja Forms\",\"fieldTextareaRTEInsertLink\":\"Link einf\\u00fcgen\",\"fieldTextareaRTEInsertMedia\":\"Medien einf\\u00fcgen\",\"fieldTextareaRTESelectAFile\":\"Eine Datei ausw\\u00e4hlen\",\"formHoneypot\":\"Falls du ein Mensch bist und dieses Feld siehst, dann lasse es bitte leer.\",\"fileUploadOldCodeFileUploadInProgress\":\"Datei-Upload l\\u00e4uft.\",\"fileUploadOldCodeFileUpload\":\"DATEI-UPLOAD\",\"currencySymbol\":\"&#36;\",\"thousands_sep\":\".\",\"decimal_point\":\",\",\"siteLocale\":\"de_DE\",\"dateFormat\":\"m\\\/d\\\/Y\",\"startOfWeek\":\"1\",\"of\":\"von\",\"previousMonth\":\"Vorheriger Monat\",\"nextMonth\":\"N\\u00e4chster Monat\",\"months\":[\"Januar\",\"Februar\",\"M\\u00e4rz\",\"April\",\"Mai\",\"Juni\",\"Juli\",\"August\",\"September\",\"Oktober\",\"November\",\"Dezember\"],\"monthsShort\":[\"Jan.\",\"Feb.\",\"M\\u00e4rz\",\"Apr.\",\"Mai\",\"Juni\",\"Juli\",\"Aug\",\"Sep.\",\"Okt.\",\"Nov.\",\"Dez.\"],\"weekdays\":[\"Sonntag\",\"Montag\",\"Dienstag\",\"Mittwoch\",\"Donnerstag\",\"Freitag\",\"Samstag\"],\"weekdaysShort\":[\"So.\",\"Mo.\",\"Di.\",\"Mi.\",\"Do.\",\"Fr.\",\"Sa.\"],\"weekdaysMin\":[\"So.\",\"Mo.\",\"Di.\",\"Mi.\",\"Do.\",\"Fr.\",\"Sa.\"],\"recaptchaConsentMissing\":\"reCaptcha validation couldn&#039;t load.\",\"recaptchaMissingCookie\":\"reCaptcha v3 validation couldn&#039;t load the cookie needed to submit the form.\",\"recaptchaConsentEvent\":\"Accept reCaptcha cookies before sending the form.\",\"currency_symbol\":\"\",\"beforeForm\":\"\",\"beforeFields\":\"\",\"afterFields\":\"\",\"afterForm\":\"\"};form.fields=[{\"objectType\":\"Field\",\"objectDomain\":\"fields\",\"editActive\":false,\"order\":1,\"idAttribute\":\"id\",\"label\":\"Ausw\\u00e4hlen\",\"type\":\"listselect\",\"key\":\"listselect_1637240306876\",\"label_pos\":\"above\",\"required\":1,\"container_class\":\"\",\"element_class\":\"\",\"admin_label\":\"\",\"help_text\":\"\",\"drawerDisabled\":\"\",\"field_label\":\"Ausw\\u00e4hlen\",\"field_key\":\"listselect_1637240306876\",\"options\":[{\"errors\":[],\"max_options\":0,\"label\":\"Frau\",\"value\":\"frau\",\"calc\":\"\",\"selected\":0,\"order\":0,\"settingModel\":{\"settings\":false,\"hide_merge_tags\":false,\"error\":false,\"name\":\"options\",\"type\":\"option-repeater\",\"label\":\"Optionen <a href=\\\"#\\\" class=\\\"nf-add-new\\\">Hinzuf\\u00fcgen<\\\/a> <a href=\\\"#\\\" class=\\\"extra nf-open-import-tooltip\\\"><i class=\\\"fa fa-sign-in\\\" aria-hidden=\\\"true\\\"><\\\/i> Importieren<\\\/a>\",\"width\":\"full\",\"group\":\"\",\"value\":[{\"label\":\"Eins\",\"value\":\"eins\",\"calc\":\"\",\"selected\":0,\"order\":0},{\"label\":\"Zwei\",\"value\":\"zwei\",\"calc\":\"\",\"selected\":0,\"order\":1},{\"label\":\"Drei\",\"value\":\"drei\",\"calc\":\"\",\"selected\":0,\"order\":2}],\"columns\":{\"label\":{\"header\":\"Beschriftung\",\"default\":\"\"},\"value\":{\"header\":\"Wert\",\"default\":\"\"},\"calc\":{\"header\":\"Berechneter Wert\",\"default\":\"\"},\"selected\":{\"header\":\"<span class=\\\"dashicons dashicons-yes\\\"><\\\/span>\",\"default\":0}}}},{\"errors\":[],\"max_options\":0,\"label\":\"Herr\",\"value\":\"herr\",\"calc\":\"\",\"selected\":0,\"order\":1,\"settingModel\":{\"settings\":false,\"hide_merge_tags\":false,\"error\":false,\"name\":\"options\",\"type\":\"option-repeater\",\"label\":\"Optionen <a href=\\\"#\\\" class=\\\"nf-add-new\\\">Hinzuf\\u00fcgen<\\\/a> <a href=\\\"#\\\" class=\\\"extra nf-open-import-tooltip\\\"><i class=\\\"fa fa-sign-in\\\" aria-hidden=\\\"true\\\"><\\\/i> Importieren<\\\/a>\",\"width\":\"full\",\"group\":\"\",\"value\":[{\"label\":\"Eins\",\"value\":\"eins\",\"calc\":\"\",\"selected\":0,\"order\":0},{\"label\":\"Zwei\",\"value\":\"zwei\",\"calc\":\"\",\"selected\":0,\"order\":1},{\"label\":\"Drei\",\"value\":\"drei\",\"calc\":\"\",\"selected\":0,\"order\":2}],\"columns\":{\"label\":{\"header\":\"Beschriftung\",\"default\":\"\"},\"value\":{\"header\":\"Wert\",\"default\":\"\"},\"calc\":{\"header\":\"Berechneter Wert\",\"default\":\"\"},\"selected\":{\"header\":\"<span class=\\\"dashicons dashicons-yes\\\"><\\\/span>\",\"default\":0}}}},{\"errors\":[],\"max_options\":0,\"label\":\"Divers \\\/ k. A.\",\"value\":\"divers-k-a\",\"calc\":\"\",\"selected\":0,\"order\":2,\"settingModel\":{\"settings\":false,\"hide_merge_tags\":false,\"error\":false,\"name\":\"options\",\"type\":\"option-repeater\",\"label\":\"Optionen <a href=\\\"#\\\" class=\\\"nf-add-new\\\">Hinzuf\\u00fcgen<\\\/a> <a href=\\\"#\\\" class=\\\"extra nf-open-import-tooltip\\\"><i class=\\\"fa fa-sign-in\\\" aria-hidden=\\\"true\\\"><\\\/i> Importieren<\\\/a>\",\"width\":\"full\",\"group\":\"\",\"value\":[{\"label\":\"Eins\",\"value\":\"eins\",\"calc\":\"\",\"selected\":0,\"order\":0},{\"label\":\"Zwei\",\"value\":\"zwei\",\"calc\":\"\",\"selected\":0,\"order\":1},{\"label\":\"Drei\",\"value\":\"drei\",\"calc\":\"\",\"selected\":0,\"order\":2}],\"columns\":{\"label\":{\"header\":\"Beschriftung\",\"default\":\"\"},\"value\":{\"header\":\"Wert\",\"default\":\"\"},\"calc\":{\"header\":\"Berechneter Wert\",\"default\":\"\"},\"selected\":{\"header\":\"<span class=\\\"dashicons dashicons-yes\\\"><\\\/span>\",\"default\":0}}}}],\"id\":1460,\"beforeField\":\"\",\"afterField\":\"\",\"value\":\"\",\"parentType\":\"list\",\"element_templates\":[\"listselect\",\"input\"],\"old_classname\":\"list-select\",\"wrap_template\":\"wrap\"},{\"objectType\":\"Field\",\"objectDomain\":\"fields\",\"editActive\":false,\"order\":2,\"idAttribute\":\"id\",\"label\":\"Vorname\",\"type\":\"textbox\",\"key\":\"vorname_1637240501805\",\"label_pos\":\"above\",\"required\":0,\"default\":\"\",\"placeholder\":\"\",\"container_class\":\"\",\"element_class\":\"\",\"input_limit\":\"\",\"input_limit_type\":\"characters\",\"input_limit_msg\":\"verbleibende(s) Zeichen\",\"manual_key\":\"\",\"admin_label\":\"\",\"help_text\":\"\",\"mask\":\"\",\"custom_mask\":\"\",\"custom_name_attribute\":\"\",\"personally_identifiable\":\"\",\"value\":\"\",\"drawerDisabled\":\"\",\"field_label\":\"Vorname\",\"field_key\":\"vorname_1637240501805\",\"id\":1461,\"beforeField\":\"\",\"afterField\":\"\",\"parentType\":\"textbox\",\"element_templates\":[\"textbox\",\"input\"],\"old_classname\":\"\",\"wrap_template\":\"wrap\"},{\"objectType\":\"Field\",\"objectDomain\":\"fields\",\"editActive\":false,\"order\":3,\"idAttribute\":\"id\",\"label\":\"Nachname\",\"type\":\"textbox\",\"key\":\"nachname_1637240508558\",\"label_pos\":\"above\",\"required\":1,\"default\":\"\",\"placeholder\":\"\",\"container_class\":\"\",\"element_class\":\"\",\"input_limit\":\"\",\"input_limit_type\":\"characters\",\"input_limit_msg\":\"verbleibende(s) Zeichen\",\"manual_key\":\"\",\"admin_label\":\"\",\"help_text\":\"\",\"mask\":\"\",\"custom_mask\":\"\",\"custom_name_attribute\":\"\",\"personally_identifiable\":\"\",\"value\":\"\",\"drawerDisabled\":\"\",\"field_label\":\"Nachname\",\"field_key\":\"nachname_1637240508558\",\"id\":1462,\"beforeField\":\"\",\"afterField\":\"\",\"parentType\":\"textbox\",\"element_templates\":[\"textbox\",\"input\"],\"old_classname\":\"\",\"wrap_template\":\"wrap\"},{\"objectType\":\"Field\",\"objectDomain\":\"fields\",\"editActive\":false,\"order\":4,\"idAttribute\":\"id\",\"label\":\"Buchhandlung\",\"type\":\"textbox\",\"key\":\"buchhandlung_1638351444303\",\"label_pos\":\"above\",\"required\":\"\",\"default\":\"\",\"placeholder\":\"\",\"container_class\":\"\",\"element_class\":\"\",\"input_limit\":\"\",\"input_limit_type\":\"characters\",\"input_limit_msg\":\"verbleibende(s) Zeichen\",\"manual_key\":\"\",\"admin_label\":\"\",\"help_text\":\"\",\"mask\":\"\",\"custom_mask\":\"\",\"custom_name_attribute\":\"\",\"personally_identifiable\":\"\",\"value\":\"\",\"field_label\":\"Buchhandlung\",\"field_key\":\"buchhandlung_1638351444303\",\"id\":1466,\"beforeField\":\"\",\"afterField\":\"\",\"parentType\":\"textbox\",\"element_templates\":[\"textbox\",\"input\"],\"old_classname\":\"\",\"wrap_template\":\"wrap\"},{\"objectType\":\"Field\",\"objectDomain\":\"fields\",\"editActive\":false,\"order\":5,\"idAttribute\":\"id\",\"label\":\"in \",\"type\":\"listradio\",\"key\":\"in_1749044413882\",\"label_pos\":\"above\",\"required\":1,\"options\":[{\"errors\":[],\"max_options\":0,\"label\":\"Deutschland\",\"value\":\"Deutschland\",\"calc\":\"\",\"selected\":0,\"order\":0,\"settingModel\":{\"settings\":false,\"hide_merge_tags\":false,\"error\":false,\"name\":\"options\",\"type\":\"option-repeater\",\"label\":\"Optionen <a href=\\\"#\\\" class=\\\"nf-add-new\\\">Hinzuf\\u00fcgen<\\\/a> <a href=\\\"#\\\" class=\\\"extra nf-open-import-tooltip\\\"><i class=\\\"fa fa-sign-in\\\" aria-hidden=\\\"true\\\"><\\\/i> Importieren<\\\/a>\",\"width\":\"full\",\"group\":\"\",\"value\":[{\"label\":\"Eins\",\"value\":\"eins\",\"calc\":\"\",\"selected\":0,\"order\":0},{\"label\":\"Zwei\",\"value\":\"zwei\",\"calc\":\"\",\"selected\":0,\"order\":1},{\"label\":\"Drei\",\"value\":\"drei\",\"calc\":\"\",\"selected\":0,\"order\":2}],\"columns\":{\"label\":{\"header\":\"Beschriftung\",\"default\":\"\"},\"value\":{\"header\":\"Wert\",\"default\":\"\"},\"calc\":{\"header\":\"Berechneter Wert\",\"default\":\"\"},\"selected\":{\"header\":\"<span class=\\\"dashicons dashicons-yes\\\"><\\\/span>\",\"default\":0}}},\"manual_value\":true},{\"errors\":[],\"max_options\":0,\"label\":\"der Schweiz\",\"value\":\"Schweiz\",\"calc\":\"\",\"selected\":0,\"order\":1,\"settingModel\":{\"settings\":false,\"hide_merge_tags\":false,\"error\":false,\"name\":\"options\",\"type\":\"option-repeater\",\"label\":\"Optionen <a href=\\\"#\\\" class=\\\"nf-add-new\\\">Hinzuf\\u00fcgen<\\\/a> <a href=\\\"#\\\" class=\\\"extra nf-open-import-tooltip\\\"><i class=\\\"fa fa-sign-in\\\" aria-hidden=\\\"true\\\"><\\\/i> Importieren<\\\/a>\",\"width\":\"full\",\"group\":\"\",\"value\":[{\"label\":\"Eins\",\"value\":\"eins\",\"calc\":\"\",\"selected\":0,\"order\":0},{\"label\":\"Zwei\",\"value\":\"zwei\",\"calc\":\"\",\"selected\":0,\"order\":1},{\"label\":\"Drei\",\"value\":\"drei\",\"calc\":\"\",\"selected\":0,\"order\":2}],\"columns\":{\"label\":{\"header\":\"Beschriftung\",\"default\":\"\"},\"value\":{\"header\":\"Wert\",\"default\":\"\"},\"calc\":{\"header\":\"Berechneter Wert\",\"default\":\"\"},\"selected\":{\"header\":\"<span class=\\\"dashicons dashicons-yes\\\"><\\\/span>\",\"default\":0}}},\"manual_value\":true}],\"container_class\":\"\",\"element_class\":\"\",\"admin_label\":\"\",\"help_text\":\"\",\"drawerDisabled\":\"\",\"field_label\":\"in \",\"field_key\":\"in_1749044413882\",\"id\":1468,\"beforeField\":\"\",\"afterField\":\"\",\"value\":\"\",\"parentType\":\"list\",\"element_templates\":[\"listradio\",\"input\"],\"old_classname\":\"list-radio\",\"wrap_template\":\"wrap\"},{\"objectType\":\"Field\",\"objectDomain\":\"fields\",\"editActive\":false,\"order\":6,\"idAttribute\":\"id\",\"label\":\"E-Mail\",\"type\":\"textbox\",\"key\":\"e-mail_1637240555491\",\"label_pos\":\"above\",\"required\":1,\"default\":\"\",\"placeholder\":\"\",\"container_class\":\"\",\"element_class\":\"\",\"input_limit\":\"\",\"input_limit_type\":\"characters\",\"input_limit_msg\":\"verbleibende(s) Zeichen\",\"manual_key\":\"\",\"admin_label\":\"\",\"help_text\":\"\",\"mask\":\"\",\"custom_mask\":\"\",\"custom_name_attribute\":\"\",\"personally_identifiable\":\"\",\"value\":\"\",\"drawerDisabled\":\"\",\"field_label\":\"E-Mail\",\"field_key\":\"e-mail_1637240555491\",\"id\":1463,\"beforeField\":\"\",\"afterField\":\"\",\"parentType\":\"textbox\",\"element_templates\":[\"textbox\",\"input\"],\"old_classname\":\"\",\"wrap_template\":\"wrap\"},{\"objectType\":\"Field\",\"objectDomain\":\"fields\",\"editActive\":false,\"order\":7,\"idAttribute\":\"id\",\"label\":\"HTML\",\"type\":\"html\",\"default\":\"<p>Personenbezogene Angaben, die Sie im Rahmen dieser Anmeldung machen, verwendet Libri ausschlie\\u00dflich zur Planung und Durchf\\u00fchrung der Veranstaltung (Art. 6 Abs. 1 lit. f DSGVO). Eine Nutzung Ihrer Daten f\\u00fcr Werbezwecke findet nicht statt. Libri l\\u00f6scht diese Daten sofort nach Abschluss der Veranstaltung oder wenn Sie der Nutzung Ihrer Daten widersprechen. F\\u00fcr weitere Informationen (Betroffenenrechte usw.) lesen Sie bitte unsere <a href=\\\"https:\\\/\\\/www.libri.de\\\/de\\\/datenschutz\\\/\\\" target=\\\"_blank\\\">Datenschutzbestimmungen<\\\/a>. <\\\/p><p>Mit dem Absenden Ihrer Anmeldung erkl\\u00e4ren Sie sich mit den <a href=\\\"https:\\\/\\\/www.libri.de\\\/de\\\/agb-veranstaltungen\\\/\\\" target=\\\"_blank\\\">Allgemeinen Gesch\\u00e4ftsbedingungen f\\u00fcr Veranstaltungen<\\\/a> einverstanden.<\\\/p>\",\"container_class\":\"\",\"element_class\":\"\",\"key\":\"html_1638351554007\",\"drawerDisabled\":\"\",\"field_label\":\"HTML\",\"field_key\":\"html_1638351554007\",\"admin_label\":\"\",\"id\":1467,\"beforeField\":\"\",\"afterField\":\"\",\"value\":\"<p>Personenbezogene Angaben, die Sie im Rahmen dieser Anmeldung machen, verwendet Libri ausschlie\\u00dflich zur Planung und Durchf\\u00fchrung der Veranstaltung (Art. 6 Abs. 1 lit. f DSGVO). Eine Nutzung Ihrer Daten f\\u00fcr Werbezwecke findet nicht statt. Libri l\\u00f6scht diese Daten sofort nach Abschluss der Veranstaltung oder wenn Sie der Nutzung Ihrer Daten widersprechen. F\\u00fcr weitere Informationen (Betroffenenrechte usw.) lesen Sie bitte unsere <a href=\\\"https:\\\/\\\/www.libri.de\\\/de\\\/datenschutz\\\/\\\" target=\\\"_blank\\\">Datenschutzbestimmungen<\\\/a>. <\\\/p><p>Mit dem Absenden Ihrer Anmeldung erkl\\u00e4ren Sie sich mit den <a href=\\\"https:\\\/\\\/www.libri.de\\\/de\\\/agb-veranstaltungen\\\/\\\" target=\\\"_blank\\\">Allgemeinen Gesch\\u00e4ftsbedingungen f\\u00fcr Veranstaltungen<\\\/a> einverstanden.<\\\/p>\",\"label_pos\":\"above\",\"parentType\":\"html\",\"element_templates\":[\"html\",\"input\"],\"old_classname\":\"\",\"wrap_template\":\"wrap\"},{\"objectType\":\"Field\",\"objectDomain\":\"fields\",\"editActive\":false,\"order\":8,\"idAttribute\":\"id\",\"label\":\"Datenschutz\",\"type\":\"checkbox\",\"key\":\"datenschutz_1637240708367\",\"label_pos\":\"right\",\"required\":1,\"container_class\":\"\",\"element_class\":\"\",\"manual_key\":\"\",\"admin_label\":\"\",\"help_text\":\"\",\"desc_text\":\"<p><span id=\\\"nf-drawer-content\\\"><span class=\\\"nf-setting-groups\\\"><span class=\\\"nf-field-settings\\\"><span class=\\\"nf-field-sub-settings\\\"><span id=\\\"nf-drawer-content\\\"><span class=\\\"nf-setting-groups\\\"><span class=\\\"nf-field-settings\\\"><span class=\\\"nf-field-sub-settings\\\">Mit Versendung akzeptiere ich die Datenschutzhinweise der Libri GmbH f\\u00fcr eine <a href=\\\"https:\\\/\\\/www.libri.de\\\/de\\\/datenschutz\\\/online-angebote\\\/\\\" target=\\\"_blank\\\">Teilnahme \\u00fcber Zoom<\\\/a>.<\\\/span><\\\/span><\\\/span><\\\/span><\\\/span><\\\/span><\\\/span><\\\/span><br><\\\/p>\",\"default_value\":\"unchecked\",\"checked_value\":\"Ausgew\\u00e4hlt\",\"unchecked_value\":\"Nicht ausgew\\u00e4hlt\",\"checked_calc_value\":\"\",\"unchecked_calc_value\":\"\",\"drawerDisabled\":\"\",\"field_label\":\"Datenschutz\",\"field_key\":\"datenschutz_1637240708367\",\"id\":1464,\"beforeField\":\"\",\"afterField\":\"\",\"value\":\"\",\"parentType\":\"checkbox\",\"element_templates\":[\"checkbox\",\"input\"],\"old_classname\":\"\",\"wrap_template\":\"wrap\"},{\"objectType\":\"Field\",\"objectDomain\":\"fields\",\"editActive\":false,\"order\":9,\"idAttribute\":\"id\",\"label\":\"Absenden\",\"type\":\"submit\",\"processing_label\":\"Verarbeite\",\"container_class\":\"\",\"element_class\":\"\",\"key\":\"submit_1637240328988\",\"field_label\":\"Absenden\",\"field_key\":\"submit_1637240328988\",\"admin_label\":\"\",\"id\":1465,\"beforeField\":\"\",\"afterField\":\"\",\"value\":\"\",\"label_pos\":\"above\",\"parentType\":\"textbox\",\"element_templates\":[\"submit\",\"button\",\"input\"],\"old_classname\":\"\",\"wrap_template\":\"wrap-no-label\"}];nfForms.push(form);<\/script>\n         \t\r\n      <\/div>\r\n    <\/div>\r\n  <\/div>\r\n<\/div>\n\n\r\n<div id=\"postlink-block_f563b67276e40b61566ab1b8fa818b38\" class=\"block-postlink module has-padding bc-trans block-postlink--default\">\r\n  <div class=\"container\">\r\n    \r\n    <a class=\"postlink\" href=\"https:\/\/www.libri.de\/de\/magazin\/booklab\/\">\r\n      <div class=\"row\">\r\n\r\n        <div class=\"col-12 col-sm-4\">\r\n          <div class=\"image a-hover-zoom\">\r\n            <img decoding=\"async\" width=\"1988\" height=\"940\" src=\"https:\/\/www.libri.de\/wp-content\/uploads\/2025\/05\/Kopie-von-Header-Blog-Libri.Magazin-66.jpg\" class=\"attachment-post-thumbnail size-post-thumbnail wp-post-image\" alt=\"BookLab - neues Campus.Dialog-Format\" srcset=\"https:\/\/www.libri.de\/wp-content\/uploads\/2025\/05\/Kopie-von-Header-Blog-Libri.Magazin-66.jpg 1988w, https:\/\/www.libri.de\/wp-content\/uploads\/2025\/05\/Kopie-von-Header-Blog-Libri.Magazin-66-300x142.jpg 300w, https:\/\/www.libri.de\/wp-content\/uploads\/2025\/05\/Kopie-von-Header-Blog-Libri.Magazin-66-1024x484.jpg 1024w, https:\/\/www.libri.de\/wp-content\/uploads\/2025\/05\/Kopie-von-Header-Blog-Libri.Magazin-66-768x363.jpg 768w, https:\/\/www.libri.de\/wp-content\/uploads\/2025\/05\/Kopie-von-Header-Blog-Libri.Magazin-66-1536x726.jpg 1536w\" sizes=\"(max-width: 1988px) 100vw, 1988px\" \/>          <\/div>\r\n        <\/div>\r\n\r\n        <div class=\"col\">\r\n          <div class=\"right d-flex flex-column justify-content-center auto-clamp-container\">\r\n            <div class=\"auto-clamp-inner d-flex flex-column\">\r\n              <div class=\"info\">\r\n                <span class=\"duration d-block d-sm-inline\">\r\n                    <span class=\"icon\"><img decoding=\"async\" src=\"https:\/\/www.libri.de\/wp-content\/themes\/libri\/img\/library.svg\" alt=\"\"><\/span>\r\n                    Lesedauer 6 Min                  <\/span><span class=\"seperator d-none d-sm-inline\"> | <\/span><span class=\"category\">\r\n                    Campus erleben                  <\/span><span class=\"seperator\"> | <\/span><span class=\"date\">11. Juni 2025<\/span>\r\n              <\/div>\r\n\r\n              <div class=\"title\">\r\n                <h3>BookLab<\/h3>\r\n              <\/div>\r\n\r\n              <p class=\"description\">\r\n                <span class=\"auto-clamp-content\">Gemeinsam mit der Genossenschaft Schweizer Buchzentrum probieren wir ein neues Format aus und setzen dabei verst\u00e4rkt auf Austausch und Lernen voneinander.<\/span>\r\n              <\/p>\r\n\r\n              <div class=\"right-bottom\">\r\n                <div class=\"bttn-secondary link\">Zum Magazin-Artikel<\/div>\r\n              <\/div>\r\n            <\/div>\r\n          <\/div>\r\n        <\/div>\r\n\r\n      <\/div>\r\n    <\/a>\r\n\r\n      <\/div>\r\n<\/div>","protected":false},"excerpt":{"rendered":"<p>Mit Kooperationen noch mehr Menschen f\u00fcr B\u00fccher begeistern.<\/p>\n","protected":false},"author":5,"featured_media":90292,"template":"","event_type":[102],"event_topic":[],"class_list":["post-88810","event","type-event","status-publish","has-post-thumbnail","hentry","event_type-campus-dialog"],"acf":[],"yoast_head":"<!-- This site is optimized with the Yoast SEO plugin v27.0 - https:\/\/yoast.com\/product\/yoast-seo-wordpress\/ -->\n<title>BookLab am 24. Juni 2026: LeseLiebe Connect<\/title>\n<meta name=\"description\" content=\"Mit Kooperationen noch mehr Menschen f\u00fcr B\u00fccher begeistern - Best Practice &amp; Austausch f\u00fcr Buchh\u00e4ndler*innen aus Deutschland und der Schweiz\" \/>\n<meta name=\"robots\" content=\"index, follow, max-snippet:-1, max-image-preview:large, max-video-preview:-1\" \/>\n<link rel=\"canonical\" href=\"https:\/\/www.libri.de\/de\/veranstaltungen\/booklab-leseliebe-connect\/\" \/>\n<meta property=\"og:locale\" content=\"de_DE\" \/>\n<meta property=\"og:type\" content=\"article\" \/>\n<meta property=\"og:title\" content=\"BookLab am 24. Juni 2026: LeseLiebe Connect\" \/>\n<meta property=\"og:description\" content=\"Mit Kooperationen noch mehr Menschen f\u00fcr B\u00fccher begeistern - Best Practice &amp; Austausch f\u00fcr Buchh\u00e4ndler*innen aus Deutschland und der Schweiz\" \/>\n<meta property=\"og:url\" content=\"https:\/\/www.libri.de\/de\/veranstaltungen\/booklab-leseliebe-connect\/\" \/>\n<meta property=\"og:site_name\" content=\"Libri GmbH\" \/>\n<meta property=\"article:publisher\" content=\"https:\/\/www.facebook.com\/libribarsortiment\" \/>\n<meta property=\"article:modified_time\" content=\"2026-04-30T11:56:32+00:00\" \/>\n<meta property=\"og:image\" content=\"https:\/\/www.libri.de\/wp-content\/uploads\/2026\/04\/BookLab_LeseLiebe_Connect_844x633px.png\" \/>\n\t<meta property=\"og:image:width\" content=\"844\" \/>\n\t<meta property=\"og:image:height\" content=\"633\" \/>\n\t<meta property=\"og:image:type\" content=\"image\/png\" \/>\n<meta name=\"twitter:card\" content=\"summary_large_image\" \/>\n<meta name=\"twitter:label1\" content=\"Gesch\u00e4tzte Lesezeit\" \/>\n\t<meta name=\"twitter:data1\" content=\"1\u00a0Minute\" \/>\n<script type=\"application\/ld+json\" class=\"yoast-schema-graph\">{\"@context\":\"https:\/\/schema.org\",\"@graph\":[{\"@type\":\"WebPage\",\"@id\":\"https:\/\/www.libri.de\/de\/veranstaltungen\/booklab-leseliebe-connect\/\",\"url\":\"https:\/\/www.libri.de\/de\/veranstaltungen\/booklab-leseliebe-connect\/\",\"name\":\"BookLab am 24. Juni 2026: LeseLiebe Connect\",\"isPartOf\":{\"@id\":\"https:\/\/www.libri.de\/fr\/#website\"},\"primaryImageOfPage\":{\"@id\":\"https:\/\/www.libri.de\/de\/veranstaltungen\/booklab-leseliebe-connect\/#primaryimage\"},\"image\":{\"@id\":\"https:\/\/www.libri.de\/de\/veranstaltungen\/booklab-leseliebe-connect\/#primaryimage\"},\"thumbnailUrl\":\"https:\/\/www.libri.de\/wp-content\/uploads\/2026\/04\/BookLab_LeseLiebe_Connect_844x633px.png\",\"datePublished\":\"2026-04-30T11:56:31+00:00\",\"dateModified\":\"2026-04-30T11:56:32+00:00\",\"description\":\"Mit Kooperationen noch mehr Menschen f\u00fcr B\u00fccher begeistern - Best Practice & Austausch f\u00fcr Buchh\u00e4ndler*innen aus Deutschland und der Schweiz\",\"breadcrumb\":{\"@id\":\"https:\/\/www.libri.de\/de\/veranstaltungen\/booklab-leseliebe-connect\/#breadcrumb\"},\"inLanguage\":\"de\",\"potentialAction\":[{\"@type\":\"ReadAction\",\"target\":[\"https:\/\/www.libri.de\/de\/veranstaltungen\/booklab-leseliebe-connect\/\"]}]},{\"@type\":\"ImageObject\",\"inLanguage\":\"de\",\"@id\":\"https:\/\/www.libri.de\/de\/veranstaltungen\/booklab-leseliebe-connect\/#primaryimage\",\"url\":\"https:\/\/www.libri.de\/wp-content\/uploads\/2026\/04\/BookLab_LeseLiebe_Connect_844x633px.png\",\"contentUrl\":\"https:\/\/www.libri.de\/wp-content\/uploads\/2026\/04\/BookLab_LeseLiebe_Connect_844x633px.png\",\"width\":844,\"height\":633,\"caption\":\"BookLab: LeseLiebe Connect\"},{\"@type\":\"BreadcrumbList\",\"@id\":\"https:\/\/www.libri.de\/de\/veranstaltungen\/booklab-leseliebe-connect\/#breadcrumb\",\"itemListElement\":[{\"@type\":\"ListItem\",\"position\":1,\"name\":\"Start\",\"item\":\"https:\/\/www.libri.de\/de\/\"},{\"@type\":\"ListItem\",\"position\":2,\"name\":\"BookLab: LeseLiebe Connect\"}]},{\"@type\":\"WebSite\",\"@id\":\"https:\/\/www.libri.de\/fr\/#website\",\"url\":\"https:\/\/www.libri.de\/fr\/\",\"name\":\"Libri GmbH\",\"description\":\"Barsortiment und Gro\u00dfhandel f\u00fcr B\u00fccher und andere Medien\",\"publisher\":{\"@id\":\"https:\/\/www.libri.de\/fr\/#organization\"},\"potentialAction\":[{\"@type\":\"SearchAction\",\"target\":{\"@type\":\"EntryPoint\",\"urlTemplate\":\"https:\/\/www.libri.de\/fr\/?s={search_term_string}\"},\"query-input\":{\"@type\":\"PropertyValueSpecification\",\"valueRequired\":true,\"valueName\":\"search_term_string\"}}],\"inLanguage\":\"de\"},{\"@type\":\"Organization\",\"@id\":\"https:\/\/www.libri.de\/fr\/#organization\",\"name\":\"Libri\",\"url\":\"https:\/\/www.libri.de\/fr\/\",\"logo\":{\"@type\":\"ImageObject\",\"inLanguage\":\"de\",\"@id\":\"https:\/\/www.libri.de\/fr\/#\/schema\/logo\/image\/\",\"url\":\"https:\/\/188.64.195.32\/wp-content\/uploads\/2022\/04\/libri_logo-1.jpg\",\"contentUrl\":\"https:\/\/188.64.195.32\/wp-content\/uploads\/2022\/04\/libri_logo-1.jpg\",\"width\":2000,\"height\":1000,\"caption\":\"Libri\"},\"image\":{\"@id\":\"https:\/\/www.libri.de\/fr\/#\/schema\/logo\/image\/\"},\"sameAs\":[\"https:\/\/www.facebook.com\/libribarsortiment\",\"https:\/\/www.instagram.com\/libri.barsortiment\",\"https:\/\/www.linkedin.com\/company\/libri-gmbh\"]}]}<\/script>\n<!-- \/ Yoast SEO plugin. -->","yoast_head_json":{"title":"BookLab am 24. Juni 2026: LeseLiebe Connect","description":"Mit Kooperationen noch mehr Menschen f\u00fcr B\u00fccher begeistern - Best Practice & Austausch f\u00fcr Buchh\u00e4ndler*innen aus Deutschland und der Schweiz","robots":{"index":"index","follow":"follow","max-snippet":"max-snippet:-1","max-image-preview":"max-image-preview:large","max-video-preview":"max-video-preview:-1"},"canonical":"https:\/\/www.libri.de\/de\/veranstaltungen\/booklab-leseliebe-connect\/","og_locale":"de_DE","og_type":"article","og_title":"BookLab am 24. Juni 2026: LeseLiebe Connect","og_description":"Mit Kooperationen noch mehr Menschen f\u00fcr B\u00fccher begeistern - Best Practice & Austausch f\u00fcr Buchh\u00e4ndler*innen aus Deutschland und der Schweiz","og_url":"https:\/\/www.libri.de\/de\/veranstaltungen\/booklab-leseliebe-connect\/","og_site_name":"Libri GmbH","article_publisher":"https:\/\/www.facebook.com\/libribarsortiment","article_modified_time":"2026-04-30T11:56:32+00:00","og_image":[{"width":844,"height":633,"url":"https:\/\/www.libri.de\/wp-content\/uploads\/2026\/04\/BookLab_LeseLiebe_Connect_844x633px.png","type":"image\/png"}],"twitter_card":"summary_large_image","twitter_misc":{"Gesch\u00e4tzte Lesezeit":"1\u00a0Minute"},"schema":{"@context":"https:\/\/schema.org","@graph":[{"@type":"WebPage","@id":"https:\/\/www.libri.de\/de\/veranstaltungen\/booklab-leseliebe-connect\/","url":"https:\/\/www.libri.de\/de\/veranstaltungen\/booklab-leseliebe-connect\/","name":"BookLab am 24. Juni 2026: LeseLiebe Connect","isPartOf":{"@id":"https:\/\/www.libri.de\/fr\/#website"},"primaryImageOfPage":{"@id":"https:\/\/www.libri.de\/de\/veranstaltungen\/booklab-leseliebe-connect\/#primaryimage"},"image":{"@id":"https:\/\/www.libri.de\/de\/veranstaltungen\/booklab-leseliebe-connect\/#primaryimage"},"thumbnailUrl":"https:\/\/www.libri.de\/wp-content\/uploads\/2026\/04\/BookLab_LeseLiebe_Connect_844x633px.png","datePublished":"2026-04-30T11:56:31+00:00","dateModified":"2026-04-30T11:56:32+00:00","description":"Mit Kooperationen noch mehr Menschen f\u00fcr B\u00fccher begeistern - Best Practice & Austausch f\u00fcr Buchh\u00e4ndler*innen aus Deutschland und der Schweiz","breadcrumb":{"@id":"https:\/\/www.libri.de\/de\/veranstaltungen\/booklab-leseliebe-connect\/#breadcrumb"},"inLanguage":"de","potentialAction":[{"@type":"ReadAction","target":["https:\/\/www.libri.de\/de\/veranstaltungen\/booklab-leseliebe-connect\/"]}]},{"@type":"ImageObject","inLanguage":"de","@id":"https:\/\/www.libri.de\/de\/veranstaltungen\/booklab-leseliebe-connect\/#primaryimage","url":"https:\/\/www.libri.de\/wp-content\/uploads\/2026\/04\/BookLab_LeseLiebe_Connect_844x633px.png","contentUrl":"https:\/\/www.libri.de\/wp-content\/uploads\/2026\/04\/BookLab_LeseLiebe_Connect_844x633px.png","width":844,"height":633,"caption":"BookLab: LeseLiebe Connect"},{"@type":"BreadcrumbList","@id":"https:\/\/www.libri.de\/de\/veranstaltungen\/booklab-leseliebe-connect\/#breadcrumb","itemListElement":[{"@type":"ListItem","position":1,"name":"Start","item":"https:\/\/www.libri.de\/de\/"},{"@type":"ListItem","position":2,"name":"BookLab: LeseLiebe Connect"}]},{"@type":"WebSite","@id":"https:\/\/www.libri.de\/fr\/#website","url":"https:\/\/www.libri.de\/fr\/","name":"Libri GmbH","description":"Barsortiment und Gro\u00dfhandel f\u00fcr B\u00fccher und andere Medien","publisher":{"@id":"https:\/\/www.libri.de\/fr\/#organization"},"potentialAction":[{"@type":"SearchAction","target":{"@type":"EntryPoint","urlTemplate":"https:\/\/www.libri.de\/fr\/?s={search_term_string}"},"query-input":{"@type":"PropertyValueSpecification","valueRequired":true,"valueName":"search_term_string"}}],"inLanguage":"de"},{"@type":"Organization","@id":"https:\/\/www.libri.de\/fr\/#organization","name":"Libri","url":"https:\/\/www.libri.de\/fr\/","logo":{"@type":"ImageObject","inLanguage":"de","@id":"https:\/\/www.libri.de\/fr\/#\/schema\/logo\/image\/","url":"https:\/\/188.64.195.32\/wp-content\/uploads\/2022\/04\/libri_logo-1.jpg","contentUrl":"https:\/\/188.64.195.32\/wp-content\/uploads\/2022\/04\/libri_logo-1.jpg","width":2000,"height":1000,"caption":"Libri"},"image":{"@id":"https:\/\/www.libri.de\/fr\/#\/schema\/logo\/image\/"},"sameAs":["https:\/\/www.facebook.com\/libribarsortiment","https:\/\/www.instagram.com\/libri.barsortiment","https:\/\/www.linkedin.com\/company\/libri-gmbh"]}]}},"_links":{"self":[{"href":"https:\/\/www.libri.de\/de\/wp-json\/wp\/v2\/event\/88810","targetHints":{"allow":["GET"]}}],"collection":[{"href":"https:\/\/www.libri.de\/de\/wp-json\/wp\/v2\/event"}],"about":[{"href":"https:\/\/www.libri.de\/de\/wp-json\/wp\/v2\/types\/event"}],"author":[{"embeddable":true,"href":"https:\/\/www.libri.de\/de\/wp-json\/wp\/v2\/users\/5"}],"wp:featuredmedia":[{"embeddable":true,"href":"https:\/\/www.libri.de\/de\/wp-json\/wp\/v2\/media\/90292"}],"wp:attachment":[{"href":"https:\/\/www.libri.de\/de\/wp-json\/wp\/v2\/media?parent=88810"}],"wp:term":[{"taxonomy":"event_type","embeddable":true,"href":"https:\/\/www.libri.de\/de\/wp-json\/wp\/v2\/event_type?post=88810"},{"taxonomy":"event_topic","embeddable":true,"href":"https:\/\/www.libri.de\/de\/wp-json\/wp\/v2\/event_topic?post=88810"}],"curies":[{"name":"wp","href":"https:\/\/api.w.org\/{rel}","templated":true}]}}