{"id":78569,"date":"2025-05-14T08:17:01","date_gmt":"2025-05-14T06:17:01","guid":{"rendered":"https:\/\/www.libri.de\/?post_type=event&#038;p=78569"},"modified":"2025-11-14T17:09:15","modified_gmt":"2025-11-14T15:09:15","slug":"libri-campus-live-2025","status":"publish","type":"event","link":"https:\/\/www.libri.de\/de\/veranstaltungen\/libri-campus-live-2025\/","title":{"rendered":"Libri.Campus live 2025"},"content":{"rendered":"\r\n<div id=\"anchor-nav-block_958d2f4de2f4a7f7b2832c6706cf102f\" class=\"block-anchor-nav module bc-libri-blue c-white-imp\"  >\r\n\r\n      <div class=\"container\"><div class=\"line\"><\/div><\/div>\r\n    \r\n    <div class=\"container\">\r\n      <div class=\"p-relative\">\r\n        <div class=\"arrow left\"><\/div>\r\n        <div class=\"arrow right\"><\/div>\r\n      <\/div>\r\n      <div class=\"overflow-x-auto\">\r\n        <div class=\"d-flex anchor-nav\" data-class=\"anchor-nav-entry\"><\/div>\r\n      <\/div>\r\n    <\/div>\r\n\r\n  <\/div>\r\n\r\n\n\n\r\n<div id=\"text-block_71c911ca84ebd5c52c269fee43762756\" class=\"block-text module type-text-img bc-trans\">\r\n  <div class=\"container\">\r\n\r\n    \r\n      <div class=\"row flex-row-reverse\">\r\n\r\n        \r\n          <div class=\"col-12 col-md-6 col-xl-5\">\r\n            <div class=\"image square\">\r\n              <img decoding=\"async\" width=\"768\" height=\"768\" src=\"https:\/\/www.libri.de\/wp-content\/uploads\/2025\/05\/LibriCampuslive2025-Bertram-Pfister-Willkommen-768x768.jpg\" class=\"attachment-medium_large size-medium_large\" alt=\"Libri.Campus live 2025: Willkommen!\" srcset=\"https:\/\/www.libri.de\/wp-content\/uploads\/2025\/05\/LibriCampuslive2025-Bertram-Pfister-Willkommen-768x768.jpg 768w, https:\/\/www.libri.de\/wp-content\/uploads\/2025\/05\/LibriCampuslive2025-Bertram-Pfister-Willkommen-300x300.jpg 300w, https:\/\/www.libri.de\/wp-content\/uploads\/2025\/05\/LibriCampuslive2025-Bertram-Pfister-Willkommen-150x150.jpg 150w, https:\/\/www.libri.de\/wp-content\/uploads\/2025\/05\/LibriCampuslive2025-Bertram-Pfister-Willkommen.jpg 800w\" sizes=\"(max-width: 768px) 100vw, 768px\" \/>            <\/div>\r\n                          <span class=\"caption\">Bertram Pfister, Vertriebsleiter Libri<\/span>\r\n                      <\/div>\r\n\r\n          <div class=\"d-none d-xl-block col-2\"><\/div>\r\n\r\n        \r\n        <div class=\"col-12 col-md-6 col-xl-5\">\r\n\r\n          \r\n          <div class=\"text \">\r\n            <p>Mehr als 190 Buchh\u00e4ndler*innen folgten in diesem Jahr der Einladung zum Libri.Campus live in die Schilde-Halle nach Bad Hersfeld.<\/p>\n<p>\u201eMit den Themen Sichtbarkeit, Teamst\u00e4rke und Wirtschaftlichkeit haben wir die entscheidenden Grundlagen in den Fokus ger\u00fcckt, die es Buchh\u00e4ndler*innen erm\u00f6glichen, Menschen f\u00fcr B\u00fccher zu begeistern und dabei erfolgreich zu sein&#8220;, so Bertram Pfister in der <a href=\"https:\/\/www.libri.de\/de\/pressemitteilungen\/\" target=\"_blank\" rel=\"noopener\">Pressemitteilung<\/a> zur diesj\u00e4hrigen Veranstaltung.<\/p>\n<p>Auf dieser Seite k\u00f6nnen Sie gezielt in die Ans\u00e4tze und Erkenntnisse der Projektgruppen und die Themen unserer Expert*innen einsteigen. Viel Erfolg bei der Ma\u00dfnahmenentwicklung f\u00fcr Ihre Buchhandlung!<\/p>\n<p>Unser Beitrag im <a href=\"https:\/\/www.libri.de\/de\/magazin\/\" target=\"_blank\" rel=\"noopener\">Libri.Magazin<\/a> hingegen l\u00e4dt Sie ein, die zwei Tage nachzulesen und ein wenig die Stimmung vom Libri.Campus live 2025 nachzusp\u00fcren. Viel Spa\u00df beim Lesen!<\/p>\n          <\/div>\r\n\r\n          \r\n          \r\n        <\/div>\r\n        \r\n      <\/div>\r\n\r\n    \r\n  <\/div>\r\n<\/div>\r\n\r\n\n\n\r\n<div id=\"postlink-block_f8931099ecca5e9117a03521f998d7bd\" class=\"block-postlink module  bc-trans block-postlink--default\">\r\n  <div class=\"container\">\r\n    \r\n    <a class=\"postlink\" href=\"https:\/\/www.libri.de\/de\/magazin\/libri-campus-live-2025-ein-rueckblick\/\">\r\n      <div class=\"row\">\r\n\r\n        <div class=\"col-12 col-sm-4\">\r\n          <div class=\"image a-hover-zoom\">\r\n            <img decoding=\"async\" width=\"1988\" height=\"940\" src=\"https:\/\/www.libri.de\/wp-content\/uploads\/2025\/05\/Kopie-von-Header-Blog-Libri.Magazin-64.jpg\" class=\"attachment-post-thumbnail size-post-thumbnail wp-post-image\" alt=\"\" srcset=\"https:\/\/www.libri.de\/wp-content\/uploads\/2025\/05\/Kopie-von-Header-Blog-Libri.Magazin-64.jpg 1988w, https:\/\/www.libri.de\/wp-content\/uploads\/2025\/05\/Kopie-von-Header-Blog-Libri.Magazin-64-300x142.jpg 300w, https:\/\/www.libri.de\/wp-content\/uploads\/2025\/05\/Kopie-von-Header-Blog-Libri.Magazin-64-1024x484.jpg 1024w, https:\/\/www.libri.de\/wp-content\/uploads\/2025\/05\/Kopie-von-Header-Blog-Libri.Magazin-64-768x363.jpg 768w, https:\/\/www.libri.de\/wp-content\/uploads\/2025\/05\/Kopie-von-Header-Blog-Libri.Magazin-64-1536x726.jpg 1536w\" sizes=\"(max-width: 1988px) 100vw, 1988px\" \/>          <\/div>\r\n        <\/div>\r\n\r\n        <div class=\"col\">\r\n          <div class=\"right d-flex flex-column justify-content-center auto-clamp-container\">\r\n            <div class=\"auto-clamp-inner d-flex flex-column\">\r\n              <div class=\"info\">\r\n                <span class=\"duration d-block d-sm-inline\">\r\n                    <span class=\"icon\"><img decoding=\"async\" src=\"https:\/\/www.libri.de\/wp-content\/themes\/libri\/img\/library.svg\" alt=\"\"><\/span>\r\n                    Lesedauer 8 Min                  <\/span><span class=\"seperator d-none d-sm-inline\"> | <\/span><span class=\"category\">\r\n                    Campus erleben                  <\/span><span class=\"seperator\"> | <\/span><span class=\"date\">14. Mai 2025<\/span>\r\n              <\/div>\r\n\r\n              <div class=\"title\">\r\n                <h3>Libri.Campus live 2025: ein R\u00fcckblick<\/h3>\r\n              <\/div>\r\n\r\n              <p class=\"description\">\r\n                <span class=\"auto-clamp-content\">Hier teilen wir Highlights und spannende Informationen rund um unsere diesj\u00e4hrige Weiterbildungsveranstaltung.<\/span>\r\n              <\/p>\r\n\r\n              <div class=\"right-bottom\">\r\n                <div class=\"bttn-secondary link\">Zum Magazin-Artikel<\/div>\r\n              <\/div>\r\n            <\/div>\r\n          <\/div>\r\n        <\/div>\r\n\r\n      <\/div>\r\n    <\/a>\r\n\r\n      <\/div>\r\n<\/div>\n\n\r\n<div id=\"sichtbar\" class=\"block-anchor\" data-title=\"SICHTBAR\" >\r\n\r\n  <\/div>\r\n\r\n\n\n\r\n<div id=\"text-block_a75ef1ef0271f6db5c4505c195c80815\" class=\"block-text module type-text-img bc-third-blue c-white-imp\">\r\n  <div class=\"container\">\r\n\r\n    \r\n      <div class=\"row flex-row-reverse\">\r\n\r\n        \r\n          <div class=\"col-12 col-md-6 col-xl-5\">\r\n            <div class=\"image square\">\r\n              <img decoding=\"async\" width=\"768\" height=\"768\" src=\"https:\/\/www.libri.de\/wp-content\/uploads\/2025\/01\/Libri.Campus-live-2025-Sichtbar-768x768.png\" class=\"attachment-medium_large size-medium_large\" alt=\"Libri.Campus live 2025 SICHTBAR\" srcset=\"https:\/\/www.libri.de\/wp-content\/uploads\/2025\/01\/Libri.Campus-live-2025-Sichtbar-768x768.png 768w, https:\/\/www.libri.de\/wp-content\/uploads\/2025\/01\/Libri.Campus-live-2025-Sichtbar-300x300.png 300w, https:\/\/www.libri.de\/wp-content\/uploads\/2025\/01\/Libri.Campus-live-2025-Sichtbar-150x150.png 150w, https:\/\/www.libri.de\/wp-content\/uploads\/2025\/01\/Libri.Campus-live-2025-Sichtbar.png 800w\" sizes=\"(max-width: 768px) 100vw, 768px\" \/>            <\/div>\r\n                      <\/div>\r\n\r\n          <div class=\"d-none d-xl-block col-2\"><\/div>\r\n\r\n        \r\n        <div class=\"col-12 col-md-6 col-xl-5\">\r\n\r\n          \r\n          <div class=\"text \">\r\n            <h2>Sichtbar.<\/h2>\n<p>In Zeiten abnehmender Laufkundschaft und immer mehr Kommunikation im Digitalen wird Sichtbarkeit zunehmend zum Erfolgsfaktor, um Buchkaufende zu erreichen.<\/p>\n<p>Wo und wie k\u00f6nnen Buchhandlungen sichtbarer werden, um neue Zielgruppen zu erschlie\u00dfen, ihre Community zu erweitern, Beziehungen zu intensivieren und als Ort der Begegnung wahrgenommen zu werden?<\/p>\n          <\/div>\r\n\r\n          \r\n          \r\n        <\/div>\r\n        \r\n      <\/div>\r\n\r\n    \r\n  <\/div>\r\n<\/div>\r\n\r\n\n\n\r\n<div id=\"text-block_e15d0836ac48c6bd9a51507ca702cf04\" class=\"block-text module type-text bc-green-2\">\r\n  <div class=\"container\">\r\n\r\n    \r\n      <div class=\"row \">\r\n\r\n        \r\n        <div class=\"col-12 col-md-10\">\r\n\r\n          \r\n          <div class=\"text for-box-js\">\r\n            <h3>Projektgruppe SICHTBAR<\/h3>\n<p>F\u00fcnf Buchhandlungen stellten sich im Rahmen einer Projektgruppe den obigen Fragen und pr\u00e4sentierten ihre Antworten auf der Libri.Campus-B\u00fchne pr\u00e4sentieren. Dazu besch\u00e4ftigen sie sich intensiv in zwei Workshops mit Kaufgr\u00fcnden und Einkaufsgewohnheiten, entwickelten Personas f\u00fcr ihre Zielgruppen und leiteten davon ihre Ideen und Ma\u00dfnahmen ab. Begleitet wurden sie dabei von Tina Lurz (Strategie, Content &amp; Social Media) und Caren Degen, Libri.Campus-Projektleiterin.<\/p>\n<p>Der Auszug aus den Teilnahmeunterlagen bietet eine spannende Mischung aus Einblicken in die Vorgehensweise, aktuellen Zahlen &amp; Daten sowie konkreten Ans\u00e4tzen f\u00fcr den Buchhandel.<\/p>\n          <\/div>\r\n\r\n                      <div class=\"cta\">\r\n              <a \r\n                class=\"bttn-secondary icn-download\" \r\n                href=\"https:\/\/www.libri.de\/download\/78689\/?tmstv=1747117335\" \r\n                target=\"_self\"\r\n                >\r\n                Auszug Teilnahmeunterlagen              <\/a>\r\n            <\/div>\r\n          \r\n          \r\n        <\/div>\r\n        \r\n      <\/div>\r\n\r\n    \r\n  <\/div>\r\n<\/div>\r\n\r\n\n\n\r\n<div id=\"image-block_308b0820da00a3a825d1a283f13a69e8\" class=\"block-image module type-default bc-green-2\">\r\n\r\n      <div class=\"container\">\r\n      <div class=\"row\">\r\n        <div class=\"col-12 col-md-10\">\r\n          \r\n          <div class=\"row\">\r\n\r\n                          <div class=\"col\">\r\n                <img decoding=\"async\" width=\"1024\" height=\"565\" src=\"https:\/\/www.libri.de\/wp-content\/uploads\/2025\/05\/LibriCampuslive2025-Projektgruppe-Sichtbar-1650x910px-1024x565.jpg\" class=\"attachment-large size-large\" alt=\"Libri.Campus live 2025: Projektgruppe Sichtbar\" srcset=\"https:\/\/www.libri.de\/wp-content\/uploads\/2025\/05\/LibriCampuslive2025-Projektgruppe-Sichtbar-1650x910px-1024x565.jpg 1024w, https:\/\/www.libri.de\/wp-content\/uploads\/2025\/05\/LibriCampuslive2025-Projektgruppe-Sichtbar-1650x910px-300x165.jpg 300w, https:\/\/www.libri.de\/wp-content\/uploads\/2025\/05\/LibriCampuslive2025-Projektgruppe-Sichtbar-1650x910px-768x424.jpg 768w, https:\/\/www.libri.de\/wp-content\/uploads\/2025\/05\/LibriCampuslive2025-Projektgruppe-Sichtbar-1650x910px-1536x847.jpg 1536w, https:\/\/www.libri.de\/wp-content\/uploads\/2025\/05\/LibriCampuslive2025-Projektgruppe-Sichtbar-1650x910px.jpg 1650w\" sizes=\"(max-width: 1024px) 100vw, 1024px\" \/>              <\/div>\r\n                        \r\n            \r\n          <\/div>\r\n\r\n          <div class=\"row\">\r\n\r\n                          <div class=\"col caption\">\r\n                Marcus Mesche, Kathrin Wellmann, Jacky Mikola, Frederike Schuur und Marco M\u00fcller (v. l. n. r.)              <\/div>\r\n                        \r\n            \r\n          <\/div>\r\n\r\n        <\/div>\r\n      <\/div>\r\n    <\/div>\r\n\r\n   \r\n  \r\n<\/div>\r\n\r\n\n\n\r\n<div id=\"text-block_881459cfb7c2b7a2a8cb9a1a0d595292\" class=\"block-text module type-text bc-green-2\">\r\n  <div class=\"container\">\r\n\r\n    \r\n      <div class=\"row \">\r\n\r\n        \r\n        <div class=\"col-12 col-md-10\">\r\n\r\n          \r\n          <div class=\"text for-box-js\">\r\n            <p>Herzlichen Dank an diese Buchh\u00e4ndler*innen f\u00fcr ihren Einsatz w\u00e4hrend der Projektphase und ihre Bereitschaft, ihre Ans\u00e4tze auf der Libri.Campus-B\u00fchne vorzustellen:<\/p>\n<p>Frederike Schuur | <a href=\"https:\/\/sternschnuppe.buchhandlung.de\/shop\/\" target=\"_blank\" rel=\"noopener\">Sternschnuppe Buchhandlung<\/a> in Hannover<\/p>\n<p>Jacky Mikola | <a href=\"https:\/\/www.genialokal.de\/buchhandlung\/sendenhorst\/seite-an-seite\/\" target=\"_blank\" rel=\"noopener\">Seite an Seite<\/a> in Sendenhorst<\/p>\n<p>Kathrin Wellmann | <a href=\"https:\/\/www.hofbuchhandlung-wellmann.de\/\" target=\"_blank\" rel=\"noopener\">Hofbuchhandlung Kathrin Wellmann<\/a> in Wardenburg<\/p>\n<p>Marco M\u00fcller | <a href=\"https:\/\/buchhandlung-wolgast.buchhandlung.de\/shop\/\" target=\"_blank\" rel=\"noopener\">Buchhandlung Wolgast<\/a><\/p>\n<p>Marcus Mesche | <a href=\"https:\/\/gollenstede.buchhandlung.de\/shop\/\" target=\"_blank\" rel=\"noopener\">Buchhandlung Gollenstede<\/a> in Heinsberg<\/p>\n          <\/div>\r\n\r\n          \r\n          \r\n        <\/div>\r\n        \r\n      <\/div>\r\n\r\n    \r\n  <\/div>\r\n<\/div>\r\n\r\n\n\n\r\n<div id=\"text-block_03de92f00fa35e2a31da06af0d75a39a\" class=\"block-text module type-img-text bc-trans\">\r\n  <div class=\"container\">\r\n\r\n    \r\n      <div class=\"row \">\r\n\r\n        \r\n          <div class=\"col-12 col-md-6 col-xl-5\">\r\n            <div class=\"image square\">\r\n              <img decoding=\"async\" width=\"768\" height=\"768\" src=\"https:\/\/www.libri.de\/wp-content\/uploads\/2025\/05\/LibriCampuslive2025-Tina-Lurz-768x768.jpg\" class=\"attachment-medium_large size-medium_large\" alt=\"Tina Lurz auf dem Libri.Campus live 2025\" srcset=\"https:\/\/www.libri.de\/wp-content\/uploads\/2025\/05\/LibriCampuslive2025-Tina-Lurz-768x768.jpg 768w, https:\/\/www.libri.de\/wp-content\/uploads\/2025\/05\/LibriCampuslive2025-Tina-Lurz-300x300.jpg 300w, https:\/\/www.libri.de\/wp-content\/uploads\/2025\/05\/LibriCampuslive2025-Tina-Lurz-150x150.jpg 150w, https:\/\/www.libri.de\/wp-content\/uploads\/2025\/05\/LibriCampuslive2025-Tina-Lurz.jpg 800w\" sizes=\"(max-width: 768px) 100vw, 768px\" \/>            <\/div>\r\n                          <span class=\"caption\">Tina Lurz | Strategie, Content &#038; Social Media<\/span>\r\n                      <\/div>\r\n\r\n          <div class=\"d-none d-xl-block col-1\"><\/div>\r\n\r\n        \r\n        <div class=\"col-12 col-md-6 col-xl-5\">\r\n\r\n          \r\n          <div class=\"text \">\r\n            <h3>CONTENT FEUERWERK<br \/>\nContent ist Queen!<\/h3>\n<p>Doch was kann ich \u00fcberhaupt posten? Was macht guten Content aus? Und wie finde ich neue Ideen, die meine Zielgruppe begeistern? Mit ihrem Content-Feuerwerk sorgte Tina Lurz f\u00fcr jede Menge Inspiration, Motivation und Best-Practice-Beispiele f\u00fcr jeden Content-Plan.<\/p>\n          <\/div>\r\n\r\n                      <div class=\"cta\">\r\n              <a \r\n                class=\"bttn-secondary icn-download\" \r\n                href=\"https:\/\/www.libri.de\/download\/78725\/?tmstv=1747118818\" \r\n                target=\"_self\"\r\n                >\r\n                Auszug Teilnahmeunterlagen              <\/a>\r\n            <\/div>\r\n          \r\n          \r\n        <\/div>\r\n        \r\n      <\/div>\r\n\r\n    \r\n  <\/div>\r\n<\/div>\r\n\r\n\n\n\r\n<div id=\"text-block_87513acc8d3b938d5d26c9b7ae80ca03\" class=\"block-text module type-img-text bc-trans\">\r\n  <div class=\"container\">\r\n\r\n    \r\n      <div class=\"row \">\r\n\r\n        \r\n          <div class=\"col-12 col-md-6 col-xl-5\">\r\n            <div class=\"image square\">\r\n              <img decoding=\"async\" width=\"768\" height=\"768\" src=\"https:\/\/www.libri.de\/wp-content\/uploads\/2025\/05\/LibriCampuslive2025-Daria-Razumovych-768x768.jpg\" class=\"attachment-medium_large size-medium_large\" alt=\"Daria Razumovych auf dem Libri.Campus live 2025\" srcset=\"https:\/\/www.libri.de\/wp-content\/uploads\/2025\/05\/LibriCampuslive2025-Daria-Razumovych-768x768.jpg 768w, https:\/\/www.libri.de\/wp-content\/uploads\/2025\/05\/LibriCampuslive2025-Daria-Razumovych-300x300.jpg 300w, https:\/\/www.libri.de\/wp-content\/uploads\/2025\/05\/LibriCampuslive2025-Daria-Razumovych-150x150.jpg 150w, https:\/\/www.libri.de\/wp-content\/uploads\/2025\/05\/LibriCampuslive2025-Daria-Razumovych.jpg 800w\" sizes=\"(max-width: 768px) 100vw, 768px\" \/>            <\/div>\r\n                          <span class=\"caption\"> Daria Razumovych | Digitalberaterin &#038; Lektorin | Antiquariat Willbrand <\/span>\r\n                      <\/div>\r\n\r\n          <div class=\"d-none d-xl-block col-1\"><\/div>\r\n\r\n        \r\n        <div class=\"col-12 col-md-6 col-xl-5\">\r\n\r\n          \r\n          <div class=\"text \">\r\n            <h3>VOM ANTIQUAR ZUM SOCIAL-MEDIA-STAR<\/h3>\n<h3>Warum Lesen jetzt im Trend liegt.<\/h3>\n<p>Wie vermarktet man ein analoges Business auf Social Media und welche Faktoren f\u00fchren dazu, dass es erfolgreich funktioniert? Der Case &#8222;Klaus Willbrand&#8220; \u2014 vom ersten Video \u00fcber zahlreiche Medien-Interviews, eine Website mit kreativen Produktideen bis hin zum eigenen Buch und Maximierung der Verk\u00e4ufe vor Ort.<\/p>\n          <\/div>\r\n\r\n                      <div class=\"cta\">\r\n              <a \r\n                class=\"bttn-secondary icn-download\" \r\n                href=\"https:\/\/www.libri.de\/download\/78720\/?tmstv=1747118730\" \r\n                target=\"_self\"\r\n                >\r\n                Auszug Teilnahmeunterlagen              <\/a>\r\n            <\/div>\r\n          \r\n          \r\n        <\/div>\r\n        \r\n      <\/div>\r\n\r\n    \r\n  <\/div>\r\n<\/div>\r\n\r\n\n\n\r\n<div id=\"text-block_b5ee0e8ee7f6456c047f065c73705459\" class=\"block-text module type-img-text bc-trans\">\r\n  <div class=\"container\">\r\n\r\n    \r\n      <div class=\"row \">\r\n\r\n        \r\n          <div class=\"col-12 col-md-6 col-xl-5\">\r\n            <div class=\"image square\">\r\n              <img decoding=\"async\" width=\"768\" height=\"768\" src=\"https:\/\/www.libri.de\/wp-content\/uploads\/2025\/05\/LibriCampuslive2025-Liza-Grimm-768x768.jpg\" class=\"attachment-medium_large size-medium_large\" alt=\"Liza Grimm auf dem Libri.Campus live 2025\" srcset=\"https:\/\/www.libri.de\/wp-content\/uploads\/2025\/05\/LibriCampuslive2025-Liza-Grimm-768x768.jpg 768w, https:\/\/www.libri.de\/wp-content\/uploads\/2025\/05\/LibriCampuslive2025-Liza-Grimm-300x300.jpg 300w, https:\/\/www.libri.de\/wp-content\/uploads\/2025\/05\/LibriCampuslive2025-Liza-Grimm-150x150.jpg 150w, https:\/\/www.libri.de\/wp-content\/uploads\/2025\/05\/LibriCampuslive2025-Liza-Grimm.jpg 800w\" sizes=\"(max-width: 768px) 100vw, 768px\" \/>            <\/div>\r\n                          <span class=\"caption\"> Liza Grimm | Autorin &#038; Gamerin<\/span>\r\n                      <\/div>\r\n\r\n          <div class=\"d-none d-xl-block col-1\"><\/div>\r\n\r\n        \r\n        <div class=\"col-12 col-md-6 col-xl-5\">\r\n\r\n          \r\n          <div class=\"text \">\r\n            <h3>GAMING IN DER BUCHHANDLUNG<\/h3>\n<h3>Was wir von der Gamesbranche lernen k\u00f6nnen.<\/h3>\n<p>Im ersten Moment scheint Gaming eine ganz eigene Welt zu sein, doch gerade f\u00fcr die Buchbranche birgt diese Leidenschaft viele Ankn\u00fcpfungspunkte, die dabei helfen k\u00f6nnen, Menschen (wieder) f\u00fcr das Lesen zu begeistern. In ihrem Impuls zeigte Liza Grimm u. a. anhand von Community-Gedanken und Gamification-Ans\u00e4tzen auf, wie (neue) Menschen in die Buchhandlungen gelockt werden k\u00f6nnen.<\/p>\n          <\/div>\r\n\r\n                      <div class=\"cta\">\r\n              <a \r\n                class=\"bttn-secondary icn-download\" \r\n                href=\"https:\/\/www.libri.de\/download\/78714\/?tmstv=1747119103\" \r\n                target=\"_self\"\r\n                >\r\n                Auszug Teilnahmeunterlagen              <\/a>\r\n            <\/div>\r\n          \r\n          \r\n        <\/div>\r\n        \r\n      <\/div>\r\n\r\n    \r\n  <\/div>\r\n<\/div>\r\n\r\n\n\n\r\n<div id=\"text-block_f83238280a1033213f3e6c556ada7946\" class=\"block-text module type-img-text bc-trans\">\r\n  <div class=\"container\">\r\n\r\n    \r\n      <div class=\"row \">\r\n\r\n        \r\n          <div class=\"col-12 col-md-6 col-xl-5\">\r\n            <div class=\"image square\">\r\n              <img decoding=\"async\" width=\"768\" height=\"768\" src=\"https:\/\/www.libri.de\/wp-content\/uploads\/2025\/05\/LibriCampuslive2025-Ana-Uluceanu-768x768.jpg\" class=\"attachment-medium_large size-medium_large\" alt=\"Ana Uluceanu auf dem Libri.Campus live 2025\" srcset=\"https:\/\/www.libri.de\/wp-content\/uploads\/2025\/05\/LibriCampuslive2025-Ana-Uluceanu-768x768.jpg 768w, https:\/\/www.libri.de\/wp-content\/uploads\/2025\/05\/LibriCampuslive2025-Ana-Uluceanu-300x300.jpg 300w, https:\/\/www.libri.de\/wp-content\/uploads\/2025\/05\/LibriCampuslive2025-Ana-Uluceanu-150x150.jpg 150w, https:\/\/www.libri.de\/wp-content\/uploads\/2025\/05\/LibriCampuslive2025-Ana-Uluceanu.jpg 800w\" sizes=\"(max-width: 768px) 100vw, 768px\" \/>            <\/div>\r\n                          <span class=\"caption\">Ana Uluceanu | C\u0103rture\u0219ti <\/span>\r\n                      <\/div>\r\n\r\n          <div class=\"d-none d-xl-block col-1\"><\/div>\r\n\r\n        \r\n        <div class=\"col-12 col-md-6 col-xl-5\">\r\n\r\n          \r\n          <div class=\"text \">\r\n            <h3>INDIVIDUAL AND INVITING STORE CONCEPTS<\/h3>\n<h3>How C\u0103rture\u0219ti attracts people to its bookstores<\/h3>\n<p>Ana Uluceanu represents C\u0103rture\u0219ti, Romania\u2019s leading independent bookstore chain, which celebrates its 25th anniversary this year. What started as a small bookshop, still open today in Bucharest, has grown into a network of over 50 stores across Romania and The Republic of Moldova. In her talk, Ana explored C\u0103rture\u0219ti\u2019s evolution within Romania\u2019s changing cultural and economic landscape, highlighting how the company has adapted to shifting reader preferences and market trends. She also discussed how the bookstore\u2019s ability to blend books with a diverse selection of cultural and non-book products has been a key ingredient in keeping C\u0103rture\u0219ti fresh and innovative in an ever-changing market.<\/p>\n          <\/div>\r\n\r\n                      <div class=\"cta\">\r\n              <a \r\n                class=\"bttn-secondary icn-download\" \r\n                href=\"https:\/\/www.libri.de\/download\/78694\/?tmstv=1747117449\" \r\n                target=\"_self\"\r\n                >\r\n                Auszug Teilnahmeunterlagen              <\/a>\r\n            <\/div>\r\n          \r\n          \r\n        <\/div>\r\n        \r\n      <\/div>\r\n\r\n    \r\n  <\/div>\r\n<\/div>\r\n\r\n\n\n\r\n<div id=\"text-block_dd87388c539bfe7bdc8fcf494c9d2194\" class=\"block-text module type-img-text bc-trans\">\r\n  <div class=\"container\">\r\n\r\n    \r\n      <div class=\"row \">\r\n\r\n        \r\n          <div class=\"col-12 col-md-6 col-xl-5\">\r\n            <div class=\"image square\">\r\n              <img decoding=\"async\" width=\"768\" height=\"768\" src=\"https:\/\/www.libri.de\/wp-content\/uploads\/2025\/05\/LibriCampuslive2025-mondo-768x768.jpg\" class=\"attachment-medium_large size-medium_large\" alt=\"Buchhandlung mondo auf dem Libri.Campus live 2025\" srcset=\"https:\/\/www.libri.de\/wp-content\/uploads\/2025\/05\/LibriCampuslive2025-mondo-768x768.jpg 768w, https:\/\/www.libri.de\/wp-content\/uploads\/2025\/05\/LibriCampuslive2025-mondo-300x300.jpg 300w, https:\/\/www.libri.de\/wp-content\/uploads\/2025\/05\/LibriCampuslive2025-mondo-150x150.jpg 150w, https:\/\/www.libri.de\/wp-content\/uploads\/2025\/05\/LibriCampuslive2025-mondo.jpg 800w\" sizes=\"(max-width: 768px) 100vw, 768px\" \/>            <\/div>\r\n                          <span class=\"caption\">Anna Wallitzer und Marietta Bernasconi von der Buchhandlung mondo<\/span>\r\n                      <\/div>\r\n\r\n          <div class=\"d-none d-xl-block col-1\"><\/div>\r\n\r\n        \r\n        <div class=\"col-12 col-md-6 col-xl-5\">\r\n\r\n          \r\n          <div class=\"text \">\r\n            <h3>INTERIOR MATTERS<\/h3>\n<h3>Mehr Platz f\u00fcr Kinderb\u00fccher, ein integriertes B\u00fcro \u2026 und etwas Bling-Bling!<\/h3>\n<p>Die beiden Gewinnerinnen des Libri.Campus-Preis gaben uns Einblicke, wie sie ihre Buchhandlung um- und neu gestaltet haben. Was war ihnen bei der Planung wichtig? In welchen Schritten sind sie vorgegangen? Wie hoch waren die Kosten und wie viel Eigenregie war m\u00f6glich bzw. n\u00f6tig? Ihr Fazit: Der Aufwand hat sich gelohnt!<\/p>\n          <\/div>\r\n\r\n                      <div class=\"cta\">\r\n              <a \r\n                class=\"bttn-secondary icn-download\" \r\n                href=\"https:\/\/www.libri.de\/download\/78709\/?tmstv=1747117746\" \r\n                target=\"_self\"\r\n                >\r\n                Auszug Teilnahmeunterlagen              <\/a>\r\n            <\/div>\r\n          \r\n          \r\n        <\/div>\r\n        \r\n      <\/div>\r\n\r\n    \r\n  <\/div>\r\n<\/div>\r\n\r\n\n\n\r\n<div id=\"libri-campus-preis\" class=\"block-anchor\" data-title=\"Libri.Campus-Preis\" >\r\n\r\n  <\/div>\r\n\r\n\n\n\r\n<div id=\"teaser-contact-block_be788fd44e3e84f2be4f9970953637a1\" class=\"block-teaser-contact bc-blue-3 c-white-imp\">\r\n  <div class=\"container\">\r\n    <div class=\"row flex-md-row-reverse justify-content-between\">\r\n\r\n      <div class=\"col-12 col-md-4\">\r\n        <div class=\"image\">\r\n          <img decoding=\"async\" width=\"768\" height=\"768\" src=\"https:\/\/www.libri.de\/wp-content\/uploads\/2025\/05\/LibriCampuslive2025-sichtbar-800x800px-768x768.png\" class=\"attachment-medium_large size-medium_large\" alt=\"SICHTBAR | Libri.Campus live 2025\" srcset=\"https:\/\/www.libri.de\/wp-content\/uploads\/2025\/05\/LibriCampuslive2025-sichtbar-800x800px-768x768.png 768w, https:\/\/www.libri.de\/wp-content\/uploads\/2025\/05\/LibriCampuslive2025-sichtbar-800x800px-300x300.png 300w, https:\/\/www.libri.de\/wp-content\/uploads\/2025\/05\/LibriCampuslive2025-sichtbar-800x800px-150x150.png 150w, https:\/\/www.libri.de\/wp-content\/uploads\/2025\/05\/LibriCampuslive2025-sichtbar-800x800px.png 800w\" sizes=\"(max-width: 768px) 100vw, 768px\" \/>        <\/div>\r\n      <\/div>\r\n\r\n      <div class=\"col-12 col-md-6 d-flex flex-column\">\r\n\r\n        <div class=\"text\">\r\n                      <h2 class=\"title\">F\u00fcr noch mehr Sichtbarkeit<\/h2>\r\n          \r\n                      <p>Der Libri.Campus Preis 2025 richtet sich an engagierte Buchh\u00e4ndler*innen, die ihre Kundenkommunikation gezielt auf WhatsApp auf- und ausbauen m\u00f6chten.<\/p>\r\n                  <\/div>\r\n\r\n        \r\n        \r\n      <\/div>\r\n\r\n    <\/div>\r\n  <\/div>\r\n<\/div>\r\n\r\n\n\n\r\n<div id=\"teamstark\" class=\"block-anchor\" data-title=\"TEAMSTARK\" >\r\n\r\n  <\/div>\r\n\r\n\n\n\r\n<div id=\"text-block_cafc4b6b3fbb80a9ce363dc6f20562ac\" class=\"block-text module type-text-img bc-third-blue c-white-imp\">\r\n  <div class=\"container\">\r\n\r\n    \r\n      <div class=\"row flex-row-reverse\">\r\n\r\n        \r\n          <div class=\"col-12 col-md-6 col-xl-5\">\r\n            <div class=\"image square\">\r\n              <img decoding=\"async\" width=\"768\" height=\"768\" src=\"https:\/\/www.libri.de\/wp-content\/uploads\/2025\/01\/Libri.Campus-live-2025-Teamstark-768x768.png\" class=\"attachment-medium_large size-medium_large\" alt=\"Libri.Campus live 2025 TEAMSTARK\" srcset=\"https:\/\/www.libri.de\/wp-content\/uploads\/2025\/01\/Libri.Campus-live-2025-Teamstark-768x768.png 768w, https:\/\/www.libri.de\/wp-content\/uploads\/2025\/01\/Libri.Campus-live-2025-Teamstark-300x300.png 300w, https:\/\/www.libri.de\/wp-content\/uploads\/2025\/01\/Libri.Campus-live-2025-Teamstark-150x150.png 150w, https:\/\/www.libri.de\/wp-content\/uploads\/2025\/01\/Libri.Campus-live-2025-Teamstark.png 800w\" sizes=\"(max-width: 768px) 100vw, 768px\" \/>            <\/div>\r\n                      <\/div>\r\n\r\n          <div class=\"d-none d-xl-block col-2\"><\/div>\r\n\r\n        \r\n        <div class=\"col-12 col-md-6 col-xl-5\">\r\n\r\n          \r\n          <div class=\"text \">\r\n            <h2>Teamstark.<\/h2>\n<p>F\u00fcr Inhaber*innen von Buchhandlungen kommen jedes Jahr neue Anforderungen hinzu &#8211; teils aufgrund rechtlicher Auflagen oder aufgrund von Trends wie #BookTok, die wiederum auch Chancen bieten. Die Aufgabenvielfalt vom Einkauf \u00fcber das Kaufm\u00e4nnische bis zu Veranstaltungen und Social Media ist nicht allein zu bew\u00e4ltigen. Die L\u00f6sung liegt in einem eingespielten Team.<\/p>\n<p>Wie l\u00e4sst sich Teamst\u00e4rke entwickeln? Und welche Ans\u00e4tze k\u00f6nnen Inhaber*innen und F\u00fchrungskr\u00e4ften dabei helfen?<\/p>\n          <\/div>\r\n\r\n          \r\n          \r\n        <\/div>\r\n        \r\n      <\/div>\r\n\r\n    \r\n  <\/div>\r\n<\/div>\r\n\r\n\n\n\r\n<div id=\"text-block_2f7d9905f56883cc39c3831ce69d3f96\" class=\"block-text module type-img-text bc-trans\">\r\n  <div class=\"container\">\r\n\r\n    \r\n      <div class=\"row \">\r\n\r\n        \r\n          <div class=\"col-12 col-md-6 col-xl-5\">\r\n            <div class=\"image square\">\r\n              <img decoding=\"async\" width=\"768\" height=\"768\" src=\"https:\/\/www.libri.de\/wp-content\/uploads\/2025\/05\/LibriCampuslive2025-Sabrina-Arnold-768x768.jpg\" class=\"attachment-medium_large size-medium_large\" alt=\"Sabrina Arnold auf dem Libri.Campus live 2025\" srcset=\"https:\/\/www.libri.de\/wp-content\/uploads\/2025\/05\/LibriCampuslive2025-Sabrina-Arnold-768x768.jpg 768w, https:\/\/www.libri.de\/wp-content\/uploads\/2025\/05\/LibriCampuslive2025-Sabrina-Arnold-300x300.jpg 300w, https:\/\/www.libri.de\/wp-content\/uploads\/2025\/05\/LibriCampuslive2025-Sabrina-Arnold-150x150.jpg 150w, https:\/\/www.libri.de\/wp-content\/uploads\/2025\/05\/LibriCampuslive2025-Sabrina-Arnold.jpg 800w\" sizes=\"(max-width: 768px) 100vw, 768px\" \/>            <\/div>\r\n                          <span class=\"caption\">Sabrina Arnold | Gesch\u00e4ftsf\u00fchrerin | ifsm<\/span>\r\n                      <\/div>\r\n\r\n          <div class=\"d-none d-xl-block col-1\"><\/div>\r\n\r\n        \r\n        <div class=\"col-12 col-md-6 col-xl-5\">\r\n\r\n          \r\n          <div class=\"text \">\r\n            <h3>Ein F\u00fchrungsstil f\u00fcr alle(s)? Ein Mythos!<\/h3>\n<p>F\u00fchren kann anspruchsvoll und herausfordernd zugleich sein. Meistens haben wir ein F\u00fchrungsverhalten, das wir oft zeigen und welches uns entspricht. Doch die Herausforderungen sind vielf\u00e4ltig, die Situationen immer wieder anders und unsere Mitarbeitenden individuell. Um genau dem gerecht zu werden und unser Team zukunftsf\u00e4hig aufzustellen, ist es notwendig, immer wieder bewusst und situativ das passende F\u00fchrungsverhalten zu w\u00e4hlen. Wie uns dabei drei Brillen helfen k\u00f6nnen und welche Rolle vier K\u00f6nige spielen, darum ging es in diesem Impuls. Sabrina Arnold brachte dabei nicht nur ihre langj\u00e4hrige Coaching- und Trainingserfahrung mit ein, sondern ging auch auf typische F\u00fchrungssituationen in Buchhandlungen ein.<\/p>\n          <\/div>\r\n\r\n                      <div class=\"cta\">\r\n              <a \r\n                class=\"bttn-secondary icn-download\" \r\n                href=\"https:\/\/www.libri.de\/download\/78704\/?tmstv=1747117669\" \r\n                target=\"_self\"\r\n                >\r\n                Auszug Teilnahmeunterlagen              <\/a>\r\n            <\/div>\r\n          \r\n          \r\n        <\/div>\r\n        \r\n      <\/div>\r\n\r\n    \r\n  <\/div>\r\n<\/div>\r\n\r\n\n\n\r\n<div id=\"wirtschaftlich\" class=\"block-anchor\" data-title=\"WIRTSCHAFTLICH\" >\r\n\r\n  <\/div>\r\n\r\n\n\n\r\n<div id=\"text-block_e85f361f3a3153f63e235e47006d8bfc\" class=\"block-text module type-text-img bc-third-blue c-white-imp\">\r\n  <div class=\"container\">\r\n\r\n    \r\n      <div class=\"row flex-row-reverse\">\r\n\r\n        \r\n          <div class=\"col-12 col-md-6 col-xl-5\">\r\n            <div class=\"image square\">\r\n              <img decoding=\"async\" width=\"768\" height=\"768\" src=\"https:\/\/www.libri.de\/wp-content\/uploads\/2025\/01\/Libri.Campus-live-2025-Wirtschaftlich-768x768.png\" class=\"attachment-medium_large size-medium_large\" alt=\"Libri.Campus live 2025 WIRTSCHAFTLICH\" srcset=\"https:\/\/www.libri.de\/wp-content\/uploads\/2025\/01\/Libri.Campus-live-2025-Wirtschaftlich-768x768.png 768w, https:\/\/www.libri.de\/wp-content\/uploads\/2025\/01\/Libri.Campus-live-2025-Wirtschaftlich-300x300.png 300w, https:\/\/www.libri.de\/wp-content\/uploads\/2025\/01\/Libri.Campus-live-2025-Wirtschaftlich-150x150.png 150w, https:\/\/www.libri.de\/wp-content\/uploads\/2025\/01\/Libri.Campus-live-2025-Wirtschaftlich.png 800w\" sizes=\"(max-width: 768px) 100vw, 768px\" \/>            <\/div>\r\n                      <\/div>\r\n\r\n          <div class=\"d-none d-xl-block col-2\"><\/div>\r\n\r\n        \r\n        <div class=\"col-12 col-md-6 col-xl-5\">\r\n\r\n          \r\n          <div class=\"text \">\r\n            <h2>Wirtschaftlich.<\/h2>\n<p>Kosten steigen, K\u00e4uferanzahl und Umsatz sinken &#8211; und so wird es immer wichtiger, sich wirtschaftlich stabil aufzustellen.<\/p>\n<p>Mit dem Blick auf die richtigen Zahlen k\u00f6nnen Buchhandlungen R\u00fcckschl\u00fcsse auf ihr Sortiment ziehen und Einkauf und Prozesse optimal ausrichten. Welche Kennzahlen k\u00f6nnen helfen, bewusster zu entscheiden und wirtschaftlich zu handeln?<\/p>\n          <\/div>\r\n\r\n          \r\n          \r\n        <\/div>\r\n        \r\n      <\/div>\r\n\r\n    \r\n  <\/div>\r\n<\/div>\r\n\r\n\n\n\r\n<div id=\"text-block_1a4340521a78b90be447209f526abe05\" class=\"block-text module type-text bc-green-2\">\r\n  <div class=\"container\">\r\n\r\n    \r\n      <div class=\"row \">\r\n\r\n        \r\n        <div class=\"col-12 col-md-10\">\r\n\r\n          \r\n          <div class=\"text for-box-js\">\r\n            <h3>Projektgruppe WIRTSCHAFTLICH<\/h3>\n<p>Vier Buchhandlungen, drei Workshops und eine Menge Input &#8211; diese Projektgruppe setzte sich intensiv mit den Fragen auseinander, welche Kennzahlen wichtig und relevant sind und welche Folgerungen sich ziehen lassen.<\/p>\n<p>Im Vorfeld der Projektgruppe hat das Libri-Vertriebsteam zahlreiche Kennzahlen zusammengetragen und diese anhand von Leitfragen auf Praxistauglichkeit gepr\u00fcft, u. a.:<\/p>\n<ul>\n<li>Was zeigt die Kennzahl mir?<\/li>\n<li>Warum sollte ich die Kennzahl betrachten?<\/li>\n<\/ul>\n<p>Begleitet wurde die Projektgruppe von Peter Maschke und Ronald Voigt, beide erfahrene Libri-Kundenberater, Bennet Callies aus dem Vertriebscontrolling und Caren Degen, Libri.Campus-Projektleiterin.<\/p>\n          <\/div>\r\n\r\n                      <div class=\"cta\">\r\n              <a \r\n                class=\"bttn-secondary icn-download\" \r\n                href=\"https:\/\/www.libri.de\/download\/78699\/?tmstv=1747117591\" \r\n                target=\"_self\"\r\n                >\r\n                Auszug Teilnahmeunterlagen              <\/a>\r\n            <\/div>\r\n          \r\n          \r\n        <\/div>\r\n        \r\n      <\/div>\r\n\r\n    \r\n  <\/div>\r\n<\/div>\r\n\r\n\n\n\r\n<div id=\"image-block_dcda5cc62cd7a3b4f2b91fe99da0df03\" class=\"block-image module type-default bc-green-2\">\r\n\r\n      <div class=\"container\">\r\n      <div class=\"row\">\r\n        <div class=\"col-12 col-md-10\">\r\n          \r\n          <div class=\"row\">\r\n\r\n                          <div class=\"col\">\r\n                <img decoding=\"async\" width=\"1024\" height=\"565\" src=\"https:\/\/www.libri.de\/wp-content\/uploads\/2025\/05\/LibriCampuslive2025-Projektgruppe-Wirtschaftlich-1650x910px-1024x565.jpg\" class=\"attachment-large size-large\" alt=\"Libri.Campus live 2025: Projektgruppe Wirtschaftlich\" srcset=\"https:\/\/www.libri.de\/wp-content\/uploads\/2025\/05\/LibriCampuslive2025-Projektgruppe-Wirtschaftlich-1650x910px-1024x565.jpg 1024w, https:\/\/www.libri.de\/wp-content\/uploads\/2025\/05\/LibriCampuslive2025-Projektgruppe-Wirtschaftlich-1650x910px-300x165.jpg 300w, https:\/\/www.libri.de\/wp-content\/uploads\/2025\/05\/LibriCampuslive2025-Projektgruppe-Wirtschaftlich-1650x910px-768x424.jpg 768w, https:\/\/www.libri.de\/wp-content\/uploads\/2025\/05\/LibriCampuslive2025-Projektgruppe-Wirtschaftlich-1650x910px-1536x847.jpg 1536w, https:\/\/www.libri.de\/wp-content\/uploads\/2025\/05\/LibriCampuslive2025-Projektgruppe-Wirtschaftlich-1650x910px.jpg 1650w\" sizes=\"(max-width: 1024px) 100vw, 1024px\" \/>              <\/div>\r\n                        \r\n            \r\n          <\/div>\r\n\r\n          <div class=\"row\">\r\n\r\n                          <div class=\"col caption\">\r\n                Anja M\u00fcnscher, Sara Vazquez und Wolfgang Kohler (v. l. n. r. \/ Silke Focken nicht im Bild)              <\/div>\r\n                        \r\n            \r\n          <\/div>\r\n\r\n        <\/div>\r\n      <\/div>\r\n    <\/div>\r\n\r\n   \r\n  \r\n<\/div>\r\n\r\n\n\n\r\n<div id=\"text-block_4c707223a8ed258ddf4492bd0b3184dd\" class=\"block-text module type-text bc-green-2\">\r\n  <div class=\"container\">\r\n\r\n    \r\n      <div class=\"row \">\r\n\r\n        \r\n        <div class=\"col-12 col-md-10\">\r\n\r\n          \r\n          <div class=\"text for-box-js\">\r\n            <p>Herzlichen Dank an diese Buchh\u00e4ndler*innen f\u00fcr ihr Engagement und ihre Offenheit, ihre Erkenntnisse zu Einkauf &amp; Bestand, Ladenpreisentwicklung und Deckungsbeitragsrechnung mit den Libri.Campus-Teilnehmenden zu teilen:<\/p>\n<p>Anja M\u00fcnscher | <a href=\"https:\/\/reinhard.buchhandlung.de\/shop\/\" target=\"_blank\" rel=\"noopener\">Buchhandlung Reinhard<\/a> in Gr\u00fcnberg<\/p>\n<p>Sara Vazquez | <a href=\"https:\/\/www.genialokal.de\/buchhandlung\/ruesselsheim\/kapitel43\/\" target=\"_blank\" rel=\"noopener\">Kapitel 43<\/a> in R\u00fcsselsheim<\/p>\n<p>Silke Focken | <a href=\"https:\/\/buecherwurm-braunschweig.buchhandlung.de\/shop\/\" target=\"_blank\" rel=\"noopener\">B\u00fccherwurm<\/a> in Braunschweig<\/p>\n<p>Wolfgang Kohler | <a href=\"https:\/\/kohler-online.buchkatalog.de\/\" target=\"_blank\" rel=\"noopener\">Buchhandlung Kohler<\/a> in Wunsiedel<\/p>\n          <\/div>\r\n\r\n          \r\n          \r\n        <\/div>\r\n        \r\n      <\/div>\r\n\r\n    \r\n  <\/div>\r\n<\/div>\r\n\r\n\n\n\r\n<div id=\"libri-shopline\" class=\"block-anchor\" data-title=\"Libri.Shopline\" >\r\n\r\n  <\/div>\r\n\r\n\n\n\r\n<div id=\"text-block_dc00faa7e6d3f3b762e4691535ae3563\" class=\"block-text module type-img-text bc-trans\">\r\n  <div class=\"container\">\r\n\r\n    \r\n      <div class=\"row \">\r\n\r\n        \r\n          <div class=\"col-12 col-md-6 col-xl-5\">\r\n            <div class=\"image square\">\r\n              <img decoding=\"async\" width=\"640\" height=\"640\" src=\"https:\/\/www.libri.de\/wp-content\/uploads\/2024\/09\/Eugenie-Triebel-2024.png\" class=\"attachment-medium_large size-medium_large\" alt=\"Eug\u00e9nie Triebel 2024\" srcset=\"https:\/\/www.libri.de\/wp-content\/uploads\/2024\/09\/Eugenie-Triebel-2024.png 640w, https:\/\/www.libri.de\/wp-content\/uploads\/2024\/09\/Eugenie-Triebel-2024-300x300.png 300w, https:\/\/www.libri.de\/wp-content\/uploads\/2024\/09\/Eugenie-Triebel-2024-150x150.png 150w\" sizes=\"(max-width: 640px) 100vw, 640px\" \/>            <\/div>\r\n                          <span class=\"caption\"> Eug\u00e9nie Triebel | Produktmanagerin<\/span>\r\n                      <\/div>\r\n\r\n          <div class=\"d-none d-xl-block col-1\"><\/div>\r\n\r\n        \r\n        <div class=\"col-12 col-md-6 col-xl-5\">\r\n\r\n          \r\n          <div class=\"text \">\r\n            <h3>Ihre Onlinepr\u00e4senz erfolgreich sichtbar machen<\/h3>\n<p>Parallel zu den Libri-F\u00fchrungen fand dieser Impuls zu Libri.Shopline im Wortreich gegen\u00fcber der Schilde-Halle statt.<\/p>\n<p>Zum Einstieg beleuchtete Eug\u00e9nie Triebel die Erfolgsfaktoren f\u00fcr mehr Sichtbarkeit: von essenziellen Grundlagen wie Markenidentit\u00e4t \u00fcber die unverwechselbare DNA Ihrer Buchhandlung (Sortiment, Team, \u2026) bis hin zu entscheidenden Vertrauenssignalen im E-Commerce. Und wie gestalten Sie eine sichere, transparente und \u00fcberzeugende Online-Pr\u00e4senz? Um den Aufwand realistisch einzusch\u00e4tzen, wurden verschiedene Abstufungen \u2013 von kleinen Optimierungen \u00fcber solide Basisarbeit bis hin zu professionellen, reichweitenstarken L\u00f6sungen betrachtet.<\/p>\n          <\/div>\r\n\r\n                      <div class=\"cta\">\r\n              <a \r\n                class=\"bttn-secondary icn-download\" \r\n                href=\"https:\/\/www.libri.de\/download\/78245\/?tmstv=1747118894\" \r\n                target=\"_self\"\r\n                >\r\n                Download Pr\u00e4sentation              <\/a>\r\n            <\/div>\r\n          \r\n          \r\n        <\/div>\r\n        \r\n      <\/div>\r\n\r\n    \r\n  <\/div>\r\n<\/div>\r\n\r\n\n\n\r\n<div id=\"text-block_d10b0b6473adb821988a58511f5d9288\" class=\"block-text module type-text bc-trans\">\r\n  <div class=\"container\">\r\n\r\n    \r\n      <div class=\"row \">\r\n\r\n        \r\n        <div class=\"col-12 col-md-10\">\r\n\r\n          \r\n          <div class=\"text for-box-js\">\r\n            <p>Ein weiteres Thema war das Barrierefreiheitsst\u00e4rkungsgesetz, das ab Juni 2025 gilt. Wie k\u00f6nnen Buchhandlungen die Anforderungen nicht nur erf\u00fcllen, sondern gezielt nutzen, um ihre Online-Aktivit\u00e4ten f\u00fcr alle Kund*innen noch zug\u00e4nglicher und attraktiver zu machen.<\/p>\n          <\/div>\r\n\r\n          \r\n                      <div class=\"cta\">\r\n              <a \r\n                class=\"bttn-secondary icn-redirect\" \r\n                href=\"https:\/\/support.libri.de\/de\/support\/solutions\/articles\/101000549775-shopline-barrierefreiheitsst%C3%A4rkungsgesetz-bfsg-\" \r\n                target=\"_self\"\r\n                >\r\n                Libri.Support: Barrierefreiheitsst\u00e4rkungsgesetz (BFSG)              <\/a>\r\n            <\/div>\r\n          \r\n        <\/div>\r\n        \r\n      <\/div>\r\n\r\n    \r\n  <\/div>\r\n<\/div>\r\n\r\n\n\n\r\n<div id=\"magazine-block_7abbc34a7ff88090621540061e296a6f\" class=\"block-magazine module bc-green-2\">\r\n  <div class=\"container\">\r\n\r\n    <div class=\"title d-md-flex justify-content-between align-items-end\">\r\n      <h2 class=\"h3\">Impulse aus dem Libri.Magazin<\/h2>\r\n      <a class=\"more-link\" href=\"https:\/\/www.libri.de\/de\/magazin\/\" target=\"_self\">Mehr entdecken &gt;<\/a>\r\n    <\/div>\r\n    \r\n    <div class=\"row\">\r\n\r\n      \r\n        <a class=\"col-md-4 post hover-zoom\" href=\"https:\/\/www.libri.de\/de\/magazin\/bookstore-crawl\/\" target=\"_self\">\r\n\r\n          <div class=\"image a-hover-zoom\"><img decoding=\"async\" width=\"768\" height=\"329\" src=\"https:\/\/www.libri.de\/wp-content\/uploads\/2026\/04\/2026_04_Bookstore_Crawl_1792x768px-1-768x329.png\" class=\"attachment-medium_large size-medium_large wp-post-image\" alt=\"Bookstore Crawl Hannover\" srcset=\"https:\/\/www.libri.de\/wp-content\/uploads\/2026\/04\/2026_04_Bookstore_Crawl_1792x768px-1-768x329.png 768w, https:\/\/www.libri.de\/wp-content\/uploads\/2026\/04\/2026_04_Bookstore_Crawl_1792x768px-1-300x129.png 300w, https:\/\/www.libri.de\/wp-content\/uploads\/2026\/04\/2026_04_Bookstore_Crawl_1792x768px-1-1024x439.png 1024w, https:\/\/www.libri.de\/wp-content\/uploads\/2026\/04\/2026_04_Bookstore_Crawl_1792x768px-1-1536x658.png 1536w, https:\/\/www.libri.de\/wp-content\/uploads\/2026\/04\/2026_04_Bookstore_Crawl_1792x768px-1.png 1792w\" sizes=\"(max-width: 768px) 100vw, 768px\" \/><\/div>\r\n          <div class=\"text\">\r\n            <span class=\"date\">\r\n              27.04.2026            <\/span><span class=\"reading-time\">Lesedauer 6 Min<\/span><span class=\"reading-time-mobile\">6 Min<\/span>\r\n            <h3 class=\"post-title h4\">Auf Schnitzeljagd im Buchrevier<\/h3>\r\n          <\/div>\r\n        <\/a>\r\n        \r\n      \r\n        <a class=\"col-md-4 post hover-zoom\" href=\"https:\/\/www.libri.de\/de\/magazin\/inspired-by-newcomer-das-literatourcafe\/\" target=\"_self\">\r\n\r\n          <div class=\"image a-hover-zoom\"><img decoding=\"async\" width=\"768\" height=\"329\" src=\"https:\/\/www.libri.de\/wp-content\/uploads\/2026\/04\/Header_ChristinaNjehu_1792x768px-768x329.jpg\" class=\"attachment-medium_large size-medium_large wp-post-image\" alt=\"Buchh\u00e4ndlerin Christina Njehu vom Literatourcaf\u00e9 sitzt auf einem t\u00fcrkisfarbenen Sessel in einem gem\u00fctlichen Raum mit roten W\u00e4nden und h\u00e4lt ein ge\u00f6ffnetes Buch. Neben ihr steht ein kleiner Tisch mit einer Zimmerpflanze darauf. Im Hintergrund sind B\u00fccherregale zu sehen.\" srcset=\"https:\/\/www.libri.de\/wp-content\/uploads\/2026\/04\/Header_ChristinaNjehu_1792x768px-768x329.jpg 768w, https:\/\/www.libri.de\/wp-content\/uploads\/2026\/04\/Header_ChristinaNjehu_1792x768px-300x129.jpg 300w, https:\/\/www.libri.de\/wp-content\/uploads\/2026\/04\/Header_ChristinaNjehu_1792x768px-1024x439.jpg 1024w, https:\/\/www.libri.de\/wp-content\/uploads\/2026\/04\/Header_ChristinaNjehu_1792x768px-1536x658.jpg 1536w, https:\/\/www.libri.de\/wp-content\/uploads\/2026\/04\/Header_ChristinaNjehu_1792x768px.jpg 1792w\" sizes=\"(max-width: 768px) 100vw, 768px\" \/><\/div>\r\n          <div class=\"text\">\r\n            <span class=\"date\">\r\n              13.04.2026            <\/span><span class=\"reading-time\">Lesedauer 3 Min<\/span><span class=\"reading-time-mobile\">3 Min<\/span>\r\n            <h3 class=\"post-title h4\">Inspired by Newcomer: Das Literatourcaf\u00e9<\/h3>\r\n          <\/div>\r\n        <\/a>\r\n        \r\n      \r\n        <a class=\"col-md-4 post hover-zoom\" href=\"https:\/\/www.libri.de\/de\/magazin\/dem-buchhandels-traum-auf-die-spruenge-helfen\/\" target=\"_self\">\r\n\r\n          <div class=\"image a-hover-zoom\"><img decoding=\"async\" width=\"768\" height=\"363\" src=\"https:\/\/www.libri.de\/wp-content\/uploads\/2026\/03\/Banner-Magazin-Beitrag-768x363.png\" class=\"attachment-medium_large size-medium_large wp-post-image\" alt=\"Innenansicht einer einladenden Buchhandlung mit der Besitzerin am t\u00fcrkisfarbenen Verkaufstresen, darauf B\u00fccher und Postkarten. Regale voller B\u00fccher und Pflanzen schm\u00fccken den Raum, der helle, moderne Einrichtung und dekorative Beleuchtung bietet. Ein Einblick in die Vielfalt und Kreativit\u00e4t der Buchhandlung.\" srcset=\"https:\/\/www.libri.de\/wp-content\/uploads\/2026\/03\/Banner-Magazin-Beitrag-768x363.png 768w, https:\/\/www.libri.de\/wp-content\/uploads\/2026\/03\/Banner-Magazin-Beitrag-300x142.png 300w, https:\/\/www.libri.de\/wp-content\/uploads\/2026\/03\/Banner-Magazin-Beitrag-1024x484.png 1024w, https:\/\/www.libri.de\/wp-content\/uploads\/2026\/03\/Banner-Magazin-Beitrag-1536x726.png 1536w, https:\/\/www.libri.de\/wp-content\/uploads\/2026\/03\/Banner-Magazin-Beitrag.png 1988w\" sizes=\"(max-width: 768px) 100vw, 768px\" \/><\/div>\r\n          <div class=\"text\">\r\n            <span class=\"date\">\r\n              25.03.2026            <\/span><span class=\"reading-time\">Lesedauer 5 Min<\/span><span class=\"reading-time-mobile\">5 Min<\/span>\r\n            <h3 class=\"post-title h4\">Dem Buchhandels-Traum auf die Spr\u00fcnge helfen<\/h3>\r\n          <\/div>\r\n        <\/a>\r\n        \r\n          <\/div>\r\n\r\n  <\/div>\r\n<\/div>\r\n\r\n","protected":false},"excerpt":{"rendered":"<p>Wie k\u00f6nnen Buchhandlungen sichtbarer werden?<br \/>\nWas macht Inhaber*innen und ihre Teams stark?<br \/>\nUnd welche Zahlen helfen, wirtschaftlich zu handeln? <\/p>\n<p>Dies waren die zentralen Fragestellungen auf dem diesj\u00e4hrigen Libri.Campus live.<\/p>\n","protected":false},"author":5,"featured_media":76386,"template":"","event_type":[103],"event_topic":[],"class_list":["post-78569","event","type-event","status-publish","has-post-thumbnail","hentry","event_type-libri-campus-live"],"acf":[],"yoast_head":"<!-- This site is optimized with the Yoast SEO plugin v27.0 - https:\/\/yoast.com\/product\/yoast-seo-wordpress\/ -->\n<title>Libri.Campus live 2025 | Libri GmbH<\/title>\n<meta name=\"description\" content=\"Mehr als 190 Buchh\u00e4ndler*innen kamen am 8.\/9 Mai 2025 zum Libri.Campus live. Sichtbarkeit, Teamst\u00e4rke und Wirtschaftlichkeit standen im Fokus.\" \/>\n<meta name=\"robots\" content=\"index, follow, max-snippet:-1, max-image-preview:large, max-video-preview:-1\" \/>\n<link rel=\"canonical\" href=\"https:\/\/www.libri.de\/de\/veranstaltungen\/libri-campus-live-2025\/\" \/>\n<meta property=\"og:locale\" content=\"de_DE\" \/>\n<meta property=\"og:type\" content=\"article\" \/>\n<meta property=\"og:title\" content=\"Libri.Campus live 2025 | Libri GmbH\" \/>\n<meta property=\"og:description\" content=\"Mehr als 190 Buchh\u00e4ndler*innen kamen am 8.\/9 Mai 2025 zum Libri.Campus live. Sichtbarkeit, Teamst\u00e4rke und Wirtschaftlichkeit standen im Fokus.\" \/>\n<meta property=\"og:url\" content=\"https:\/\/www.libri.de\/de\/veranstaltungen\/libri-campus-live-2025\/\" \/>\n<meta property=\"og:site_name\" content=\"Libri GmbH\" \/>\n<meta property=\"article:publisher\" content=\"https:\/\/www.facebook.com\/libribarsortiment\" \/>\n<meta property=\"article:modified_time\" content=\"2025-11-14T15:09:15+00:00\" \/>\n<meta property=\"og:image\" content=\"https:\/\/www.libri.de\/wp-content\/uploads\/2025\/01\/Libri.Campus-live-2025-810x810px.gif\" \/>\n\t<meta property=\"og:image:width\" content=\"810\" \/>\n\t<meta property=\"og:image:height\" content=\"810\" \/>\n\t<meta property=\"og:image:type\" content=\"image\/gif\" \/>\n<meta name=\"twitter:card\" content=\"summary_large_image\" \/>\n<meta name=\"twitter:label1\" content=\"Gesch\u00e4tzte Lesezeit\" \/>\n\t<meta name=\"twitter:data1\" content=\"1\u00a0Minute\" \/>\n<script type=\"application\/ld+json\" class=\"yoast-schema-graph\">{\"@context\":\"https:\/\/schema.org\",\"@graph\":[{\"@type\":\"WebPage\",\"@id\":\"https:\/\/www.libri.de\/de\/veranstaltungen\/libri-campus-live-2025\/\",\"url\":\"https:\/\/www.libri.de\/de\/veranstaltungen\/libri-campus-live-2025\/\",\"name\":\"Libri.Campus live 2025 | Libri GmbH\",\"isPartOf\":{\"@id\":\"https:\/\/www.libri.de\/fr\/#website\"},\"primaryImageOfPage\":{\"@id\":\"https:\/\/www.libri.de\/de\/veranstaltungen\/libri-campus-live-2025\/#primaryimage\"},\"image\":{\"@id\":\"https:\/\/www.libri.de\/de\/veranstaltungen\/libri-campus-live-2025\/#primaryimage\"},\"thumbnailUrl\":\"https:\/\/www.libri.de\/wp-content\/uploads\/2025\/01\/Libri.Campus-live-2025-810x810px.gif\",\"datePublished\":\"2025-05-14T06:17:01+00:00\",\"dateModified\":\"2025-11-14T15:09:15+00:00\",\"description\":\"Mehr als 190 Buchh\u00e4ndler*innen kamen am 8.\/9 Mai 2025 zum Libri.Campus live. Sichtbarkeit, Teamst\u00e4rke und Wirtschaftlichkeit standen im Fokus.\",\"breadcrumb\":{\"@id\":\"https:\/\/www.libri.de\/de\/veranstaltungen\/libri-campus-live-2025\/#breadcrumb\"},\"inLanguage\":\"de\",\"potentialAction\":[{\"@type\":\"ReadAction\",\"target\":[\"https:\/\/www.libri.de\/de\/veranstaltungen\/libri-campus-live-2025\/\"]}]},{\"@type\":\"ImageObject\",\"inLanguage\":\"de\",\"@id\":\"https:\/\/www.libri.de\/de\/veranstaltungen\/libri-campus-live-2025\/#primaryimage\",\"url\":\"https:\/\/www.libri.de\/wp-content\/uploads\/2025\/01\/Libri.Campus-live-2025-810x810px.gif\",\"contentUrl\":\"https:\/\/www.libri.de\/wp-content\/uploads\/2025\/01\/Libri.Campus-live-2025-810x810px.gif\",\"width\":810,\"height\":810,\"caption\":\"Libri.Campus live 2025 - Keyvisual\"},{\"@type\":\"BreadcrumbList\",\"@id\":\"https:\/\/www.libri.de\/de\/veranstaltungen\/libri-campus-live-2025\/#breadcrumb\",\"itemListElement\":[{\"@type\":\"ListItem\",\"position\":1,\"name\":\"Start\",\"item\":\"https:\/\/www.libri.de\/de\/\"},{\"@type\":\"ListItem\",\"position\":2,\"name\":\"Libri.Campus live 2025\"}]},{\"@type\":\"WebSite\",\"@id\":\"https:\/\/www.libri.de\/fr\/#website\",\"url\":\"https:\/\/www.libri.de\/fr\/\",\"name\":\"Libri GmbH\",\"description\":\"Barsortiment und Gro\u00dfhandel f\u00fcr B\u00fccher und andere Medien\",\"publisher\":{\"@id\":\"https:\/\/www.libri.de\/fr\/#organization\"},\"potentialAction\":[{\"@type\":\"SearchAction\",\"target\":{\"@type\":\"EntryPoint\",\"urlTemplate\":\"https:\/\/www.libri.de\/fr\/?s={search_term_string}\"},\"query-input\":{\"@type\":\"PropertyValueSpecification\",\"valueRequired\":true,\"valueName\":\"search_term_string\"}}],\"inLanguage\":\"de\"},{\"@type\":\"Organization\",\"@id\":\"https:\/\/www.libri.de\/fr\/#organization\",\"name\":\"Libri\",\"url\":\"https:\/\/www.libri.de\/fr\/\",\"logo\":{\"@type\":\"ImageObject\",\"inLanguage\":\"de\",\"@id\":\"https:\/\/www.libri.de\/fr\/#\/schema\/logo\/image\/\",\"url\":\"https:\/\/188.64.195.32\/wp-content\/uploads\/2022\/04\/libri_logo-1.jpg\",\"contentUrl\":\"https:\/\/188.64.195.32\/wp-content\/uploads\/2022\/04\/libri_logo-1.jpg\",\"width\":2000,\"height\":1000,\"caption\":\"Libri\"},\"image\":{\"@id\":\"https:\/\/www.libri.de\/fr\/#\/schema\/logo\/image\/\"},\"sameAs\":[\"https:\/\/www.facebook.com\/libribarsortiment\",\"https:\/\/www.instagram.com\/libri.barsortiment\",\"https:\/\/www.linkedin.com\/company\/libri-gmbh\"]}]}<\/script>\n<!-- \/ Yoast SEO plugin. -->","yoast_head_json":{"title":"Libri.Campus live 2025 | Libri GmbH","description":"Mehr als 190 Buchh\u00e4ndler*innen kamen am 8.\/9 Mai 2025 zum Libri.Campus live. Sichtbarkeit, Teamst\u00e4rke und Wirtschaftlichkeit standen im Fokus.","robots":{"index":"index","follow":"follow","max-snippet":"max-snippet:-1","max-image-preview":"max-image-preview:large","max-video-preview":"max-video-preview:-1"},"canonical":"https:\/\/www.libri.de\/de\/veranstaltungen\/libri-campus-live-2025\/","og_locale":"de_DE","og_type":"article","og_title":"Libri.Campus live 2025 | Libri GmbH","og_description":"Mehr als 190 Buchh\u00e4ndler*innen kamen am 8.\/9 Mai 2025 zum Libri.Campus live. Sichtbarkeit, Teamst\u00e4rke und Wirtschaftlichkeit standen im Fokus.","og_url":"https:\/\/www.libri.de\/de\/veranstaltungen\/libri-campus-live-2025\/","og_site_name":"Libri GmbH","article_publisher":"https:\/\/www.facebook.com\/libribarsortiment","article_modified_time":"2025-11-14T15:09:15+00:00","og_image":[{"width":810,"height":810,"url":"https:\/\/www.libri.de\/wp-content\/uploads\/2025\/01\/Libri.Campus-live-2025-810x810px.gif","type":"image\/gif"}],"twitter_card":"summary_large_image","twitter_misc":{"Gesch\u00e4tzte Lesezeit":"1\u00a0Minute"},"schema":{"@context":"https:\/\/schema.org","@graph":[{"@type":"WebPage","@id":"https:\/\/www.libri.de\/de\/veranstaltungen\/libri-campus-live-2025\/","url":"https:\/\/www.libri.de\/de\/veranstaltungen\/libri-campus-live-2025\/","name":"Libri.Campus live 2025 | Libri GmbH","isPartOf":{"@id":"https:\/\/www.libri.de\/fr\/#website"},"primaryImageOfPage":{"@id":"https:\/\/www.libri.de\/de\/veranstaltungen\/libri-campus-live-2025\/#primaryimage"},"image":{"@id":"https:\/\/www.libri.de\/de\/veranstaltungen\/libri-campus-live-2025\/#primaryimage"},"thumbnailUrl":"https:\/\/www.libri.de\/wp-content\/uploads\/2025\/01\/Libri.Campus-live-2025-810x810px.gif","datePublished":"2025-05-14T06:17:01+00:00","dateModified":"2025-11-14T15:09:15+00:00","description":"Mehr als 190 Buchh\u00e4ndler*innen kamen am 8.\/9 Mai 2025 zum Libri.Campus live. Sichtbarkeit, Teamst\u00e4rke und Wirtschaftlichkeit standen im Fokus.","breadcrumb":{"@id":"https:\/\/www.libri.de\/de\/veranstaltungen\/libri-campus-live-2025\/#breadcrumb"},"inLanguage":"de","potentialAction":[{"@type":"ReadAction","target":["https:\/\/www.libri.de\/de\/veranstaltungen\/libri-campus-live-2025\/"]}]},{"@type":"ImageObject","inLanguage":"de","@id":"https:\/\/www.libri.de\/de\/veranstaltungen\/libri-campus-live-2025\/#primaryimage","url":"https:\/\/www.libri.de\/wp-content\/uploads\/2025\/01\/Libri.Campus-live-2025-810x810px.gif","contentUrl":"https:\/\/www.libri.de\/wp-content\/uploads\/2025\/01\/Libri.Campus-live-2025-810x810px.gif","width":810,"height":810,"caption":"Libri.Campus live 2025 - Keyvisual"},{"@type":"BreadcrumbList","@id":"https:\/\/www.libri.de\/de\/veranstaltungen\/libri-campus-live-2025\/#breadcrumb","itemListElement":[{"@type":"ListItem","position":1,"name":"Start","item":"https:\/\/www.libri.de\/de\/"},{"@type":"ListItem","position":2,"name":"Libri.Campus live 2025"}]},{"@type":"WebSite","@id":"https:\/\/www.libri.de\/fr\/#website","url":"https:\/\/www.libri.de\/fr\/","name":"Libri GmbH","description":"Barsortiment und Gro\u00dfhandel f\u00fcr B\u00fccher und andere Medien","publisher":{"@id":"https:\/\/www.libri.de\/fr\/#organization"},"potentialAction":[{"@type":"SearchAction","target":{"@type":"EntryPoint","urlTemplate":"https:\/\/www.libri.de\/fr\/?s={search_term_string}"},"query-input":{"@type":"PropertyValueSpecification","valueRequired":true,"valueName":"search_term_string"}}],"inLanguage":"de"},{"@type":"Organization","@id":"https:\/\/www.libri.de\/fr\/#organization","name":"Libri","url":"https:\/\/www.libri.de\/fr\/","logo":{"@type":"ImageObject","inLanguage":"de","@id":"https:\/\/www.libri.de\/fr\/#\/schema\/logo\/image\/","url":"https:\/\/188.64.195.32\/wp-content\/uploads\/2022\/04\/libri_logo-1.jpg","contentUrl":"https:\/\/188.64.195.32\/wp-content\/uploads\/2022\/04\/libri_logo-1.jpg","width":2000,"height":1000,"caption":"Libri"},"image":{"@id":"https:\/\/www.libri.de\/fr\/#\/schema\/logo\/image\/"},"sameAs":["https:\/\/www.facebook.com\/libribarsortiment","https:\/\/www.instagram.com\/libri.barsortiment","https:\/\/www.linkedin.com\/company\/libri-gmbh"]}]}},"_links":{"self":[{"href":"https:\/\/www.libri.de\/de\/wp-json\/wp\/v2\/event\/78569","targetHints":{"allow":["GET"]}}],"collection":[{"href":"https:\/\/www.libri.de\/de\/wp-json\/wp\/v2\/event"}],"about":[{"href":"https:\/\/www.libri.de\/de\/wp-json\/wp\/v2\/types\/event"}],"author":[{"embeddable":true,"href":"https:\/\/www.libri.de\/de\/wp-json\/wp\/v2\/users\/5"}],"wp:featuredmedia":[{"embeddable":true,"href":"https:\/\/www.libri.de\/de\/wp-json\/wp\/v2\/media\/76386"}],"wp:attachment":[{"href":"https:\/\/www.libri.de\/de\/wp-json\/wp\/v2\/media?parent=78569"}],"wp:term":[{"taxonomy":"event_type","embeddable":true,"href":"https:\/\/www.libri.de\/de\/wp-json\/wp\/v2\/event_type?post=78569"},{"taxonomy":"event_topic","embeddable":true,"href":"https:\/\/www.libri.de\/de\/wp-json\/wp\/v2\/event_topic?post=78569"}],"curies":[{"name":"wp","href":"https:\/\/api.w.org\/{rel}","templated":true}]}}